{"id":490,"date":"2018-06-04T09:00:42","date_gmt":"2018-06-04T07:00:42","guid":{"rendered":"http:\/\/www.ruche-cantalienne.durdu.fr\/?page_id=490"},"modified":"2024-05-13T11:18:20","modified_gmt":"2024-05-13T09:18:20","slug":"petit-dejeuner","status":"publish","type":"page","link":"https:\/\/www.ruche-cantalienne.durdu.fr\/index.php\/petit-dejeuner\/","title":{"rendered":"Petit-d\u00e9jeuner"},"content":{"rendered":"<p class=\"Corps\"><span style=\"font-size: 20px;\">Nous vous servirons un petit d\u00e9jeuner copieux rempli de gourmandises comme des confitures maison,\u00a0 du miel de notre producteur local, des yaourts et fromage blanc du producteur du village,\u00a0 du pain frais, brioche maison,\u00a0 jus d&rsquo;orange frais,\u00a0 mais aussi des boissons comme du lait, du caf\u00e9, du th\u00e9, du chocolat chaud.<\/span><\/p>\n<p class=\"Corps\"><span style=\"font-size: 20px;\">De quoi vous r\u00e9galer et vous mettre en forme pour la journ\u00e9e !<\/span><\/p>\n<p class=\"Corps\"><span style=\"font-size: 20px;\">Horaire du petit d\u00e9jeuner : de 8H30 \u00e0 10H\u00a0<\/span><\/p>\n\n\n<figure class=\"wp-block-image\"><img data-recalc-dims=\"1\" loading=\"lazy\" decoding=\"async\" width=\"900\" height=\"508\" data-attachment-id=\"818\" data-permalink=\"https:\/\/www.ruche-cantalienne.durdu.fr\/dsc_0530\/\" data-orig-file=\"https:\/\/i0.wp.com\/www.ruche-cantalienne.durdu.fr\/wp-content\/uploads\/2018\/12\/DSC_0530.jpg?fit=5984%2C3376&amp;ssl=1\" data-orig-size=\"5984,3376\" data-comments-opened=\"0\" data-image-meta=\"{&quot;aperture&quot;:&quot;2&quot;,&quot;credit&quot;:&quot;&quot;,&quot;camera&quot;:&quot;G3121&quot;,&quot;caption&quot;:&quot;&quot;,&quot;created_timestamp&quot;:&quot;1540538966&quot;,&quot;copyright&quot;:&quot;&quot;,&quot;focal_length&quot;:&quot;4.22&quot;,&quot;iso&quot;:&quot;800&quot;,&quot;shutter_speed&quot;:&quot;0.030006&quot;,&quot;title&quot;:&quot;&quot;,&quot;orientation&quot;:&quot;1&quot;}\" data-image-title=\"Table petit d\u00e9jeuner\" data-image-description=\"\" data-image-caption=\"&lt;p&gt;Table de petit-d\u00e9jeuner &lt;\/p&gt;\n\" data-large-file=\"https:\/\/i0.wp.com\/www.ruche-cantalienne.durdu.fr\/wp-content\/uploads\/2018\/12\/DSC_0530.jpg?fit=900%2C508&amp;ssl=1\" src=\"https:\/\/i0.wp.com\/www.ruche-cantalienne.durdu.fr\/wp-content\/uploads\/2018\/12\/DSC_0530.jpg?resize=900%2C508&#038;ssl=1\" alt=\"\" class=\"wp-image-818\" srcset=\"https:\/\/i0.wp.com\/www.ruche-cantalienne.durdu.fr\/wp-content\/uploads\/2018\/12\/DSC_0530.jpg?resize=1024%2C578&amp;ssl=1 1024w, https:\/\/i0.wp.com\/www.ruche-cantalienne.durdu.fr\/wp-content\/uploads\/2018\/12\/DSC_0530.jpg?resize=200%2C113&amp;ssl=1 200w, https:\/\/i0.wp.com\/www.ruche-cantalienne.durdu.fr\/wp-content\/uploads\/2018\/12\/DSC_0530.jpg?resize=768%2C433&amp;ssl=1 768w, https:\/\/i0.wp.com\/www.ruche-cantalienne.durdu.fr\/wp-content\/uploads\/2018\/12\/DSC_0530.jpg?w=1800&amp;ssl=1 1800w, https:\/\/i0.wp.com\/www.ruche-cantalienne.durdu.fr\/wp-content\/uploads\/2018\/12\/DSC_0530.jpg?w=2700&amp;ssl=1 2700w\" sizes=\"auto, (max-width: 900px) 100vw, 900px\" \/><figcaption class=\"wp-element-caption\">Table de petit-d\u00e9jeuner <\/figcaption><\/figure>\n","protected":false},"excerpt":{"rendered":"<p>Nous vous servirons un petit d\u00e9jeuner copieux rempli de gourmandises comme des confitures maison,\u00a0 du miel de notre producteur local, des yaourts et fromage blanc du producteur du village,\u00a0 du pain frais, brioche maison,\u00a0 jus d&rsquo;orange frais,\u00a0 mais aussi des &hellip;<\/p>\n<p><a href=\"https:\/\/www.ruche-cantalienne.durdu.fr\/index.php\/petit-dejeuner\/\">Continue Reading<span class=\"meta-nav\">&rarr;<\/span><\/a><\/p>\n","protected":false},"author":3,"featured_media":0,"parent":0,"menu_order":0,"comment_status":"closed","ping_status":"closed","template":"","meta":{"_exactmetrics_skip_tracking":false,"_exactmetrics_sitenote_active":false,"_exactmetrics_sitenote_note":"","_exactmetrics_sitenote_category":0,"_uf_show_specific_survey":0,"_uf_disable_surveys":false,"jetpack_post_was_ever_published":false,"footnotes":""},"class_list":["post-490","page","type-page","status-publish","hentry"],"yoast_head":"<!-- This site is optimized with the Yoast SEO plugin v27.5 - https:\/\/yoast.com\/product\/yoast-seo-wordpress\/ -->\n<title>Petit-d\u00e9jeuner - La Ruche Cantalienne<\/title>\n<meta name=\"robots\" content=\"index, follow, max-snippet:-1, max-image-preview:large, max-video-preview:-1\" \/>\n<link rel=\"canonical\" href=\"https:\/\/www.ruche-cantalienne.durdu.fr\/index.php\/petit-dejeuner\/\" \/>\n<meta property=\"og:locale\" content=\"fr_FR\" \/>\n<meta property=\"og:type\" content=\"article\" \/>\n<meta property=\"og:title\" content=\"Petit-d\u00e9jeuner - La Ruche Cantalienne\" \/>\n<meta property=\"og:description\" content=\"Nous vous servirons un petit d\u00e9jeuner copieux rempli de gourmandises comme des confitures maison,\u00a0 du miel de notre producteur local, des yaourts et fromage blanc du producteur du village,\u00a0 du pain frais, brioche maison,\u00a0 jus d&rsquo;orange frais,\u00a0 mais aussi des &hellip;Continue Reading&rarr;\" \/>\n<meta property=\"og:url\" content=\"https:\/\/www.ruche-cantalienne.durdu.fr\/index.php\/petit-dejeuner\/\" \/>\n<meta property=\"og:site_name\" content=\"La Ruche Cantalienne\" \/>\n<meta property=\"article:publisher\" content=\"https:\/\/www.facebook.com\/RucheCantalienne15400?locale=fr_FR\" \/>\n<meta property=\"article:modified_time\" content=\"2024-05-13T09:18:20+00:00\" \/>\n<meta property=\"og:image\" content=\"http:\/\/www.ruche-cantalienne.durdu.fr\/wp-content\/uploads\/2018\/12\/DSC_0530-1024x578.jpg\" \/>\n<meta name=\"twitter:card\" content=\"summary_large_image\" \/>\n<script type=\"application\/ld+json\" class=\"yoast-schema-graph\">{\"@context\":\"https:\\\/\\\/schema.org\",\"@graph\":[{\"@type\":\"WebPage\",\"@id\":\"https:\\\/\\\/www.ruche-cantalienne.durdu.fr\\\/index.php\\\/petit-dejeuner\\\/\",\"url\":\"https:\\\/\\\/www.ruche-cantalienne.durdu.fr\\\/index.php\\\/petit-dejeuner\\\/\",\"name\":\"Petit-d\u00e9jeuner - La Ruche Cantalienne\",\"isPartOf\":{\"@id\":\"https:\\\/\\\/www.ruche-cantalienne.durdu.fr\\\/#website\"},\"primaryImageOfPage\":{\"@id\":\"https:\\\/\\\/www.ruche-cantalienne.durdu.fr\\\/index.php\\\/petit-dejeuner\\\/#primaryimage\"},\"image\":{\"@id\":\"https:\\\/\\\/www.ruche-cantalienne.durdu.fr\\\/index.php\\\/petit-dejeuner\\\/#primaryimage\"},\"thumbnailUrl\":\"http:\\\/\\\/www.ruche-cantalienne.durdu.fr\\\/wp-content\\\/uploads\\\/2018\\\/12\\\/DSC_0530-1024x578.jpg\",\"datePublished\":\"2018-06-04T07:00:42+00:00\",\"dateModified\":\"2024-05-13T09:18:20+00:00\",\"breadcrumb\":{\"@id\":\"https:\\\/\\\/www.ruche-cantalienne.durdu.fr\\\/index.php\\\/petit-dejeuner\\\/#breadcrumb\"},\"inLanguage\":\"fr-FR\",\"potentialAction\":[{\"@type\":\"ReadAction\",\"target\":[\"https:\\\/\\\/www.ruche-cantalienne.durdu.fr\\\/index.php\\\/petit-dejeuner\\\/\"]}]},{\"@type\":\"ImageObject\",\"inLanguage\":\"fr-FR\",\"@id\":\"https:\\\/\\\/www.ruche-cantalienne.durdu.fr\\\/index.php\\\/petit-dejeuner\\\/#primaryimage\",\"url\":\"http:\\\/\\\/www.ruche-cantalienne.durdu.fr\\\/wp-content\\\/uploads\\\/2018\\\/12\\\/DSC_0530-1024x578.jpg\",\"contentUrl\":\"http:\\\/\\\/www.ruche-cantalienne.durdu.fr\\\/wp-content\\\/uploads\\\/2018\\\/12\\\/DSC_0530-1024x578.jpg\"},{\"@type\":\"BreadcrumbList\",\"@id\":\"https:\\\/\\\/www.ruche-cantalienne.durdu.fr\\\/index.php\\\/petit-dejeuner\\\/#breadcrumb\",\"itemListElement\":[{\"@type\":\"ListItem\",\"position\":1,\"name\":\"Accueil\",\"item\":\"https:\\\/\\\/www.ruche-cantalienne.durdu.fr\\\/\"},{\"@type\":\"ListItem\",\"position\":2,\"name\":\"Petit-d\u00e9jeuner\"}]},{\"@type\":\"WebSite\",\"@id\":\"https:\\\/\\\/www.ruche-cantalienne.durdu.fr\\\/#website\",\"url\":\"https:\\\/\\\/www.ruche-cantalienne.durdu.fr\\\/\",\"name\":\"La Ruche Cantalienne Chambres d'hotes des volcans d'Auvergne Cantal\",\"description\":\"Chambres D&#039;Hotes &quot;Cantal, Volcans d&#039;Auvergne&quot;\",\"publisher\":{\"@id\":\"https:\\\/\\\/www.ruche-cantalienne.durdu.fr\\\/#organization\"},\"potentialAction\":[{\"@type\":\"SearchAction\",\"target\":{\"@type\":\"EntryPoint\",\"urlTemplate\":\"https:\\\/\\\/www.ruche-cantalienne.durdu.fr\\\/?s={search_term_string}\"},\"query-input\":{\"@type\":\"PropertyValueSpecification\",\"valueRequired\":true,\"valueName\":\"search_term_string\"}}],\"inLanguage\":\"fr-FR\"},{\"@type\":\"Organization\",\"@id\":\"https:\\\/\\\/www.ruche-cantalienne.durdu.fr\\\/#organization\",\"name\":\"La Ruche Cantalienne\",\"url\":\"https:\\\/\\\/www.ruche-cantalienne.durdu.fr\\\/\",\"logo\":{\"@type\":\"ImageObject\",\"inLanguage\":\"fr-FR\",\"@id\":\"https:\\\/\\\/www.ruche-cantalienne.durdu.fr\\\/#\\\/schema\\\/logo\\\/image\\\/\",\"url\":\"https:\\\/\\\/i0.wp.com\\\/www.ruche-cantalienne.durdu.fr\\\/wp-content\\\/uploads\\\/2021\\\/04\\\/cropped-IMG_20210424_163146-scaled-e1619296500126.jpg?fit=1044%2C977&ssl=1\",\"contentUrl\":\"https:\\\/\\\/i0.wp.com\\\/www.ruche-cantalienne.durdu.fr\\\/wp-content\\\/uploads\\\/2021\\\/04\\\/cropped-IMG_20210424_163146-scaled-e1619296500126.jpg?fit=1044%2C977&ssl=1\",\"width\":1044,\"height\":977,\"caption\":\"La Ruche Cantalienne\"},\"image\":{\"@id\":\"https:\\\/\\\/www.ruche-cantalienne.durdu.fr\\\/#\\\/schema\\\/logo\\\/image\\\/\"},\"sameAs\":[\"https:\\\/\\\/www.facebook.com\\\/RucheCantalienne15400?locale=fr_FR\"]}]}<\/script>\n<!-- \/ Yoast SEO plugin. -->","yoast_head_json":{"title":"Petit-d\u00e9jeuner - La Ruche Cantalienne","robots":{"index":"index","follow":"follow","max-snippet":"max-snippet:-1","max-image-preview":"max-image-preview:large","max-video-preview":"max-video-preview:-1"},"canonical":"https:\/\/www.ruche-cantalienne.durdu.fr\/index.php\/petit-dejeuner\/","og_locale":"fr_FR","og_type":"article","og_title":"Petit-d\u00e9jeuner - La Ruche Cantalienne","og_description":"Nous vous servirons un petit d\u00e9jeuner copieux rempli de gourmandises comme des confitures maison,\u00a0 du miel de notre producteur local, des yaourts et fromage blanc du producteur du village,\u00a0 du pain frais, brioche maison,\u00a0 jus d&rsquo;orange frais,\u00a0 mais aussi des &hellip;Continue Reading&rarr;","og_url":"https:\/\/www.ruche-cantalienne.durdu.fr\/index.php\/petit-dejeuner\/","og_site_name":"La Ruche Cantalienne","article_publisher":"https:\/\/www.facebook.com\/RucheCantalienne15400?locale=fr_FR","article_modified_time":"2024-05-13T09:18:20+00:00","og_image":[{"url":"http:\/\/www.ruche-cantalienne.durdu.fr\/wp-content\/uploads\/2018\/12\/DSC_0530-1024x578.jpg","type":"","width":"","height":""}],"twitter_card":"summary_large_image","schema":{"@context":"https:\/\/schema.org","@graph":[{"@type":"WebPage","@id":"https:\/\/www.ruche-cantalienne.durdu.fr\/index.php\/petit-dejeuner\/","url":"https:\/\/www.ruche-cantalienne.durdu.fr\/index.php\/petit-dejeuner\/","name":"Petit-d\u00e9jeuner - La Ruche Cantalienne","isPartOf":{"@id":"https:\/\/www.ruche-cantalienne.durdu.fr\/#website"},"primaryImageOfPage":{"@id":"https:\/\/www.ruche-cantalienne.durdu.fr\/index.php\/petit-dejeuner\/#primaryimage"},"image":{"@id":"https:\/\/www.ruche-cantalienne.durdu.fr\/index.php\/petit-dejeuner\/#primaryimage"},"thumbnailUrl":"http:\/\/www.ruche-cantalienne.durdu.fr\/wp-content\/uploads\/2018\/12\/DSC_0530-1024x578.jpg","datePublished":"2018-06-04T07:00:42+00:00","dateModified":"2024-05-13T09:18:20+00:00","breadcrumb":{"@id":"https:\/\/www.ruche-cantalienne.durdu.fr\/index.php\/petit-dejeuner\/#breadcrumb"},"inLanguage":"fr-FR","potentialAction":[{"@type":"ReadAction","target":["https:\/\/www.ruche-cantalienne.durdu.fr\/index.php\/petit-dejeuner\/"]}]},{"@type":"ImageObject","inLanguage":"fr-FR","@id":"https:\/\/www.ruche-cantalienne.durdu.fr\/index.php\/petit-dejeuner\/#primaryimage","url":"http:\/\/www.ruche-cantalienne.durdu.fr\/wp-content\/uploads\/2018\/12\/DSC_0530-1024x578.jpg","contentUrl":"http:\/\/www.ruche-cantalienne.durdu.fr\/wp-content\/uploads\/2018\/12\/DSC_0530-1024x578.jpg"},{"@type":"BreadcrumbList","@id":"https:\/\/www.ruche-cantalienne.durdu.fr\/index.php\/petit-dejeuner\/#breadcrumb","itemListElement":[{"@type":"ListItem","position":1,"name":"Accueil","item":"https:\/\/www.ruche-cantalienne.durdu.fr\/"},{"@type":"ListItem","position":2,"name":"Petit-d\u00e9jeuner"}]},{"@type":"WebSite","@id":"https:\/\/www.ruche-cantalienne.durdu.fr\/#website","url":"https:\/\/www.ruche-cantalienne.durdu.fr\/","name":"La Ruche Cantalienne Chambres d'hotes des volcans d'Auvergne Cantal","description":"Chambres D&#039;Hotes &quot;Cantal, Volcans d&#039;Auvergne&quot;","publisher":{"@id":"https:\/\/www.ruche-cantalienne.durdu.fr\/#organization"},"potentialAction":[{"@type":"SearchAction","target":{"@type":"EntryPoint","urlTemplate":"https:\/\/www.ruche-cantalienne.durdu.fr\/?s={search_term_string}"},"query-input":{"@type":"PropertyValueSpecification","valueRequired":true,"valueName":"search_term_string"}}],"inLanguage":"fr-FR"},{"@type":"Organization","@id":"https:\/\/www.ruche-cantalienne.durdu.fr\/#organization","name":"La Ruche Cantalienne","url":"https:\/\/www.ruche-cantalienne.durdu.fr\/","logo":{"@type":"ImageObject","inLanguage":"fr-FR","@id":"https:\/\/www.ruche-cantalienne.durdu.fr\/#\/schema\/logo\/image\/","url":"https:\/\/i0.wp.com\/www.ruche-cantalienne.durdu.fr\/wp-content\/uploads\/2021\/04\/cropped-IMG_20210424_163146-scaled-e1619296500126.jpg?fit=1044%2C977&ssl=1","contentUrl":"https:\/\/i0.wp.com\/www.ruche-cantalienne.durdu.fr\/wp-content\/uploads\/2021\/04\/cropped-IMG_20210424_163146-scaled-e1619296500126.jpg?fit=1044%2C977&ssl=1","width":1044,"height":977,"caption":"La Ruche Cantalienne"},"image":{"@id":"https:\/\/www.ruche-cantalienne.durdu.fr\/#\/schema\/logo\/image\/"},"sameAs":["https:\/\/www.facebook.com\/RucheCantalienne15400?locale=fr_FR"]}]}},"jetpack_shortlink":"https:\/\/wp.me\/P9Haz1-7U","jetpack-related-posts":[{"id":1495,"url":"https:\/\/www.ruche-cantalienne.durdu.fr\/","url_meta":{"origin":490,"position":0},"title":"Renseignements,Contactez Sandrine au 06 95\u2026","author":"Mikael Durdu","date":"20 mars 2022","format":false,"excerpt":"Renseignements,Contactez Sandrine au 06 95 23 69 16 \u00a0 Vous trouvez chez nous, Deux belles chambres\u00a0que nous avons am\u00e9nag\u00e9 pour votre confort. Le village appartient au Parc naturel r\u00e9gional des Volcans d\u2019Auvergne. \u00a0 \u00a0 Sandrine et Mika\u00ebl vous accueillent \u00e0 la Ruche Cantalienne,\u00a0\u00a0dans le village de Saint-\u00c9tienne-de-Chomeil qui se situe\u2026","rel":"","context":"Article similaire","block_context":{"text":"Article similaire","link":""},"img":{"alt_text":"H\u00e9bergement en chambres d'h\u00f4te \" Chambre Girly\" \u00e0 Saint \u00c9tienne de Chomeil dans le Cantal","src":"https:\/\/i0.wp.com\/www.ruche-cantalienne.durdu.fr\/wp-content\/uploads\/2022\/03\/girly.jpg?resize=350%2C200&ssl=1","width":350,"height":200},"classes":[]},{"id":1815,"url":"https:\/\/www.ruche-cantalienne.durdu.fr\/index.php\/livret-accueil\/","url_meta":{"origin":490,"position":1},"title":"livret accueil","author":"Mikael Durdu","date":"18 octobre 2023","format":false,"excerpt":"Sandrine Code WiFi Code Porte Ext Petit D\u00e9jeuner H\u00e9bergement St \u00c9tienne Chomeil Sandrine 06 95 23 69 16 Durdu-Wifi-Pro MP: Hotes15400 Code Porte Entr\u00e9e 1540* \"Nous vous recommandons\", Pensez \u00e0 dire que vous s\u00e9journez \u00e0 la Ruche Cantalienne !!!! Saint\u00c9tiennedeChomeilGAEC LES FLEURS BIOViande - Cantal - Cantalbert- SalersLe Bavet,06 66\u2026","rel":"","context":"Article similaire","block_context":{"text":"Article similaire","link":""},"img":{"alt_text":"","src":"https:\/\/i0.wp.com\/www.ruche-cantalienne.durdu.fr\/wp-content\/uploads\/2018\/12\/IMG_2337.jpg?resize=350%2C200","width":350,"height":200,"srcset":"https:\/\/i0.wp.com\/www.ruche-cantalienne.durdu.fr\/wp-content\/uploads\/2018\/12\/IMG_2337.jpg?resize=350%2C200 1x, https:\/\/i0.wp.com\/www.ruche-cantalienne.durdu.fr\/wp-content\/uploads\/2018\/12\/IMG_2337.jpg?resize=525%2C300 1.5x, https:\/\/i0.wp.com\/www.ruche-cantalienne.durdu.fr\/wp-content\/uploads\/2018\/12\/IMG_2337.jpg?resize=700%2C400 2x, https:\/\/i0.wp.com\/www.ruche-cantalienne.durdu.fr\/wp-content\/uploads\/2018\/12\/IMG_2337.jpg?resize=1050%2C600 3x, https:\/\/i0.wp.com\/www.ruche-cantalienne.durdu.fr\/wp-content\/uploads\/2018\/12\/IMG_2337.jpg?resize=1400%2C800 4x"},"classes":[]},{"id":337,"url":"https:\/\/www.ruche-cantalienne.durdu.fr\/index.php\/visite-virtuelle\/chambre-girly-chambre-dhotes-cantal-15-la-ruche-cantalienne\/","url_meta":{"origin":490,"position":2},"title":"Chambre Girly \u2013 Chambre d&rsquo;h\u00f4tes Cantal (15) | La Ruche Cantalienne","author":"Mikael Durdu","date":"18 mars 2018","format":false,"excerpt":"La chambre GIRLY est disponible \u00e0 partir de 100 \u20ac. Vous trouverez dans cette chambre :\u00a0 Un lit pour deux personnes de 180 x 200 cm avec une literie de tr\u00e8s bonne qualit\u00e9 Un canap\u00e9 convertible de 130 x 180 cm avec\u00a0une literie de tr\u00e8s bonne qualit\u00e9. La salle d'eau\u2026","rel":"","context":"Article similaire","block_context":{"text":"Article similaire","link":""},"img":{"alt_text":"","src":"https:\/\/i0.wp.com\/www.ruche-cantalienne.durdu.fr\/wp-content\/uploads\/2018\/06\/IMG_1603.jpg?resize=350%2C200","width":350,"height":200,"srcset":"https:\/\/i0.wp.com\/www.ruche-cantalienne.durdu.fr\/wp-content\/uploads\/2018\/06\/IMG_1603.jpg?resize=350%2C200 1x, https:\/\/i0.wp.com\/www.ruche-cantalienne.durdu.fr\/wp-content\/uploads\/2018\/06\/IMG_1603.jpg?resize=525%2C300 1.5x, https:\/\/i0.wp.com\/www.ruche-cantalienne.durdu.fr\/wp-content\/uploads\/2018\/06\/IMG_1603.jpg?resize=700%2C400 2x, https:\/\/i0.wp.com\/www.ruche-cantalienne.durdu.fr\/wp-content\/uploads\/2018\/06\/IMG_1603.jpg?resize=1050%2C600 3x, https:\/\/i0.wp.com\/www.ruche-cantalienne.durdu.fr\/wp-content\/uploads\/2018\/06\/IMG_1603.jpg?resize=1400%2C800 4x"},"classes":[]},{"id":335,"url":"https:\/\/www.ruche-cantalienne.durdu.fr\/index.php\/visite-virtuelle\/chambre-miledy\/","url_meta":{"origin":490,"position":3},"title":"Chambre Miledy","author":"Mikael Durdu","date":"18 mars 2018","format":false,"excerpt":"La chambre Miledy est disponible \u00e0 partir de 100 \u20ac. Vous trouverez dans cette chambre : Un plateau courtoisie qui vous permettra de savourer un bon th\u00e9, un caf\u00e9 ou une infusion, d\u00e8s que vous en aurez envie. Un lit pour deux personnes de 180 x 200 cm avec une\u2026","rel":"","context":"Article similaire","block_context":{"text":"Article similaire","link":""},"img":{"alt_text":"","src":"https:\/\/i0.wp.com\/www.ruche-cantalienne.durdu.fr\/wp-content\/uploads\/2018\/12\/IMG_2337.jpg?resize=350%2C200","width":350,"height":200,"srcset":"https:\/\/i0.wp.com\/www.ruche-cantalienne.durdu.fr\/wp-content\/uploads\/2018\/12\/IMG_2337.jpg?resize=350%2C200 1x, https:\/\/i0.wp.com\/www.ruche-cantalienne.durdu.fr\/wp-content\/uploads\/2018\/12\/IMG_2337.jpg?resize=525%2C300 1.5x, https:\/\/i0.wp.com\/www.ruche-cantalienne.durdu.fr\/wp-content\/uploads\/2018\/12\/IMG_2337.jpg?resize=700%2C400 2x, https:\/\/i0.wp.com\/www.ruche-cantalienne.durdu.fr\/wp-content\/uploads\/2018\/12\/IMG_2337.jpg?resize=1050%2C600 3x, https:\/\/i0.wp.com\/www.ruche-cantalienne.durdu.fr\/wp-content\/uploads\/2018\/12\/IMG_2337.jpg?resize=1400%2C800 4x"},"classes":[]},{"id":295,"url":"https:\/\/www.ruche-cantalienne.durdu.fr\/index.php\/page-du-livre-dor-pour-mettre-un-petit-commentaire-de-votre-sejour-chez-nous\/","url_meta":{"origin":490,"position":4},"title":"Livre D&rsquo;or","author":"Mikael Durdu","date":"18 mars 2018","format":false,"excerpt":"","rel":"","context":"Article similaire","block_context":{"text":"Article similaire","link":""},"img":{"alt_text":"","src":"","width":0,"height":0},"classes":[]},{"id":1342,"url":"https:\/\/www.ruche-cantalienne.durdu.fr\/index.php\/politique-de-confidentialite\/","url_meta":{"origin":490,"position":5},"title":"Politique de confidentialit\u00e9","author":"Mikael Durdu","date":"2 octobre 2021","format":false,"excerpt":"Commentaires Quand vous laissez un commentaire sur notre site, les donn\u00e9es inscrites dans le formulaire de commentaire, mais aussi votre adresse IP et l\u2019agent utilisateur de votre navigateur sont collect\u00e9s pour nous aider \u00e0 la d\u00e9tection des commentaires ind\u00e9sirables. Une cha\u00eene anonymis\u00e9e cr\u00e9\u00e9e \u00e0 partir de votre adresse e-mail (\u00e9galement\u2026","rel":"","context":"Article similaire","block_context":{"text":"Article similaire","link":""},"img":{"alt_text":"","src":"","width":0,"height":0},"classes":[]}],"jetpack_sharing_enabled":true,"_links":{"self":[{"href":"https:\/\/www.ruche-cantalienne.durdu.fr\/index.php\/wp-json\/wp\/v2\/pages\/490","targetHints":{"allow":["GET"]}}],"collection":[{"href":"https:\/\/www.ruche-cantalienne.durdu.fr\/index.php\/wp-json\/wp\/v2\/pages"}],"about":[{"href":"https:\/\/www.ruche-cantalienne.durdu.fr\/index.php\/wp-json\/wp\/v2\/types\/page"}],"author":[{"embeddable":true,"href":"https:\/\/www.ruche-cantalienne.durdu.fr\/index.php\/wp-json\/wp\/v2\/users\/3"}],"replies":[{"embeddable":true,"href":"https:\/\/www.ruche-cantalienne.durdu.fr\/index.php\/wp-json\/wp\/v2\/comments?post=490"}],"version-history":[{"count":8,"href":"https:\/\/www.ruche-cantalienne.durdu.fr\/index.php\/wp-json\/wp\/v2\/pages\/490\/revisions"}],"predecessor-version":[{"id":2465,"href":"https:\/\/www.ruche-cantalienne.durdu.fr\/index.php\/wp-json\/wp\/v2\/pages\/490\/revisions\/2465"}],"wp:attachment":[{"href":"https:\/\/www.ruche-cantalienne.durdu.fr\/index.php\/wp-json\/wp\/v2\/media?parent=490"}],"curies":[{"name":"wp","href":"https:\/\/api.w.org\/{rel}","templated":true}]}}