{"id":2864,"date":"2026-03-11T19:35:10","date_gmt":"2026-03-11T18:35:10","guid":{"rendered":"https:\/\/www.ruche-cantalienne.durdu.fr\/index.php\/front_page\/"},"modified":"2026-03-21T13:41:19","modified_gmt":"2026-03-21T12:41:19","slug":"front_page","status":"publish","type":"page","link":"https:\/\/www.ruche-cantalienne.durdu.fr\/index.php\/front_page\/","title":{"rendered":"Accueil-old"},"content":{"rendered":"\n\n\n\n\n\nResponsive Design\n\n\n\nLorem ipsum dolor sit una amet, consectetur elit, dolore lorem magna aliqua.\n\n\n\n\n\n\n\nSmart Builder\n\n\n\nLorem ipsum dolor sit una amet, consectetur elit, dolore lorem magna aliqua.\n\n\n\n\n\n\n\nSuper Features\n\n\n\nLorem ipsum dolor sit una amet, consectetur elit, dolore lorem magna aliqua.\n\n\n\n\n\n\n\nDrag and Drop\n\n\n\nLorem ipsum dolor sit una amet, consectetur elit, dolore lorem magna aliqua.\n\n\n\n\n\n\n\n\n\nAbout us\n\n\n\n\n\nLorem ipsum dolor sit amet, at mei dolore tritani repudiandae. In his nemore temporibus consequuntur, vim ad prima vivendum.\n\n\n\nLorem ipsum dolor sit amet, consectetur adipiscing elit. Ut feugiat aliquet convallis. Morbi cursus scelerisque est, a sodales mi fringilla sit amet. Donec ultrices id ante a tempus. Sed scelerisque elit in lectus fermentum.\n\n\n\n\nRead more\n\n\n\n\n\n\n\n\n\n\n\n\nA few things we\u2019re great at\n\n\n\n\n\nLorem ipsum dolor sit amet, consectetur adipiscing elit. Ut feugiat aliquet convallis. Morbi cursus scelerisque est, a sodales mi fringilla sit amet. Donec ultrices id ante a tempus.\n\n\n\n\n\n\n\n\n\n\n\nIntelligent Automation\n\n\n\nLorem ipsum dolor sit amet, consectetur adipiscing elit. Ut feugiat aliquet convallis. Morbi cursus scelerisque est.\n\n\n\n\nRead more\n\n\n\n\n\n\n\n\n\n\nImmersive User Interface\n\n\n\nLorem ipsum dolor sit amet, consectetur adipiscing elit. Ut feugiat aliquet convallis. Morbi cursus scelerisque est.\n\n\n\n\nRead more\n\n\n\n\n\n\n\n\n\n\nReal-time Collaboration\n\n\n\nLorem ipsum dolor sit amet, consectetur adipiscing elit. Ut feugiat aliquet convallis. Morbi cursus scelerisque est.\n\n\n\n\nRead more\n\n\n\n\n\n\n\n\n\n\n\n\nDynamic Design Showcase\n\n\n\n\n\nDonec volutpat vel ipsum at posuere. Mauris vitae vulputate erat viverra, pretium massa. Curabitur posuere at lorem vel ullamcorper.\n\n\n\nPhasellus justo risus, dignissim sit amet tellus ac, accumsan hendrerit mauris. Nullam ultricies, urna cursus facilisis posuere, diam nisl egestas erat, vitae posuere est quam ut diam. Etiam pulvinar sit amet mi a vehicula.\n\n\n\n\nRead more\n\n\n\n\n\n\n\n\n\n\nCollaborative Project Hub\n\n\n\n\n\nDonec volutpat vel ipsum at posuere. Mauris vitae vulputate erat viverra, pretium massa. Curabitur posuere at lorem vel ullamcorper.\n\n\n\nPhasellus justo risus, dignissim sit amet tellus ac, accumsan hendrerit mauris. Nullam ultricies, urna cursus facilisis posuere, diam nisl egestas erat, vitae posuere est quam ut diam. Etiam pulvinar sit amet mi a vehicula.\n\n\n\n\nRead more\n\n\n\n\n\n\n\n\n\n\n\n\nServices\n\n\n\n\n\nLorem ipsum dolor sit amet, at mei dolore tritani repudiandae. In his nemore temporibus consequuntur, vim ad prima vivendum consetetur.\n\n\n\n\n\n\n\n\n\n\n\nAliquam porttitor interdum enim a rutrum tempus dolore\n\n\n\nCras tincidunt ut tortor ut vestibulum. Sed molestie laoreet purus, nec tempus lectus tincidunt eu. Lorem ipsum dolor sit amet, at mei dolore.\n\n\n\n\n\n\n\nAliquam porttitor interdum enim a rutrum tempus dolore\n\n\n\nCras tincidunt ut tortor ut vestibulum. Sed molestie laoreet purus, nec tempus lectus tincidunt eu. Lorem ipsum dolor sit amet, at mei dolore.\n\n\n\n\n\n\n\nAliquam porttitor interdum enim a rutrum tempus dolore\n\n\n\nCras tincidunt ut tortor ut vestibulum. Sed molestie laoreet purus, nec tempus lectus tincidunt eu. Lorem ipsum dolor sit amet, at mei dolore.\n\n\n\n\n\n\n\nAliquam porttitor interdum enim a rutrum tempus dolore\n\n\n\nCras tincidunt ut tortor ut vestibulum. Sed molestie laoreet purus, nec tempus lectus tincidunt eu. Lorem ipsum dolor sit amet, at mei dolore.\n\n\n\n\n\n\n\nAliquam porttitor interdum enim a rutrum tempus dolore\n\n\n\nCras tincidunt ut tortor ut vestibulum. Sed molestie laoreet purus, nec tempus lectus tincidunt eu. Lorem ipsum dolor sit amet, at mei dolore.\n\n\n\n\n\n\n\nAliquam porttitor interdum enim a rutrum tempus dolore\n\n\n\nCras tincidunt ut tortor ut vestibulum. Sed molestie laoreet purus, nec tempus lectus tincidunt eu. Lorem ipsum dolor sit amet, at mei dolore.\n\n\n\n\n\n\n\n\n\n\n\nOur team\n\n\n\n\n\nLorem ipsum dolor sit amet, at mei dolore tritani repudiandae. In his nemore temporibus consequuntur, vim ad prima vivendum consetetur.\n\n\n\n\n\n\n\n\n\nSamantha Doe\n\n\n\nLead Strategist\n\n\n\n\n\n\n\n\n\n\n\n\n\n\n\nOlivia Rodriguez\n\n\n\nFinancial Analyst\n\n\n\n\n\n\n\n\n\n\n\n\n\n\n\nMarcus Douglas\n\n\n\nSoftware Engineer\n\n\n\n\n\n\n\n\n\n\n\n\n\n\n\n\n\nWhat are you waiting for?\n\n\n\nReady to take the next step? Let&rsquo;s bring your vision to life! Explore our services and get in touch today for a consultation. Together, we&rsquo;ll make it happen.\n\n\n\n\n\n\nContact us\n\n\n\n\n\n\n\n\n\n\nOur Projects\n\n\n\n\n\nLorem ipsum dolor sit amet, at mei dolore tritani repudiandae. In his nemore temporibus consequuntur, vim ad prima vivendum consetetur.\n\n\n\n\n\n\n\n\n\n\n\n\n\n\n\n\n\n\n\n\n\n\n\n\n\n\n\nExplore Our Blog\n\n\n\n\n\n\nRead blog\n\n\n\n\n\n\n\n\n\n\n\n\n\n\n\n\n\n\n\n\n\nRead more\n\n\n\n\n\n\n\n\n\n\n\n\n\n\nOur Clients\n\n\n\n\n\n\n\n\n\n\n\n\n\n\n\n\n\n\n\n\n\n\n\n\n\n\n\n\n\n\n\n\n\n\n\n\n\n\n\n\n\n\n\n\n\nTestimonials\n\n\n\n\n\nLorem ipsum dolor sit amet, at mei dolore tritani repudiandae. In his nemore temporibus consequuntur, vim ad prima vivendum consetetur.\n\n\n\n\n\n\n\n\n\n\n\n\n\nLorem ipsum dolor sit amet, at mei dolore tritani repudiandae. In his nemore temporibus vim ad prima vivendum consetetur.\n\n\n\nJane Doe\n\n\n\n\n\n\n\n\n\n\n\nLorem ipsum dolor sit amet, at mei dolore tritani repudiandae. In his nemore temporibus vim ad prima vivendum consetetur.\n\n\n\nChristina Doe\n\n\n\n\n\n\n\n\n\n\n\nLorem ipsum dolor sit amet, at mei dolore tritani repudiandae. In his nemore temporibus vim ad prima vivendum consetetur.\n\n\n\nMichelle Smith\n\n\n\n\n\n\n\n\n\nContact us\n\n\n\n\n\nLorem ipsum dolor sit amet, at mei dolore tritani in his nemore temporibus consequuntur, vim ad prima vivendum consetetur. Viderer feugiat at pro, mea aperiam.\n\n\n\n\n425-334-5956\n\n\n\nyouremail@address.com\n\n\n\n4923 Ryder Avenue, Iceland\n\n\n\n\n\n\n\n\n","protected":false},"excerpt":{"rendered":"","protected":false},"author":2,"featured_media":0,"parent":0,"menu_order":0,"comment_status":"closed","ping_status":"closed","template":"","meta":{"_exactmetrics_skip_tracking":false,"_exactmetrics_sitenote_active":false,"_exactmetrics_sitenote_note":"","_exactmetrics_sitenote_category":0,"_uf_show_specific_survey":0,"_uf_disable_surveys":false,"jetpack_post_was_ever_published":false,"footnotes":""},"class_list":["post-2864","page","type-page","status-publish","hentry"],"yoast_head":"<!-- This site is optimized with the Yoast SEO plugin v27.5 - https:\/\/yoast.com\/product\/yoast-seo-wordpress\/ -->\n<title>Accueil-old - La Ruche Cantalienne<\/title>\n<meta name=\"description\" content=\"La Ruche Cantalienne La Ruche Cantalienne - Chambres d&#039;h\u00f4tes au c\u0153ur des volcans d&#039;auvergne - Cantal Accueil-old La Ruche Cantalienne Saint-\u00c9tienne-de-Chomeil 15400 Chambres d&#039;h\u00f4tes au c\u0153ur des volcans d&#039;auvergne. Sandrine et Mikael vous accueillent \u00e0 Saint-\u00c9tienne-de-Chomeil, Cantal, Petit d\u00e9jeuner inclus. R\u00e9servation : 06 95 23 69 16\" \/>\n<meta name=\"robots\" content=\"index, follow, max-snippet:-1, max-image-preview:large, max-video-preview:-1\" \/>\n<link rel=\"canonical\" href=\"https:\/\/www.ruche-cantalienne.durdu.fr\/index.php\/front_page\/\" \/>\n<meta property=\"og:locale\" content=\"fr_FR\" \/>\n<meta property=\"og:type\" content=\"article\" \/>\n<meta property=\"og:title\" content=\"Accueil-old - La Ruche Cantalienne\" \/>\n<meta property=\"og:description\" content=\"La Ruche Cantalienne La Ruche Cantalienne - Chambres d&#039;h\u00f4tes au c\u0153ur des volcans d&#039;auvergne - Cantal Accueil-old La Ruche Cantalienne Saint-\u00c9tienne-de-Chomeil 15400 Chambres d&#039;h\u00f4tes au c\u0153ur des volcans d&#039;auvergne. Sandrine et Mikael vous accueillent \u00e0 Saint-\u00c9tienne-de-Chomeil, Cantal, Petit d\u00e9jeuner inclus. R\u00e9servation : 06 95 23 69 16\" \/>\n<meta property=\"og:url\" content=\"https:\/\/www.ruche-cantalienne.durdu.fr\/index.php\/front_page\/\" \/>\n<meta property=\"og:site_name\" content=\"La Ruche Cantalienne\" \/>\n<meta property=\"article:publisher\" content=\"https:\/\/www.facebook.com\/RucheCantalienne15400?locale=fr_FR\" \/>\n<meta property=\"article:modified_time\" content=\"2026-03-21T12:41:19+00:00\" \/>\n<meta name=\"twitter:card\" content=\"summary_large_image\" \/>\n<meta name=\"twitter:label1\" content=\"Dur\u00e9e de lecture estim\u00e9e\" \/>\n\t<meta name=\"twitter:data1\" content=\"4 minutes\" \/>\n<script type=\"application\/ld+json\" class=\"yoast-schema-graph\">{\"@context\":\"https:\\\/\\\/schema.org\",\"@graph\":[{\"@type\":\"WebPage\",\"@id\":\"https:\\\/\\\/www.ruche-cantalienne.durdu.fr\\\/index.php\\\/front_page\\\/\",\"url\":\"https:\\\/\\\/www.ruche-cantalienne.durdu.fr\\\/index.php\\\/front_page\\\/\",\"name\":\"Accueil-old - La Ruche Cantalienne\",\"isPartOf\":{\"@id\":\"https:\\\/\\\/www.ruche-cantalienne.durdu.fr\\\/#website\"},\"datePublished\":\"2026-03-11T18:35:10+00:00\",\"dateModified\":\"2026-03-21T12:41:19+00:00\",\"description\":\"La Ruche Cantalienne La Ruche Cantalienne - Chambres d'h\u00f4tes au c\u0153ur des volcans d'auvergne - Cantal Accueil-old La Ruche Cantalienne Saint-\u00c9tienne-de-Chomeil 15400 Chambres d'h\u00f4tes au c\u0153ur des volcans d'auvergne. Sandrine et Mikael vous accueillent \u00e0 Saint-\u00c9tienne-de-Chomeil, Cantal, Petit d\u00e9jeuner inclus. R\u00e9servation : 06 95 23 69 16\",\"breadcrumb\":{\"@id\":\"https:\\\/\\\/www.ruche-cantalienne.durdu.fr\\\/index.php\\\/front_page\\\/#breadcrumb\"},\"inLanguage\":\"fr-FR\",\"potentialAction\":[{\"@type\":\"ReadAction\",\"target\":[\"https:\\\/\\\/www.ruche-cantalienne.durdu.fr\\\/index.php\\\/front_page\\\/\"]}]},{\"@type\":\"BreadcrumbList\",\"@id\":\"https:\\\/\\\/www.ruche-cantalienne.durdu.fr\\\/index.php\\\/front_page\\\/#breadcrumb\",\"itemListElement\":[{\"@type\":\"ListItem\",\"position\":1,\"name\":\"Accueil\",\"item\":\"https:\\\/\\\/www.ruche-cantalienne.durdu.fr\\\/\"},{\"@type\":\"ListItem\",\"position\":2,\"name\":\"Accueil-old\"}]},{\"@type\":\"WebSite\",\"@id\":\"https:\\\/\\\/www.ruche-cantalienne.durdu.fr\\\/#website\",\"url\":\"https:\\\/\\\/www.ruche-cantalienne.durdu.fr\\\/\",\"name\":\"La Ruche Cantalienne Chambres d'hotes des volcans d'Auvergne Cantal\",\"description\":\"Chambres D&#039;Hotes &quot;Cantal, Volcans d&#039;Auvergne&quot;\",\"publisher\":{\"@id\":\"https:\\\/\\\/www.ruche-cantalienne.durdu.fr\\\/#organization\"},\"potentialAction\":[{\"@type\":\"SearchAction\",\"target\":{\"@type\":\"EntryPoint\",\"urlTemplate\":\"https:\\\/\\\/www.ruche-cantalienne.durdu.fr\\\/?s={search_term_string}\"},\"query-input\":{\"@type\":\"PropertyValueSpecification\",\"valueRequired\":true,\"valueName\":\"search_term_string\"}}],\"inLanguage\":\"fr-FR\"},{\"@type\":\"Organization\",\"@id\":\"https:\\\/\\\/www.ruche-cantalienne.durdu.fr\\\/#organization\",\"name\":\"La Ruche Cantalienne\",\"url\":\"https:\\\/\\\/www.ruche-cantalienne.durdu.fr\\\/\",\"logo\":{\"@type\":\"ImageObject\",\"inLanguage\":\"fr-FR\",\"@id\":\"https:\\\/\\\/www.ruche-cantalienne.durdu.fr\\\/#\\\/schema\\\/logo\\\/image\\\/\",\"url\":\"https:\\\/\\\/i0.wp.com\\\/www.ruche-cantalienne.durdu.fr\\\/wp-content\\\/uploads\\\/2021\\\/04\\\/cropped-IMG_20210424_163146-scaled-e1619296500126.jpg?fit=1044%2C977&ssl=1\",\"contentUrl\":\"https:\\\/\\\/i0.wp.com\\\/www.ruche-cantalienne.durdu.fr\\\/wp-content\\\/uploads\\\/2021\\\/04\\\/cropped-IMG_20210424_163146-scaled-e1619296500126.jpg?fit=1044%2C977&ssl=1\",\"width\":1044,\"height\":977,\"caption\":\"La Ruche Cantalienne\"},\"image\":{\"@id\":\"https:\\\/\\\/www.ruche-cantalienne.durdu.fr\\\/#\\\/schema\\\/logo\\\/image\\\/\"},\"sameAs\":[\"https:\\\/\\\/www.facebook.com\\\/RucheCantalienne15400?locale=fr_FR\"]}]}<\/script>\n<!-- \/ Yoast SEO plugin. -->","yoast_head_json":{"title":"Accueil-old - La Ruche Cantalienne","description":"La Ruche Cantalienne La Ruche Cantalienne - Chambres d'h\u00f4tes au c\u0153ur des volcans d'auvergne - Cantal Accueil-old La Ruche Cantalienne Saint-\u00c9tienne-de-Chomeil 15400 Chambres d'h\u00f4tes au c\u0153ur des volcans d'auvergne. Sandrine et Mikael vous accueillent \u00e0 Saint-\u00c9tienne-de-Chomeil, Cantal, Petit d\u00e9jeuner inclus. R\u00e9servation : 06 95 23 69 16","robots":{"index":"index","follow":"follow","max-snippet":"max-snippet:-1","max-image-preview":"max-image-preview:large","max-video-preview":"max-video-preview:-1"},"canonical":"https:\/\/www.ruche-cantalienne.durdu.fr\/index.php\/front_page\/","og_locale":"fr_FR","og_type":"article","og_title":"Accueil-old - La Ruche Cantalienne","og_description":"La Ruche Cantalienne La Ruche Cantalienne - Chambres d'h\u00f4tes au c\u0153ur des volcans d'auvergne - Cantal Accueil-old La Ruche Cantalienne Saint-\u00c9tienne-de-Chomeil 15400 Chambres d'h\u00f4tes au c\u0153ur des volcans d'auvergne. Sandrine et Mikael vous accueillent \u00e0 Saint-\u00c9tienne-de-Chomeil, Cantal, Petit d\u00e9jeuner inclus. R\u00e9servation : 06 95 23 69 16","og_url":"https:\/\/www.ruche-cantalienne.durdu.fr\/index.php\/front_page\/","og_site_name":"La Ruche Cantalienne","article_publisher":"https:\/\/www.facebook.com\/RucheCantalienne15400?locale=fr_FR","article_modified_time":"2026-03-21T12:41:19+00:00","twitter_card":"summary_large_image","twitter_misc":{"Dur\u00e9e de lecture estim\u00e9e":"4 minutes"},"schema":{"@context":"https:\/\/schema.org","@graph":[{"@type":"WebPage","@id":"https:\/\/www.ruche-cantalienne.durdu.fr\/index.php\/front_page\/","url":"https:\/\/www.ruche-cantalienne.durdu.fr\/index.php\/front_page\/","name":"Accueil-old - La Ruche Cantalienne","isPartOf":{"@id":"https:\/\/www.ruche-cantalienne.durdu.fr\/#website"},"datePublished":"2026-03-11T18:35:10+00:00","dateModified":"2026-03-21T12:41:19+00:00","description":"La Ruche Cantalienne La Ruche Cantalienne - Chambres d'h\u00f4tes au c\u0153ur des volcans d'auvergne - Cantal Accueil-old La Ruche Cantalienne Saint-\u00c9tienne-de-Chomeil 15400 Chambres d'h\u00f4tes au c\u0153ur des volcans d'auvergne. Sandrine et Mikael vous accueillent \u00e0 Saint-\u00c9tienne-de-Chomeil, Cantal, Petit d\u00e9jeuner inclus. R\u00e9servation : 06 95 23 69 16","breadcrumb":{"@id":"https:\/\/www.ruche-cantalienne.durdu.fr\/index.php\/front_page\/#breadcrumb"},"inLanguage":"fr-FR","potentialAction":[{"@type":"ReadAction","target":["https:\/\/www.ruche-cantalienne.durdu.fr\/index.php\/front_page\/"]}]},{"@type":"BreadcrumbList","@id":"https:\/\/www.ruche-cantalienne.durdu.fr\/index.php\/front_page\/#breadcrumb","itemListElement":[{"@type":"ListItem","position":1,"name":"Accueil","item":"https:\/\/www.ruche-cantalienne.durdu.fr\/"},{"@type":"ListItem","position":2,"name":"Accueil-old"}]},{"@type":"WebSite","@id":"https:\/\/www.ruche-cantalienne.durdu.fr\/#website","url":"https:\/\/www.ruche-cantalienne.durdu.fr\/","name":"La Ruche Cantalienne Chambres d'hotes des volcans d'Auvergne Cantal","description":"Chambres D&#039;Hotes &quot;Cantal, Volcans d&#039;Auvergne&quot;","publisher":{"@id":"https:\/\/www.ruche-cantalienne.durdu.fr\/#organization"},"potentialAction":[{"@type":"SearchAction","target":{"@type":"EntryPoint","urlTemplate":"https:\/\/www.ruche-cantalienne.durdu.fr\/?s={search_term_string}"},"query-input":{"@type":"PropertyValueSpecification","valueRequired":true,"valueName":"search_term_string"}}],"inLanguage":"fr-FR"},{"@type":"Organization","@id":"https:\/\/www.ruche-cantalienne.durdu.fr\/#organization","name":"La Ruche Cantalienne","url":"https:\/\/www.ruche-cantalienne.durdu.fr\/","logo":{"@type":"ImageObject","inLanguage":"fr-FR","@id":"https:\/\/www.ruche-cantalienne.durdu.fr\/#\/schema\/logo\/image\/","url":"https:\/\/i0.wp.com\/www.ruche-cantalienne.durdu.fr\/wp-content\/uploads\/2021\/04\/cropped-IMG_20210424_163146-scaled-e1619296500126.jpg?fit=1044%2C977&ssl=1","contentUrl":"https:\/\/i0.wp.com\/www.ruche-cantalienne.durdu.fr\/wp-content\/uploads\/2021\/04\/cropped-IMG_20210424_163146-scaled-e1619296500126.jpg?fit=1044%2C977&ssl=1","width":1044,"height":977,"caption":"La Ruche Cantalienne"},"image":{"@id":"https:\/\/www.ruche-cantalienne.durdu.fr\/#\/schema\/logo\/image\/"},"sameAs":["https:\/\/www.facebook.com\/RucheCantalienne15400?locale=fr_FR"]}]}},"jetpack_shortlink":"https:\/\/wp.me\/P9Haz1-Kc","jetpack-related-posts":[{"id":1815,"url":"https:\/\/www.ruche-cantalienne.durdu.fr\/index.php\/livret-accueil\/","url_meta":{"origin":2864,"position":0},"title":"livret accueil","author":"Mikael Durdu","date":"18 octobre 2023","format":false,"excerpt":"Sandrine Code WiFi Code Porte Ext Petit D\u00e9jeuner H\u00e9bergement St \u00c9tienne Chomeil Sandrine 06 95 23 69 16 Durdu-Wifi-Pro MP: Hotes15400 Code Porte Entr\u00e9e 1540* \"Nous vous recommandons\", Pensez \u00e0 dire que vous s\u00e9journez \u00e0 la Ruche Cantalienne !!!! Saint\u00c9tiennedeChomeilGAEC LES FLEURS BIOViande - Cantal - Cantalbert- SalersLe Bavet,06 66\u2026","rel":"","context":"Article similaire","block_context":{"text":"Article similaire","link":""},"img":{"alt_text":"","src":"https:\/\/i0.wp.com\/www.ruche-cantalienne.durdu.fr\/wp-content\/uploads\/2018\/12\/IMG_2337.jpg?resize=350%2C200","width":350,"height":200,"srcset":"https:\/\/i0.wp.com\/www.ruche-cantalienne.durdu.fr\/wp-content\/uploads\/2018\/12\/IMG_2337.jpg?resize=350%2C200 1x, https:\/\/i0.wp.com\/www.ruche-cantalienne.durdu.fr\/wp-content\/uploads\/2018\/12\/IMG_2337.jpg?resize=525%2C300 1.5x, https:\/\/i0.wp.com\/www.ruche-cantalienne.durdu.fr\/wp-content\/uploads\/2018\/12\/IMG_2337.jpg?resize=700%2C400 2x, https:\/\/i0.wp.com\/www.ruche-cantalienne.durdu.fr\/wp-content\/uploads\/2018\/12\/IMG_2337.jpg?resize=1050%2C600 3x, https:\/\/i0.wp.com\/www.ruche-cantalienne.durdu.fr\/wp-content\/uploads\/2018\/12\/IMG_2337.jpg?resize=1400%2C800 4x"},"classes":[]}],"jetpack_sharing_enabled":true,"_links":{"self":[{"href":"https:\/\/www.ruche-cantalienne.durdu.fr\/index.php\/wp-json\/wp\/v2\/pages\/2864","targetHints":{"allow":["GET"]}}],"collection":[{"href":"https:\/\/www.ruche-cantalienne.durdu.fr\/index.php\/wp-json\/wp\/v2\/pages"}],"about":[{"href":"https:\/\/www.ruche-cantalienne.durdu.fr\/index.php\/wp-json\/wp\/v2\/types\/page"}],"author":[{"embeddable":true,"href":"https:\/\/www.ruche-cantalienne.durdu.fr\/index.php\/wp-json\/wp\/v2\/users\/2"}],"replies":[{"embeddable":true,"href":"https:\/\/www.ruche-cantalienne.durdu.fr\/index.php\/wp-json\/wp\/v2\/comments?post=2864"}],"version-history":[{"count":2,"href":"https:\/\/www.ruche-cantalienne.durdu.fr\/index.php\/wp-json\/wp\/v2\/pages\/2864\/revisions"}],"predecessor-version":[{"id":2944,"href":"https:\/\/www.ruche-cantalienne.durdu.fr\/index.php\/wp-json\/wp\/v2\/pages\/2864\/revisions\/2944"}],"wp:attachment":[{"href":"https:\/\/www.ruche-cantalienne.durdu.fr\/index.php\/wp-json\/wp\/v2\/media?parent=2864"}],"curies":[{"name":"wp","href":"https:\/\/api.w.org\/{rel}","templated":true}]}}