{"id":144,"date":"2018-02-25T23:11:27","date_gmt":"2018-02-25T22:11:27","guid":{"rendered":"http:\/\/www.ruche-cantalienne.durdu.fr\/?page_id=144"},"modified":"2023-11-09T17:13:44","modified_gmt":"2023-11-09T16:13:44","slug":"photographie-saint-etienne-de-chomeil","status":"publish","type":"page","link":"https:\/\/www.ruche-cantalienne.durdu.fr\/index.php\/photographie-saint-etienne-de-chomeil\/","title":{"rendered":"Photographies de Saint \u00c9tienne de Chomeil"},"content":{"rendered":"<p style=\"text-align: left;\"><em><strong>Photographies de Saint \u00c9tienne de Chomeil\u00a0<\/strong><\/em><\/p>\n<div class=\"tiled-gallery type-rectangular tiled-gallery-unresized\" data-original-width=\"900\" data-carousel-extra='{&quot;blog_id&quot;:1,&quot;permalink&quot;:&quot;https:\\\/\\\/www.ruche-cantalienne.durdu.fr\\\/index.php\\\/photographie-saint-etienne-de-chomeil\\\/&quot;,&quot;likes_blog_id&quot;:143275739}' itemscope itemtype=\"http:\/\/schema.org\/ImageGallery\" > <div class=\"gallery-row\" style=\"width: 900px; height: 402px;\" data-original-width=\"900\" data-original-height=\"402\" > <div class=\"gallery-group images-1\" style=\"width: 601px; height: 402px;\" data-original-width=\"601\" data-original-height=\"402\" > <div class=\"tiled-gallery-item tiled-gallery-item-large\" itemprop=\"associatedMedia\" itemscope itemtype=\"http:\/\/schema.org\/ImageObject\"> <a href=\"https:\/\/www.ruche-cantalienne.durdu.fr\/img_1935\/\" border=\"0\" itemprop=\"url\"> <meta itemprop=\"width\" content=\"597\"> <meta itemprop=\"height\" content=\"398\"> <img decoding=\"async\" class=\"\" data-attachment-id=\"630\" data-orig-file=\"https:\/\/www.ruche-cantalienne.durdu.fr\/wp-content\/uploads\/2018\/07\/IMG_1935.jpg\" data-orig-size=\"5184,3456\" data-comments-opened=\"\" data-image-meta=\"{&quot;aperture&quot;:&quot;13&quot;,&quot;credit&quot;:&quot;Mikael DURDU&quot;,&quot;camera&quot;:&quot;Canon EOS 1300D&quot;,&quot;caption&quot;:&quot;&quot;,&quot;created_timestamp&quot;:&quot;1531387648&quot;,&quot;copyright&quot;:&quot;&quot;,&quot;focal_length&quot;:&quot;18&quot;,&quot;iso&quot;:&quot;800&quot;,&quot;shutter_speed&quot;:&quot;0.0025&quot;,&quot;title&quot;:&quot;&quot;,&quot;orientation&quot;:&quot;1&quot;}\" data-image-title=\"IMG_1935\" data-image-description=\"\" data-medium-file=\"https:\/\/i0.wp.com\/www.ruche-cantalienne.durdu.fr\/wp-content\/uploads\/2018\/07\/IMG_1935.jpg?fit=200%2C133&#038;ssl=1\" data-large-file=\"https:\/\/i0.wp.com\/www.ruche-cantalienne.durdu.fr\/wp-content\/uploads\/2018\/07\/IMG_1935.jpg?fit=900%2C600&#038;ssl=1\" src=\"https:\/\/i0.wp.com\/www.ruche-cantalienne.durdu.fr\/wp-content\/uploads\/2018\/07\/IMG_1935.jpg?w=597&#038;h=398&#038;ssl=1\" srcset=\"https:\/\/i0.wp.com\/www.ruche-cantalienne.durdu.fr\/wp-content\/uploads\/2018\/07\/IMG_1935.jpg?w=5184&amp;ssl=1 5184w, https:\/\/i0.wp.com\/www.ruche-cantalienne.durdu.fr\/wp-content\/uploads\/2018\/07\/IMG_1935.jpg?resize=200%2C133&amp;ssl=1 200w, https:\/\/i0.wp.com\/www.ruche-cantalienne.durdu.fr\/wp-content\/uploads\/2018\/07\/IMG_1935.jpg?resize=768%2C512&amp;ssl=1 768w, https:\/\/i0.wp.com\/www.ruche-cantalienne.durdu.fr\/wp-content\/uploads\/2018\/07\/IMG_1935.jpg?resize=1024%2C683&amp;ssl=1 1024w, https:\/\/i0.wp.com\/www.ruche-cantalienne.durdu.fr\/wp-content\/uploads\/2018\/07\/IMG_1935.jpg?w=1800&amp;ssl=1 1800w, https:\/\/i0.wp.com\/www.ruche-cantalienne.durdu.fr\/wp-content\/uploads\/2018\/07\/IMG_1935.jpg?w=2700&amp;ssl=1 2700w\" width=\"597\" height=\"398\" loading=\"lazy\" data-original-width=\"597\" data-original-height=\"398\" itemprop=\"http:\/\/schema.org\/image\" title=\"IMG_1935\" alt=\"La Ruche Cantaliennele bourg - 15400 Saint Etienne de Chomeil\" style=\"width: 597px; height: 398px;\" \/> <\/a> <div class=\"tiled-gallery-caption\" itemprop=\"caption description\"> La Ruche Cantaliennele bourg &#8211; 15400 Saint Etienne de Chomeil <\/div> <\/div> <\/div> <!-- close group --> <div class=\"gallery-group images-2\" style=\"width: 299px; height: 402px;\" data-original-width=\"299\" data-original-height=\"402\" > <div class=\"tiled-gallery-item tiled-gallery-item-large\" itemprop=\"associatedMedia\" itemscope itemtype=\"http:\/\/schema.org\/ImageObject\"> <a href=\"https:\/\/www.ruche-cantalienne.durdu.fr\/img_1928\/\" border=\"0\" itemprop=\"url\"> <meta itemprop=\"width\" content=\"295\"> <meta itemprop=\"height\" content=\"197\"> <img decoding=\"async\" class=\"\" data-attachment-id=\"629\" data-orig-file=\"https:\/\/www.ruche-cantalienne.durdu.fr\/wp-content\/uploads\/2018\/07\/IMG_1928.jpg\" data-orig-size=\"5184,3456\" data-comments-opened=\"\" data-image-meta=\"{&quot;aperture&quot;:&quot;14&quot;,&quot;credit&quot;:&quot;Mikael DURDU&quot;,&quot;camera&quot;:&quot;Canon EOS 1300D&quot;,&quot;caption&quot;:&quot;&quot;,&quot;created_timestamp&quot;:&quot;1531381271&quot;,&quot;copyright&quot;:&quot;&quot;,&quot;focal_length&quot;:&quot;18&quot;,&quot;iso&quot;:&quot;800&quot;,&quot;shutter_speed&quot;:&quot;0.002&quot;,&quot;title&quot;:&quot;&quot;,&quot;orientation&quot;:&quot;1&quot;}\" data-image-title=\"IMG_1928\" data-image-description=\"\" data-medium-file=\"https:\/\/i0.wp.com\/www.ruche-cantalienne.durdu.fr\/wp-content\/uploads\/2018\/07\/IMG_1928.jpg?fit=200%2C133&#038;ssl=1\" data-large-file=\"https:\/\/i0.wp.com\/www.ruche-cantalienne.durdu.fr\/wp-content\/uploads\/2018\/07\/IMG_1928.jpg?fit=900%2C600&#038;ssl=1\" src=\"https:\/\/i0.wp.com\/www.ruche-cantalienne.durdu.fr\/wp-content\/uploads\/2018\/07\/IMG_1928.jpg?w=295&#038;h=197&#038;ssl=1\" srcset=\"https:\/\/i0.wp.com\/www.ruche-cantalienne.durdu.fr\/wp-content\/uploads\/2018\/07\/IMG_1928.jpg?w=5184&amp;ssl=1 5184w, https:\/\/i0.wp.com\/www.ruche-cantalienne.durdu.fr\/wp-content\/uploads\/2018\/07\/IMG_1928.jpg?resize=200%2C133&amp;ssl=1 200w, https:\/\/i0.wp.com\/www.ruche-cantalienne.durdu.fr\/wp-content\/uploads\/2018\/07\/IMG_1928.jpg?resize=768%2C512&amp;ssl=1 768w, https:\/\/i0.wp.com\/www.ruche-cantalienne.durdu.fr\/wp-content\/uploads\/2018\/07\/IMG_1928.jpg?resize=1024%2C683&amp;ssl=1 1024w, https:\/\/i0.wp.com\/www.ruche-cantalienne.durdu.fr\/wp-content\/uploads\/2018\/07\/IMG_1928.jpg?w=1800&amp;ssl=1 1800w, https:\/\/i0.wp.com\/www.ruche-cantalienne.durdu.fr\/wp-content\/uploads\/2018\/07\/IMG_1928.jpg?w=2700&amp;ssl=1 2700w\" width=\"295\" height=\"197\" loading=\"lazy\" data-original-width=\"295\" data-original-height=\"197\" itemprop=\"http:\/\/schema.org\/image\" title=\"IMG_1928\" alt=\"Mikael DURDU Votre Photographe La Ruche Cantalienne le bourg 15400 Saint Etienne de Chomeil\" style=\"width: 295px; height: 197px;\" \/> <\/a> <div class=\"tiled-gallery-caption\" itemprop=\"caption description\"> Mikael DURDU Votre Photographe La Ruche Cantalienne le bourg 15400 Saint Etienne de Chomeil <\/div> <\/div> <div class=\"tiled-gallery-item tiled-gallery-item-large\" itemprop=\"associatedMedia\" itemscope itemtype=\"http:\/\/schema.org\/ImageObject\"> <a href=\"https:\/\/www.ruche-cantalienne.durdu.fr\/img_1992\/\" border=\"0\" itemprop=\"url\"> <meta itemprop=\"width\" content=\"295\"> <meta itemprop=\"height\" content=\"197\"> <img decoding=\"async\" class=\"\" data-attachment-id=\"637\" data-orig-file=\"https:\/\/www.ruche-cantalienne.durdu.fr\/wp-content\/uploads\/2018\/07\/IMG_1992.jpg\" data-orig-size=\"5184,3456\" data-comments-opened=\"\" data-image-meta=\"{&quot;aperture&quot;:&quot;11&quot;,&quot;credit&quot;:&quot;Mikael DURDU&quot;,&quot;camera&quot;:&quot;Canon EOS 1300D&quot;,&quot;caption&quot;:&quot;&quot;,&quot;created_timestamp&quot;:&quot;1531389645&quot;,&quot;copyright&quot;:&quot;&quot;,&quot;focal_length&quot;:&quot;55&quot;,&quot;iso&quot;:&quot;800&quot;,&quot;shutter_speed&quot;:&quot;0.003125&quot;,&quot;title&quot;:&quot;&quot;,&quot;orientation&quot;:&quot;1&quot;}\" data-image-title=\"IMG_1992\" data-image-description=\"\" data-medium-file=\"https:\/\/i0.wp.com\/www.ruche-cantalienne.durdu.fr\/wp-content\/uploads\/2018\/07\/IMG_1992.jpg?fit=200%2C133&#038;ssl=1\" data-large-file=\"https:\/\/i0.wp.com\/www.ruche-cantalienne.durdu.fr\/wp-content\/uploads\/2018\/07\/IMG_1992.jpg?fit=900%2C600&#038;ssl=1\" src=\"https:\/\/i0.wp.com\/www.ruche-cantalienne.durdu.fr\/wp-content\/uploads\/2018\/07\/IMG_1992.jpg?w=295&#038;h=197&#038;ssl=1\" srcset=\"https:\/\/i0.wp.com\/www.ruche-cantalienne.durdu.fr\/wp-content\/uploads\/2018\/07\/IMG_1992.jpg?w=5184&amp;ssl=1 5184w, https:\/\/i0.wp.com\/www.ruche-cantalienne.durdu.fr\/wp-content\/uploads\/2018\/07\/IMG_1992.jpg?resize=200%2C133&amp;ssl=1 200w, https:\/\/i0.wp.com\/www.ruche-cantalienne.durdu.fr\/wp-content\/uploads\/2018\/07\/IMG_1992.jpg?resize=768%2C512&amp;ssl=1 768w, https:\/\/i0.wp.com\/www.ruche-cantalienne.durdu.fr\/wp-content\/uploads\/2018\/07\/IMG_1992.jpg?resize=1024%2C683&amp;ssl=1 1024w, https:\/\/i0.wp.com\/www.ruche-cantalienne.durdu.fr\/wp-content\/uploads\/2018\/07\/IMG_1992.jpg?w=1800&amp;ssl=1 1800w, https:\/\/i0.wp.com\/www.ruche-cantalienne.durdu.fr\/wp-content\/uploads\/2018\/07\/IMG_1992.jpg?w=2700&amp;ssl=1 2700w\" width=\"295\" height=\"197\" loading=\"lazy\" data-original-width=\"295\" data-original-height=\"197\" itemprop=\"http:\/\/schema.org\/image\" title=\"IMG_1992\" alt=\"Mikael DURDU Votre Photographe La Ruche Cantalienne le bourg 15400 Saint Etienne de Chomeil\" style=\"width: 295px; height: 197px;\" \/> <\/a> <div class=\"tiled-gallery-caption\" itemprop=\"caption description\"> Mikael DURDU Votre Photographe La Ruche Cantalienne le bourg 15400 Saint Etienne de Chomeil <\/div> <\/div> <\/div> <!-- close group --> <\/div> <!-- close row --> <div class=\"gallery-row\" style=\"width: 900px; height: 201px;\" data-original-width=\"900\" data-original-height=\"201\" > <div class=\"gallery-group images-1\" style=\"width: 300px; height: 201px;\" data-original-width=\"300\" data-original-height=\"201\" > <div class=\"tiled-gallery-item tiled-gallery-item-large\" itemprop=\"associatedMedia\" itemscope itemtype=\"http:\/\/schema.org\/ImageObject\"> <a href=\"https:\/\/www.ruche-cantalienne.durdu.fr\/img_2035\/\" border=\"0\" itemprop=\"url\"> <meta itemprop=\"width\" content=\"296\"> <meta itemprop=\"height\" content=\"197\"> <img decoding=\"async\" class=\"\" data-attachment-id=\"638\" data-orig-file=\"https:\/\/www.ruche-cantalienne.durdu.fr\/wp-content\/uploads\/2018\/07\/IMG_2035.jpg\" data-orig-size=\"5184,3456\" data-comments-opened=\"\" data-image-meta=\"{&quot;aperture&quot;:&quot;16&quot;,&quot;credit&quot;:&quot;Mikael DURDU&quot;,&quot;camera&quot;:&quot;Canon EOS 1300D&quot;,&quot;caption&quot;:&quot;&quot;,&quot;created_timestamp&quot;:&quot;1531390645&quot;,&quot;copyright&quot;:&quot;&quot;,&quot;focal_length&quot;:&quot;55&quot;,&quot;iso&quot;:&quot;800&quot;,&quot;shutter_speed&quot;:&quot;0.00125&quot;,&quot;title&quot;:&quot;&quot;,&quot;orientation&quot;:&quot;1&quot;}\" data-image-title=\"IMG_2035\" data-image-description=\"\" data-medium-file=\"https:\/\/i0.wp.com\/www.ruche-cantalienne.durdu.fr\/wp-content\/uploads\/2018\/07\/IMG_2035.jpg?fit=200%2C133&#038;ssl=1\" data-large-file=\"https:\/\/i0.wp.com\/www.ruche-cantalienne.durdu.fr\/wp-content\/uploads\/2018\/07\/IMG_2035.jpg?fit=900%2C600&#038;ssl=1\" src=\"https:\/\/i0.wp.com\/www.ruche-cantalienne.durdu.fr\/wp-content\/uploads\/2018\/07\/IMG_2035.jpg?w=296&#038;h=197&#038;ssl=1\" srcset=\"https:\/\/i0.wp.com\/www.ruche-cantalienne.durdu.fr\/wp-content\/uploads\/2018\/07\/IMG_2035.jpg?w=5184&amp;ssl=1 5184w, https:\/\/i0.wp.com\/www.ruche-cantalienne.durdu.fr\/wp-content\/uploads\/2018\/07\/IMG_2035.jpg?resize=200%2C133&amp;ssl=1 200w, https:\/\/i0.wp.com\/www.ruche-cantalienne.durdu.fr\/wp-content\/uploads\/2018\/07\/IMG_2035.jpg?resize=768%2C512&amp;ssl=1 768w, https:\/\/i0.wp.com\/www.ruche-cantalienne.durdu.fr\/wp-content\/uploads\/2018\/07\/IMG_2035.jpg?resize=1024%2C683&amp;ssl=1 1024w, https:\/\/i0.wp.com\/www.ruche-cantalienne.durdu.fr\/wp-content\/uploads\/2018\/07\/IMG_2035.jpg?w=1800&amp;ssl=1 1800w, https:\/\/i0.wp.com\/www.ruche-cantalienne.durdu.fr\/wp-content\/uploads\/2018\/07\/IMG_2035.jpg?w=2700&amp;ssl=1 2700w\" width=\"296\" height=\"197\" loading=\"lazy\" data-original-width=\"296\" data-original-height=\"197\" itemprop=\"http:\/\/schema.org\/image\" title=\"IMG_2035\" alt=\"Mikael DURDU Votre Photographe La Ruche Cantalienne le bourg 15400 Saint Etienne de Chomeil\" style=\"width: 296px; height: 197px;\" \/> <\/a> <div class=\"tiled-gallery-caption\" itemprop=\"caption description\"> Mikael DURDU Votre Photographe La Ruche Cantalienne le bourg 15400 Saint Etienne de Chomeil <\/div> <\/div> <\/div> <!-- close group --> <div class=\"gallery-group images-1\" style=\"width: 300px; height: 201px;\" data-original-width=\"300\" data-original-height=\"201\" > <div class=\"tiled-gallery-item tiled-gallery-item-large\" itemprop=\"associatedMedia\" itemscope itemtype=\"http:\/\/schema.org\/ImageObject\"> <a href=\"https:\/\/www.ruche-cantalienne.durdu.fr\/img_1942\/\" border=\"0\" itemprop=\"url\"> <meta itemprop=\"width\" content=\"296\"> <meta itemprop=\"height\" content=\"197\"> <img decoding=\"async\" class=\"\" data-attachment-id=\"632\" data-orig-file=\"https:\/\/www.ruche-cantalienne.durdu.fr\/wp-content\/uploads\/2018\/07\/IMG_1942.jpg\" data-orig-size=\"5184,3456\" data-comments-opened=\"\" data-image-meta=\"{&quot;aperture&quot;:&quot;14&quot;,&quot;credit&quot;:&quot;Mikael DURDU&quot;,&quot;camera&quot;:&quot;Canon EOS 1300D&quot;,&quot;caption&quot;:&quot;&quot;,&quot;created_timestamp&quot;:&quot;1531387698&quot;,&quot;copyright&quot;:&quot;&quot;,&quot;focal_length&quot;:&quot;27&quot;,&quot;iso&quot;:&quot;800&quot;,&quot;shutter_speed&quot;:&quot;0.002&quot;,&quot;title&quot;:&quot;&quot;,&quot;orientation&quot;:&quot;1&quot;}\" data-image-title=\"IMG_1942\" data-image-description=\"\" data-medium-file=\"https:\/\/i0.wp.com\/www.ruche-cantalienne.durdu.fr\/wp-content\/uploads\/2018\/07\/IMG_1942.jpg?fit=200%2C133&#038;ssl=1\" data-large-file=\"https:\/\/i0.wp.com\/www.ruche-cantalienne.durdu.fr\/wp-content\/uploads\/2018\/07\/IMG_1942.jpg?fit=900%2C600&#038;ssl=1\" src=\"https:\/\/i0.wp.com\/www.ruche-cantalienne.durdu.fr\/wp-content\/uploads\/2018\/07\/IMG_1942.jpg?w=296&#038;h=197&#038;ssl=1\" srcset=\"https:\/\/i0.wp.com\/www.ruche-cantalienne.durdu.fr\/wp-content\/uploads\/2018\/07\/IMG_1942.jpg?w=5184&amp;ssl=1 5184w, https:\/\/i0.wp.com\/www.ruche-cantalienne.durdu.fr\/wp-content\/uploads\/2018\/07\/IMG_1942.jpg?resize=200%2C133&amp;ssl=1 200w, https:\/\/i0.wp.com\/www.ruche-cantalienne.durdu.fr\/wp-content\/uploads\/2018\/07\/IMG_1942.jpg?resize=768%2C512&amp;ssl=1 768w, https:\/\/i0.wp.com\/www.ruche-cantalienne.durdu.fr\/wp-content\/uploads\/2018\/07\/IMG_1942.jpg?resize=1024%2C683&amp;ssl=1 1024w, https:\/\/i0.wp.com\/www.ruche-cantalienne.durdu.fr\/wp-content\/uploads\/2018\/07\/IMG_1942.jpg?w=1800&amp;ssl=1 1800w, https:\/\/i0.wp.com\/www.ruche-cantalienne.durdu.fr\/wp-content\/uploads\/2018\/07\/IMG_1942.jpg?w=2700&amp;ssl=1 2700w\" width=\"296\" height=\"197\" loading=\"lazy\" data-original-width=\"296\" data-original-height=\"197\" itemprop=\"http:\/\/schema.org\/image\" title=\"IMG_1942\" alt=\"La Ruche Cantalienne le bourg - 15400 Saint Etienne de Chomeil\" style=\"width: 296px; height: 197px;\" \/> <\/a> <div class=\"tiled-gallery-caption\" itemprop=\"caption description\"> La Ruche Cantalienne le bourg &#8211; 15400 Saint Etienne de Chomeil <\/div> <\/div> <\/div> <!-- close group --> <div class=\"gallery-group images-1\" style=\"width: 300px; height: 201px;\" data-original-width=\"300\" data-original-height=\"201\" > <div class=\"tiled-gallery-item tiled-gallery-item-large\" itemprop=\"associatedMedia\" itemscope itemtype=\"http:\/\/schema.org\/ImageObject\"> <a href=\"https:\/\/www.ruche-cantalienne.durdu.fr\/img_2040\/\" border=\"0\" itemprop=\"url\"> <meta itemprop=\"width\" content=\"296\"> <meta itemprop=\"height\" content=\"197\"> <img decoding=\"async\" class=\"\" data-attachment-id=\"639\" data-orig-file=\"https:\/\/www.ruche-cantalienne.durdu.fr\/wp-content\/uploads\/2018\/07\/IMG_2040.jpg\" data-orig-size=\"5184,3456\" data-comments-opened=\"\" data-image-meta=\"{&quot;aperture&quot;:&quot;14&quot;,&quot;credit&quot;:&quot;Mikael DURDU&quot;,&quot;camera&quot;:&quot;Canon EOS 1300D&quot;,&quot;caption&quot;:&quot;&quot;,&quot;created_timestamp&quot;:&quot;1531390760&quot;,&quot;copyright&quot;:&quot;&quot;,&quot;focal_length&quot;:&quot;55&quot;,&quot;iso&quot;:&quot;800&quot;,&quot;shutter_speed&quot;:&quot;0.002&quot;,&quot;title&quot;:&quot;&quot;,&quot;orientation&quot;:&quot;1&quot;}\" data-image-title=\"IMG_2040\" data-image-description=\"\" data-medium-file=\"https:\/\/i0.wp.com\/www.ruche-cantalienne.durdu.fr\/wp-content\/uploads\/2018\/07\/IMG_2040.jpg?fit=200%2C133&#038;ssl=1\" data-large-file=\"https:\/\/i0.wp.com\/www.ruche-cantalienne.durdu.fr\/wp-content\/uploads\/2018\/07\/IMG_2040.jpg?fit=900%2C600&#038;ssl=1\" src=\"https:\/\/i0.wp.com\/www.ruche-cantalienne.durdu.fr\/wp-content\/uploads\/2018\/07\/IMG_2040.jpg?w=296&#038;h=197&#038;ssl=1\" srcset=\"https:\/\/i0.wp.com\/www.ruche-cantalienne.durdu.fr\/wp-content\/uploads\/2018\/07\/IMG_2040.jpg?w=5184&amp;ssl=1 5184w, https:\/\/i0.wp.com\/www.ruche-cantalienne.durdu.fr\/wp-content\/uploads\/2018\/07\/IMG_2040.jpg?resize=200%2C133&amp;ssl=1 200w, https:\/\/i0.wp.com\/www.ruche-cantalienne.durdu.fr\/wp-content\/uploads\/2018\/07\/IMG_2040.jpg?resize=768%2C512&amp;ssl=1 768w, https:\/\/i0.wp.com\/www.ruche-cantalienne.durdu.fr\/wp-content\/uploads\/2018\/07\/IMG_2040.jpg?resize=1024%2C683&amp;ssl=1 1024w, https:\/\/i0.wp.com\/www.ruche-cantalienne.durdu.fr\/wp-content\/uploads\/2018\/07\/IMG_2040.jpg?w=1800&amp;ssl=1 1800w, https:\/\/i0.wp.com\/www.ruche-cantalienne.durdu.fr\/wp-content\/uploads\/2018\/07\/IMG_2040.jpg?w=2700&amp;ssl=1 2700w\" width=\"296\" height=\"197\" loading=\"lazy\" data-original-width=\"296\" data-original-height=\"197\" itemprop=\"http:\/\/schema.org\/image\" title=\"IMG_2040\" alt=\"Mikael DURDU Votre Photographe La Ruche Cantalienne le bourg 15400 Saint Etienne de Chomeil\" style=\"width: 296px; height: 197px;\" \/> <\/a> <div class=\"tiled-gallery-caption\" itemprop=\"caption description\"> Mikael DURDU Votre Photographe La Ruche Cantalienne le bourg 15400 Saint Etienne de Chomeil <\/div> <\/div> <\/div> <!-- close group --> <\/div> <!-- close row --> <div class=\"gallery-row\" style=\"width: 900px; height: 402px;\" data-original-width=\"900\" data-original-height=\"402\" > <div class=\"gallery-group images-2\" style=\"width: 299px; height: 402px;\" data-original-width=\"299\" data-original-height=\"402\" > <div class=\"tiled-gallery-item tiled-gallery-item-large\" itemprop=\"associatedMedia\" itemscope itemtype=\"http:\/\/schema.org\/ImageObject\"> <a href=\"https:\/\/www.ruche-cantalienne.durdu.fr\/img_2042\/\" border=\"0\" itemprop=\"url\"> <meta itemprop=\"width\" content=\"295\"> <meta itemprop=\"height\" content=\"197\"> <img decoding=\"async\" class=\"\" data-attachment-id=\"640\" data-orig-file=\"https:\/\/www.ruche-cantalienne.durdu.fr\/wp-content\/uploads\/2018\/07\/IMG_2042.jpg\" data-orig-size=\"5184,3456\" data-comments-opened=\"\" data-image-meta=\"{&quot;aperture&quot;:&quot;16&quot;,&quot;credit&quot;:&quot;Mikael DURDU&quot;,&quot;camera&quot;:&quot;Canon EOS 1300D&quot;,&quot;caption&quot;:&quot;&quot;,&quot;created_timestamp&quot;:&quot;1531390831&quot;,&quot;copyright&quot;:&quot;&quot;,&quot;focal_length&quot;:&quot;18&quot;,&quot;iso&quot;:&quot;800&quot;,&quot;shutter_speed&quot;:&quot;0.00125&quot;,&quot;title&quot;:&quot;&quot;,&quot;orientation&quot;:&quot;1&quot;}\" data-image-title=\"IMG_2042\" data-image-description=\"\" data-medium-file=\"https:\/\/i0.wp.com\/www.ruche-cantalienne.durdu.fr\/wp-content\/uploads\/2018\/07\/IMG_2042.jpg?fit=200%2C133&#038;ssl=1\" data-large-file=\"https:\/\/i0.wp.com\/www.ruche-cantalienne.durdu.fr\/wp-content\/uploads\/2018\/07\/IMG_2042.jpg?fit=900%2C600&#038;ssl=1\" src=\"https:\/\/i0.wp.com\/www.ruche-cantalienne.durdu.fr\/wp-content\/uploads\/2018\/07\/IMG_2042.jpg?w=295&#038;h=197&#038;ssl=1\" srcset=\"https:\/\/i0.wp.com\/www.ruche-cantalienne.durdu.fr\/wp-content\/uploads\/2018\/07\/IMG_2042.jpg?w=5184&amp;ssl=1 5184w, https:\/\/i0.wp.com\/www.ruche-cantalienne.durdu.fr\/wp-content\/uploads\/2018\/07\/IMG_2042.jpg?resize=200%2C133&amp;ssl=1 200w, https:\/\/i0.wp.com\/www.ruche-cantalienne.durdu.fr\/wp-content\/uploads\/2018\/07\/IMG_2042.jpg?resize=768%2C512&amp;ssl=1 768w, https:\/\/i0.wp.com\/www.ruche-cantalienne.durdu.fr\/wp-content\/uploads\/2018\/07\/IMG_2042.jpg?resize=1024%2C683&amp;ssl=1 1024w, https:\/\/i0.wp.com\/www.ruche-cantalienne.durdu.fr\/wp-content\/uploads\/2018\/07\/IMG_2042.jpg?w=1800&amp;ssl=1 1800w, https:\/\/i0.wp.com\/www.ruche-cantalienne.durdu.fr\/wp-content\/uploads\/2018\/07\/IMG_2042.jpg?w=2700&amp;ssl=1 2700w\" width=\"295\" height=\"197\" loading=\"lazy\" data-original-width=\"295\" data-original-height=\"197\" itemprop=\"http:\/\/schema.org\/image\" title=\"IMG_2042\" alt=\"Mikael DURDU Votre Photographe La Ruche Cantalienne le bourg 15400 Saint Etienne de Chomeil\" style=\"width: 295px; height: 197px;\" \/> <\/a> <div class=\"tiled-gallery-caption\" itemprop=\"caption description\"> Mikael DURDU Votre Photographe La Ruche Cantalienne le bourg 15400 Saint Etienne de Chomeil <\/div> <\/div> <div class=\"tiled-gallery-item tiled-gallery-item-large\" itemprop=\"associatedMedia\" itemscope itemtype=\"http:\/\/schema.org\/ImageObject\"> <a href=\"https:\/\/www.ruche-cantalienne.durdu.fr\/img_2065\/\" border=\"0\" itemprop=\"url\"> <meta itemprop=\"width\" content=\"295\"> <meta itemprop=\"height\" content=\"197\"> <img decoding=\"async\" class=\"\" data-attachment-id=\"641\" data-orig-file=\"https:\/\/www.ruche-cantalienne.durdu.fr\/wp-content\/uploads\/2018\/07\/IMG_2065.jpg\" data-orig-size=\"5184,3456\" data-comments-opened=\"\" data-image-meta=\"{&quot;aperture&quot;:&quot;16&quot;,&quot;credit&quot;:&quot;Mikael DURDU&quot;,&quot;camera&quot;:&quot;Canon EOS 1300D&quot;,&quot;caption&quot;:&quot;&quot;,&quot;created_timestamp&quot;:&quot;1531391612&quot;,&quot;copyright&quot;:&quot;&quot;,&quot;focal_length&quot;:&quot;18&quot;,&quot;iso&quot;:&quot;800&quot;,&quot;shutter_speed&quot;:&quot;0.00125&quot;,&quot;title&quot;:&quot;&quot;,&quot;orientation&quot;:&quot;1&quot;}\" data-image-title=\"IMG_2065\" data-image-description=\"\" data-medium-file=\"https:\/\/i0.wp.com\/www.ruche-cantalienne.durdu.fr\/wp-content\/uploads\/2018\/07\/IMG_2065.jpg?fit=200%2C133&#038;ssl=1\" data-large-file=\"https:\/\/i0.wp.com\/www.ruche-cantalienne.durdu.fr\/wp-content\/uploads\/2018\/07\/IMG_2065.jpg?fit=900%2C600&#038;ssl=1\" src=\"https:\/\/i0.wp.com\/www.ruche-cantalienne.durdu.fr\/wp-content\/uploads\/2018\/07\/IMG_2065.jpg?w=295&#038;h=197&#038;ssl=1\" srcset=\"https:\/\/i0.wp.com\/www.ruche-cantalienne.durdu.fr\/wp-content\/uploads\/2018\/07\/IMG_2065.jpg?w=5184&amp;ssl=1 5184w, https:\/\/i0.wp.com\/www.ruche-cantalienne.durdu.fr\/wp-content\/uploads\/2018\/07\/IMG_2065.jpg?resize=200%2C133&amp;ssl=1 200w, https:\/\/i0.wp.com\/www.ruche-cantalienne.durdu.fr\/wp-content\/uploads\/2018\/07\/IMG_2065.jpg?resize=768%2C512&amp;ssl=1 768w, https:\/\/i0.wp.com\/www.ruche-cantalienne.durdu.fr\/wp-content\/uploads\/2018\/07\/IMG_2065.jpg?resize=1024%2C683&amp;ssl=1 1024w, https:\/\/i0.wp.com\/www.ruche-cantalienne.durdu.fr\/wp-content\/uploads\/2018\/07\/IMG_2065.jpg?w=1800&amp;ssl=1 1800w, https:\/\/i0.wp.com\/www.ruche-cantalienne.durdu.fr\/wp-content\/uploads\/2018\/07\/IMG_2065.jpg?w=2700&amp;ssl=1 2700w\" width=\"295\" height=\"197\" loading=\"lazy\" data-original-width=\"295\" data-original-height=\"197\" itemprop=\"http:\/\/schema.org\/image\" title=\"IMG_2065\" alt=\"Mikael DURDU Votre Photographe La Ruche Cantalienne le bourg 15400 Saint Etienne de Chomeil\" style=\"width: 295px; height: 197px;\" \/> <\/a> <div class=\"tiled-gallery-caption\" itemprop=\"caption description\"> Mikael DURDU Votre Photographe La Ruche Cantalienne le bourg 15400 Saint Etienne de Chomeil <\/div> <\/div> <\/div> <!-- close group --> <div class=\"gallery-group images-1\" style=\"width: 601px; height: 402px;\" data-original-width=\"601\" data-original-height=\"402\" > <div class=\"tiled-gallery-item tiled-gallery-item-large\" itemprop=\"associatedMedia\" itemscope itemtype=\"http:\/\/schema.org\/ImageObject\"> <a href=\"https:\/\/www.ruche-cantalienne.durdu.fr\/img_2079\/\" border=\"0\" itemprop=\"url\"> <meta itemprop=\"width\" content=\"597\"> <meta itemprop=\"height\" content=\"398\"> <img decoding=\"async\" class=\"\" data-attachment-id=\"644\" data-orig-file=\"https:\/\/www.ruche-cantalienne.durdu.fr\/wp-content\/uploads\/2018\/07\/IMG_2079.jpg\" data-orig-size=\"5184,3456\" data-comments-opened=\"\" data-image-meta=\"{&quot;aperture&quot;:&quot;13&quot;,&quot;credit&quot;:&quot;Mikael DURDU&quot;,&quot;camera&quot;:&quot;Canon EOS 1300D&quot;,&quot;caption&quot;:&quot;&quot;,&quot;created_timestamp&quot;:&quot;1531391836&quot;,&quot;copyright&quot;:&quot;&quot;,&quot;focal_length&quot;:&quot;55&quot;,&quot;iso&quot;:&quot;800&quot;,&quot;shutter_speed&quot;:&quot;0.002&quot;,&quot;title&quot;:&quot;&quot;,&quot;orientation&quot;:&quot;1&quot;}\" data-image-title=\"IMG_2079\" data-image-description=\"\" data-medium-file=\"https:\/\/i0.wp.com\/www.ruche-cantalienne.durdu.fr\/wp-content\/uploads\/2018\/07\/IMG_2079.jpg?fit=200%2C133&#038;ssl=1\" data-large-file=\"https:\/\/i0.wp.com\/www.ruche-cantalienne.durdu.fr\/wp-content\/uploads\/2018\/07\/IMG_2079.jpg?fit=900%2C600&#038;ssl=1\" src=\"https:\/\/i0.wp.com\/www.ruche-cantalienne.durdu.fr\/wp-content\/uploads\/2018\/07\/IMG_2079.jpg?w=597&#038;h=398&#038;ssl=1\" srcset=\"https:\/\/i0.wp.com\/www.ruche-cantalienne.durdu.fr\/wp-content\/uploads\/2018\/07\/IMG_2079.jpg?w=5184&amp;ssl=1 5184w, https:\/\/i0.wp.com\/www.ruche-cantalienne.durdu.fr\/wp-content\/uploads\/2018\/07\/IMG_2079.jpg?resize=200%2C133&amp;ssl=1 200w, https:\/\/i0.wp.com\/www.ruche-cantalienne.durdu.fr\/wp-content\/uploads\/2018\/07\/IMG_2079.jpg?resize=768%2C512&amp;ssl=1 768w, https:\/\/i0.wp.com\/www.ruche-cantalienne.durdu.fr\/wp-content\/uploads\/2018\/07\/IMG_2079.jpg?resize=1024%2C683&amp;ssl=1 1024w, https:\/\/i0.wp.com\/www.ruche-cantalienne.durdu.fr\/wp-content\/uploads\/2018\/07\/IMG_2079.jpg?w=1800&amp;ssl=1 1800w, https:\/\/i0.wp.com\/www.ruche-cantalienne.durdu.fr\/wp-content\/uploads\/2018\/07\/IMG_2079.jpg?w=2700&amp;ssl=1 2700w\" width=\"597\" height=\"398\" loading=\"lazy\" data-original-width=\"597\" data-original-height=\"398\" itemprop=\"http:\/\/schema.org\/image\" title=\"IMG_2079\" alt=\"Mikael DURDU Votre Photographe La Ruche Cantalienne le bourg 15400 Saint Etienne de Chomeil\" style=\"width: 597px; height: 398px;\" \/> <\/a> <div class=\"tiled-gallery-caption\" itemprop=\"caption description\"> Mikael DURDU Votre Photographe La Ruche Cantalienne le bourg 15400 Saint Etienne de Chomeil <\/div> <\/div> <\/div> <!-- close group --> <\/div> <!-- close row --> <div class=\"gallery-row\" style=\"width: 900px; height: 301px;\" data-original-width=\"900\" data-original-height=\"301\" > <div class=\"gallery-group images-1\" style=\"width: 450px; height: 301px;\" data-original-width=\"450\" data-original-height=\"301\" > <div class=\"tiled-gallery-item tiled-gallery-item-large\" itemprop=\"associatedMedia\" itemscope itemtype=\"http:\/\/schema.org\/ImageObject\"> <a href=\"https:\/\/www.ruche-cantalienne.durdu.fr\/img_2077\/\" border=\"0\" itemprop=\"url\"> <meta itemprop=\"width\" content=\"446\"> <meta itemprop=\"height\" content=\"297\"> <img decoding=\"async\" class=\"\" data-attachment-id=\"643\" data-orig-file=\"https:\/\/www.ruche-cantalienne.durdu.fr\/wp-content\/uploads\/2018\/07\/IMG_2077.jpg\" data-orig-size=\"5184,3456\" data-comments-opened=\"\" data-image-meta=\"{&quot;aperture&quot;:&quot;14&quot;,&quot;credit&quot;:&quot;Mikael DURDU&quot;,&quot;camera&quot;:&quot;Canon EOS 1300D&quot;,&quot;caption&quot;:&quot;&quot;,&quot;created_timestamp&quot;:&quot;1531391820&quot;,&quot;copyright&quot;:&quot;&quot;,&quot;focal_length&quot;:&quot;55&quot;,&quot;iso&quot;:&quot;800&quot;,&quot;shutter_speed&quot;:&quot;0.002&quot;,&quot;title&quot;:&quot;&quot;,&quot;orientation&quot;:&quot;1&quot;}\" data-image-title=\"IMG_2077\" data-image-description=\"\" data-medium-file=\"https:\/\/i0.wp.com\/www.ruche-cantalienne.durdu.fr\/wp-content\/uploads\/2018\/07\/IMG_2077.jpg?fit=200%2C133&#038;ssl=1\" data-large-file=\"https:\/\/i0.wp.com\/www.ruche-cantalienne.durdu.fr\/wp-content\/uploads\/2018\/07\/IMG_2077.jpg?fit=900%2C600&#038;ssl=1\" src=\"https:\/\/i0.wp.com\/www.ruche-cantalienne.durdu.fr\/wp-content\/uploads\/2018\/07\/IMG_2077.jpg?w=446&#038;h=297&#038;ssl=1\" srcset=\"https:\/\/i0.wp.com\/www.ruche-cantalienne.durdu.fr\/wp-content\/uploads\/2018\/07\/IMG_2077.jpg?w=5184&amp;ssl=1 5184w, https:\/\/i0.wp.com\/www.ruche-cantalienne.durdu.fr\/wp-content\/uploads\/2018\/07\/IMG_2077.jpg?resize=200%2C133&amp;ssl=1 200w, https:\/\/i0.wp.com\/www.ruche-cantalienne.durdu.fr\/wp-content\/uploads\/2018\/07\/IMG_2077.jpg?resize=768%2C512&amp;ssl=1 768w, https:\/\/i0.wp.com\/www.ruche-cantalienne.durdu.fr\/wp-content\/uploads\/2018\/07\/IMG_2077.jpg?resize=1024%2C683&amp;ssl=1 1024w, https:\/\/i0.wp.com\/www.ruche-cantalienne.durdu.fr\/wp-content\/uploads\/2018\/07\/IMG_2077.jpg?w=1800&amp;ssl=1 1800w, https:\/\/i0.wp.com\/www.ruche-cantalienne.durdu.fr\/wp-content\/uploads\/2018\/07\/IMG_2077.jpg?w=2700&amp;ssl=1 2700w\" width=\"446\" height=\"297\" loading=\"lazy\" data-original-width=\"446\" data-original-height=\"297\" itemprop=\"http:\/\/schema.org\/image\" title=\"IMG_2077\" alt=\"Mikael DURDU Votre Photographe La Ruche Cantalienne le bourg 15400 Saint Etienne de Chomeil\" style=\"width: 446px; height: 297px;\" \/> <\/a> <div class=\"tiled-gallery-caption\" itemprop=\"caption description\"> Mikael DURDU Votre Photographe La Ruche Cantalienne le bourg 15400 Saint Etienne de Chomeil <\/div> <\/div> <\/div> <!-- close group --> <div class=\"gallery-group images-1\" style=\"width: 450px; height: 301px;\" data-original-width=\"450\" data-original-height=\"301\" > <div class=\"tiled-gallery-item tiled-gallery-item-large\" itemprop=\"associatedMedia\" itemscope itemtype=\"http:\/\/schema.org\/ImageObject\"> <a href=\"https:\/\/www.ruche-cantalienne.durdu.fr\/img_2072\/\" border=\"0\" itemprop=\"url\"> <meta itemprop=\"width\" content=\"446\"> <meta itemprop=\"height\" content=\"297\"> <img decoding=\"async\" class=\"\" data-attachment-id=\"642\" data-orig-file=\"https:\/\/www.ruche-cantalienne.durdu.fr\/wp-content\/uploads\/2018\/07\/IMG_2072.jpg\" data-orig-size=\"5184,3456\" data-comments-opened=\"\" data-image-meta=\"{&quot;aperture&quot;:&quot;16&quot;,&quot;credit&quot;:&quot;Mikael DURDU&quot;,&quot;camera&quot;:&quot;Canon EOS 1300D&quot;,&quot;caption&quot;:&quot;&quot;,&quot;created_timestamp&quot;:&quot;1531391791&quot;,&quot;copyright&quot;:&quot;&quot;,&quot;focal_length&quot;:&quot;55&quot;,&quot;iso&quot;:&quot;800&quot;,&quot;shutter_speed&quot;:&quot;0.00125&quot;,&quot;title&quot;:&quot;&quot;,&quot;orientation&quot;:&quot;1&quot;}\" data-image-title=\"IMG_2072\" data-image-description=\"\" data-medium-file=\"https:\/\/i0.wp.com\/www.ruche-cantalienne.durdu.fr\/wp-content\/uploads\/2018\/07\/IMG_2072.jpg?fit=200%2C133&#038;ssl=1\" data-large-file=\"https:\/\/i0.wp.com\/www.ruche-cantalienne.durdu.fr\/wp-content\/uploads\/2018\/07\/IMG_2072.jpg?fit=900%2C600&#038;ssl=1\" src=\"https:\/\/i0.wp.com\/www.ruche-cantalienne.durdu.fr\/wp-content\/uploads\/2018\/07\/IMG_2072.jpg?w=446&#038;h=297&#038;ssl=1\" srcset=\"https:\/\/i0.wp.com\/www.ruche-cantalienne.durdu.fr\/wp-content\/uploads\/2018\/07\/IMG_2072.jpg?w=5184&amp;ssl=1 5184w, https:\/\/i0.wp.com\/www.ruche-cantalienne.durdu.fr\/wp-content\/uploads\/2018\/07\/IMG_2072.jpg?resize=200%2C133&amp;ssl=1 200w, https:\/\/i0.wp.com\/www.ruche-cantalienne.durdu.fr\/wp-content\/uploads\/2018\/07\/IMG_2072.jpg?resize=768%2C512&amp;ssl=1 768w, https:\/\/i0.wp.com\/www.ruche-cantalienne.durdu.fr\/wp-content\/uploads\/2018\/07\/IMG_2072.jpg?resize=1024%2C683&amp;ssl=1 1024w, https:\/\/i0.wp.com\/www.ruche-cantalienne.durdu.fr\/wp-content\/uploads\/2018\/07\/IMG_2072.jpg?w=1800&amp;ssl=1 1800w, https:\/\/i0.wp.com\/www.ruche-cantalienne.durdu.fr\/wp-content\/uploads\/2018\/07\/IMG_2072.jpg?w=2700&amp;ssl=1 2700w\" width=\"446\" height=\"297\" loading=\"lazy\" data-original-width=\"446\" data-original-height=\"297\" itemprop=\"http:\/\/schema.org\/image\" title=\"IMG_2072\" alt=\"Mikael DURDU Votre Photographe La Ruche Cantalienne le bourg 15400 Saint Etienne de Chomeil\" style=\"width: 446px; height: 297px;\" \/> <\/a> <div class=\"tiled-gallery-caption\" itemprop=\"caption description\"> Mikael DURDU Votre Photographe La Ruche Cantalienne le bourg 15400 Saint Etienne de Chomeil <\/div> <\/div> <\/div> <!-- close group --> <\/div> <!-- close row --> <div class=\"gallery-row\" style=\"width: 900px; height: 402px;\" data-original-width=\"900\" data-original-height=\"402\" > <div class=\"gallery-group images-1\" style=\"width: 601px; height: 402px;\" data-original-width=\"601\" data-original-height=\"402\" > <div class=\"tiled-gallery-item tiled-gallery-item-large\" itemprop=\"associatedMedia\" itemscope itemtype=\"http:\/\/schema.org\/ImageObject\"> <a href=\"https:\/\/www.ruche-cantalienne.durdu.fr\/img_2112\/\" border=\"0\" itemprop=\"url\"> <meta itemprop=\"width\" content=\"597\"> <meta itemprop=\"height\" content=\"398\"> <img decoding=\"async\" class=\"\" data-attachment-id=\"645\" data-orig-file=\"https:\/\/www.ruche-cantalienne.durdu.fr\/wp-content\/uploads\/2018\/07\/IMG_2112.jpg\" data-orig-size=\"5184,3456\" data-comments-opened=\"\" data-image-meta=\"{&quot;aperture&quot;:&quot;16&quot;,&quot;credit&quot;:&quot;Mikael DURDU&quot;,&quot;camera&quot;:&quot;Canon EOS 1300D&quot;,&quot;caption&quot;:&quot;&quot;,&quot;created_timestamp&quot;:&quot;1531392048&quot;,&quot;copyright&quot;:&quot;&quot;,&quot;focal_length&quot;:&quot;27&quot;,&quot;iso&quot;:&quot;800&quot;,&quot;shutter_speed&quot;:&quot;0.0015625&quot;,&quot;title&quot;:&quot;&quot;,&quot;orientation&quot;:&quot;1&quot;}\" data-image-title=\"IMG_2112\" data-image-description=\"\" data-medium-file=\"https:\/\/i0.wp.com\/www.ruche-cantalienne.durdu.fr\/wp-content\/uploads\/2018\/07\/IMG_2112.jpg?fit=200%2C133&#038;ssl=1\" data-large-file=\"https:\/\/i0.wp.com\/www.ruche-cantalienne.durdu.fr\/wp-content\/uploads\/2018\/07\/IMG_2112.jpg?fit=900%2C600&#038;ssl=1\" src=\"https:\/\/i0.wp.com\/www.ruche-cantalienne.durdu.fr\/wp-content\/uploads\/2018\/07\/IMG_2112.jpg?w=597&#038;h=398&#038;ssl=1\" srcset=\"https:\/\/i0.wp.com\/www.ruche-cantalienne.durdu.fr\/wp-content\/uploads\/2018\/07\/IMG_2112.jpg?w=5184&amp;ssl=1 5184w, https:\/\/i0.wp.com\/www.ruche-cantalienne.durdu.fr\/wp-content\/uploads\/2018\/07\/IMG_2112.jpg?resize=200%2C133&amp;ssl=1 200w, https:\/\/i0.wp.com\/www.ruche-cantalienne.durdu.fr\/wp-content\/uploads\/2018\/07\/IMG_2112.jpg?resize=768%2C512&amp;ssl=1 768w, https:\/\/i0.wp.com\/www.ruche-cantalienne.durdu.fr\/wp-content\/uploads\/2018\/07\/IMG_2112.jpg?resize=1024%2C683&amp;ssl=1 1024w, https:\/\/i0.wp.com\/www.ruche-cantalienne.durdu.fr\/wp-content\/uploads\/2018\/07\/IMG_2112.jpg?w=1800&amp;ssl=1 1800w, https:\/\/i0.wp.com\/www.ruche-cantalienne.durdu.fr\/wp-content\/uploads\/2018\/07\/IMG_2112.jpg?w=2700&amp;ssl=1 2700w\" width=\"597\" height=\"398\" loading=\"lazy\" data-original-width=\"597\" data-original-height=\"398\" itemprop=\"http:\/\/schema.org\/image\" title=\"IMG_2112\" alt=\"Mikael DURDU Votre Photographe La Ruche Cantalienne le bourg 15400 Saint Etienne de Chomeil\" style=\"width: 597px; height: 398px;\" \/> <\/a> <div class=\"tiled-gallery-caption\" itemprop=\"caption description\"> Mikael DURDU Votre Photographe La Ruche Cantalienne le bourg 15400 Saint Etienne de Chomeil <\/div> <\/div> <\/div> <!-- close group --> <div class=\"gallery-group images-2\" style=\"width: 299px; height: 402px;\" data-original-width=\"299\" data-original-height=\"402\" > <div class=\"tiled-gallery-item tiled-gallery-item-large\" itemprop=\"associatedMedia\" itemscope itemtype=\"http:\/\/schema.org\/ImageObject\"> <a href=\"https:\/\/www.ruche-cantalienne.durdu.fr\/img_2115\/\" border=\"0\" itemprop=\"url\"> <meta itemprop=\"width\" content=\"295\"> <meta itemprop=\"height\" content=\"197\"> <img decoding=\"async\" class=\"\" data-attachment-id=\"646\" data-orig-file=\"https:\/\/www.ruche-cantalienne.durdu.fr\/wp-content\/uploads\/2018\/07\/IMG_2115.jpg\" data-orig-size=\"5184,3456\" data-comments-opened=\"\" data-image-meta=\"{&quot;aperture&quot;:&quot;18&quot;,&quot;credit&quot;:&quot;Mikael DURDU&quot;,&quot;camera&quot;:&quot;Canon EOS 1300D&quot;,&quot;caption&quot;:&quot;&quot;,&quot;created_timestamp&quot;:&quot;1531393471&quot;,&quot;copyright&quot;:&quot;&quot;,&quot;focal_length&quot;:&quot;30&quot;,&quot;iso&quot;:&quot;800&quot;,&quot;shutter_speed&quot;:&quot;0.0015625&quot;,&quot;title&quot;:&quot;&quot;,&quot;orientation&quot;:&quot;1&quot;}\" data-image-title=\"IMG_2115\" data-image-description=\"\" data-medium-file=\"https:\/\/i0.wp.com\/www.ruche-cantalienne.durdu.fr\/wp-content\/uploads\/2018\/07\/IMG_2115.jpg?fit=200%2C133&#038;ssl=1\" data-large-file=\"https:\/\/i0.wp.com\/www.ruche-cantalienne.durdu.fr\/wp-content\/uploads\/2018\/07\/IMG_2115.jpg?fit=900%2C600&#038;ssl=1\" src=\"https:\/\/i0.wp.com\/www.ruche-cantalienne.durdu.fr\/wp-content\/uploads\/2018\/07\/IMG_2115.jpg?w=295&#038;h=197&#038;ssl=1\" srcset=\"https:\/\/i0.wp.com\/www.ruche-cantalienne.durdu.fr\/wp-content\/uploads\/2018\/07\/IMG_2115.jpg?w=5184&amp;ssl=1 5184w, https:\/\/i0.wp.com\/www.ruche-cantalienne.durdu.fr\/wp-content\/uploads\/2018\/07\/IMG_2115.jpg?resize=200%2C133&amp;ssl=1 200w, https:\/\/i0.wp.com\/www.ruche-cantalienne.durdu.fr\/wp-content\/uploads\/2018\/07\/IMG_2115.jpg?resize=768%2C512&amp;ssl=1 768w, https:\/\/i0.wp.com\/www.ruche-cantalienne.durdu.fr\/wp-content\/uploads\/2018\/07\/IMG_2115.jpg?resize=1024%2C683&amp;ssl=1 1024w, https:\/\/i0.wp.com\/www.ruche-cantalienne.durdu.fr\/wp-content\/uploads\/2018\/07\/IMG_2115.jpg?w=1800&amp;ssl=1 1800w, https:\/\/i0.wp.com\/www.ruche-cantalienne.durdu.fr\/wp-content\/uploads\/2018\/07\/IMG_2115.jpg?w=2700&amp;ssl=1 2700w\" width=\"295\" height=\"197\" loading=\"lazy\" data-original-width=\"295\" data-original-height=\"197\" itemprop=\"http:\/\/schema.org\/image\" title=\"IMG_2115\" alt=\"Mikael DURDU Votre Photographe La Ruche Cantalienne le bourg 15400 Saint Etienne de Chomeil\" style=\"width: 295px; height: 197px;\" \/> <\/a> <div class=\"tiled-gallery-caption\" itemprop=\"caption description\"> Mikael DURDU Votre Photographe La Ruche Cantalienne le bourg 15400 Saint Etienne de Chomeil <\/div> <\/div> <div class=\"tiled-gallery-item tiled-gallery-item-large\" itemprop=\"associatedMedia\" itemscope itemtype=\"http:\/\/schema.org\/ImageObject\"> <a href=\"https:\/\/www.ruche-cantalienne.durdu.fr\/img_2119\/\" border=\"0\" itemprop=\"url\"> <meta itemprop=\"width\" content=\"295\"> <meta itemprop=\"height\" content=\"197\"> <img decoding=\"async\" class=\"\" data-attachment-id=\"647\" data-orig-file=\"https:\/\/www.ruche-cantalienne.durdu.fr\/wp-content\/uploads\/2018\/07\/IMG_2119.jpg\" data-orig-size=\"5184,3456\" data-comments-opened=\"\" data-image-meta=\"{&quot;aperture&quot;:&quot;16&quot;,&quot;credit&quot;:&quot;Mikael DURDU&quot;,&quot;camera&quot;:&quot;Canon EOS 1300D&quot;,&quot;caption&quot;:&quot;&quot;,&quot;created_timestamp&quot;:&quot;1531393513&quot;,&quot;copyright&quot;:&quot;&quot;,&quot;focal_length&quot;:&quot;55&quot;,&quot;iso&quot;:&quot;800&quot;,&quot;shutter_speed&quot;:&quot;0.00125&quot;,&quot;title&quot;:&quot;&quot;,&quot;orientation&quot;:&quot;1&quot;}\" data-image-title=\"IMG_2119\" data-image-description=\"\" data-medium-file=\"https:\/\/i0.wp.com\/www.ruche-cantalienne.durdu.fr\/wp-content\/uploads\/2018\/07\/IMG_2119.jpg?fit=200%2C133&#038;ssl=1\" data-large-file=\"https:\/\/i0.wp.com\/www.ruche-cantalienne.durdu.fr\/wp-content\/uploads\/2018\/07\/IMG_2119.jpg?fit=900%2C600&#038;ssl=1\" src=\"https:\/\/i0.wp.com\/www.ruche-cantalienne.durdu.fr\/wp-content\/uploads\/2018\/07\/IMG_2119.jpg?w=295&#038;h=197&#038;ssl=1\" srcset=\"https:\/\/i0.wp.com\/www.ruche-cantalienne.durdu.fr\/wp-content\/uploads\/2018\/07\/IMG_2119.jpg?w=5184&amp;ssl=1 5184w, https:\/\/i0.wp.com\/www.ruche-cantalienne.durdu.fr\/wp-content\/uploads\/2018\/07\/IMG_2119.jpg?resize=200%2C133&amp;ssl=1 200w, https:\/\/i0.wp.com\/www.ruche-cantalienne.durdu.fr\/wp-content\/uploads\/2018\/07\/IMG_2119.jpg?resize=768%2C512&amp;ssl=1 768w, https:\/\/i0.wp.com\/www.ruche-cantalienne.durdu.fr\/wp-content\/uploads\/2018\/07\/IMG_2119.jpg?resize=1024%2C683&amp;ssl=1 1024w, https:\/\/i0.wp.com\/www.ruche-cantalienne.durdu.fr\/wp-content\/uploads\/2018\/07\/IMG_2119.jpg?w=1800&amp;ssl=1 1800w, https:\/\/i0.wp.com\/www.ruche-cantalienne.durdu.fr\/wp-content\/uploads\/2018\/07\/IMG_2119.jpg?w=2700&amp;ssl=1 2700w\" width=\"295\" height=\"197\" loading=\"lazy\" data-original-width=\"295\" data-original-height=\"197\" itemprop=\"http:\/\/schema.org\/image\" title=\"IMG_2119\" alt=\"Mikael DURDU Votre Photographe La Ruche Cantalienne le bourg 15400 Saint Etienne de Chomeil\" style=\"width: 295px; height: 197px;\" \/> <\/a> <div class=\"tiled-gallery-caption\" itemprop=\"caption description\"> Mikael DURDU Votre Photographe La Ruche Cantalienne le bourg 15400 Saint Etienne de Chomeil <\/div> <\/div> <\/div> <!-- close group --> <\/div> <!-- close row --> <\/div>\n<div class=\"tiled-gallery type-rectangular tiled-gallery-unresized\" data-original-width=\"900\" data-carousel-extra='{&quot;blog_id&quot;:1,&quot;permalink&quot;:&quot;https:\\\/\\\/www.ruche-cantalienne.durdu.fr\\\/index.php\\\/photographie-saint-etienne-de-chomeil\\\/&quot;,&quot;likes_blog_id&quot;:143275739}' itemscope itemtype=\"http:\/\/schema.org\/ImageGallery\" > <div class=\"gallery-row\" style=\"width: 900px; height: 395px;\" data-original-width=\"900\" data-original-height=\"395\" > <div class=\"gallery-group images-2\" style=\"width: 310px; height: 395px;\" data-original-width=\"310\" data-original-height=\"395\" > <div class=\"tiled-gallery-item tiled-gallery-item-large\" itemprop=\"associatedMedia\" itemscope itemtype=\"http:\/\/schema.org\/ImageObject\"> <a href=\"https:\/\/i0.wp.com\/www.ruche-cantalienne.durdu.fr\/wp-content\/uploads\/2018\/02\/le-bourg-ruche-cantalienne.jpg?ssl=1\" border=\"0\" itemprop=\"url\"> <meta itemprop=\"width\" content=\"306\"> <meta itemprop=\"height\" content=\"190\"> <img decoding=\"async\" class=\"\" data-attachment-id=\"146\" data-orig-file=\"https:\/\/www.ruche-cantalienne.durdu.fr\/wp-content\/uploads\/2018\/02\/le-bourg-ruche-cantalienne.jpg\" data-orig-size=\"1100,684\" data-comments-opened=\"1\" data-image-meta=\"{&quot;aperture&quot;:&quot;0&quot;,&quot;credit&quot;:&quot;&quot;,&quot;camera&quot;:&quot;&quot;,&quot;caption&quot;:&quot;&quot;,&quot;created_timestamp&quot;:&quot;0&quot;,&quot;copyright&quot;:&quot;&quot;,&quot;focal_length&quot;:&quot;0&quot;,&quot;iso&quot;:&quot;0&quot;,&quot;shutter_speed&quot;:&quot;0&quot;,&quot;title&quot;:&quot;&quot;,&quot;orientation&quot;:&quot;1&quot;}\" data-image-title=\"le bourg ruche cantalienne\" data-image-description=\"\" data-medium-file=\"https:\/\/i0.wp.com\/www.ruche-cantalienne.durdu.fr\/wp-content\/uploads\/2018\/02\/le-bourg-ruche-cantalienne.jpg?fit=200%2C125&#038;ssl=1\" data-large-file=\"https:\/\/i0.wp.com\/www.ruche-cantalienne.durdu.fr\/wp-content\/uploads\/2018\/02\/le-bourg-ruche-cantalienne.jpg?fit=900%2C560&#038;ssl=1\" src=\"https:\/\/i0.wp.com\/www.ruche-cantalienne.durdu.fr\/wp-content\/uploads\/2018\/02\/le-bourg-ruche-cantalienne.jpg?w=306&#038;h=190&#038;ssl=1\" srcset=\"https:\/\/i0.wp.com\/www.ruche-cantalienne.durdu.fr\/wp-content\/uploads\/2018\/02\/le-bourg-ruche-cantalienne.jpg?w=1100&amp;ssl=1 1100w, https:\/\/i0.wp.com\/www.ruche-cantalienne.durdu.fr\/wp-content\/uploads\/2018\/02\/le-bourg-ruche-cantalienne.jpg?resize=300%2C187&amp;ssl=1 300w, https:\/\/i0.wp.com\/www.ruche-cantalienne.durdu.fr\/wp-content\/uploads\/2018\/02\/le-bourg-ruche-cantalienne.jpg?resize=768%2C478&amp;ssl=1 768w, https:\/\/i0.wp.com\/www.ruche-cantalienne.durdu.fr\/wp-content\/uploads\/2018\/02\/le-bourg-ruche-cantalienne.jpg?resize=1024%2C637&amp;ssl=1 1024w\" width=\"306\" height=\"190\" loading=\"lazy\" data-original-width=\"306\" data-original-height=\"190\" itemprop=\"http:\/\/schema.org\/image\" title=\"le bourg ruche cantalienne\" alt=\"La Ruche Cantalienne\" style=\"width: 306px; height: 190px;\" \/> <\/a> <div class=\"tiled-gallery-caption\" itemprop=\"caption description\"> La Ruche Cantalienne <\/div> <\/div> <div class=\"tiled-gallery-item tiled-gallery-item-large\" itemprop=\"associatedMedia\" itemscope itemtype=\"http:\/\/schema.org\/ImageObject\"> <a href=\"https:\/\/i0.wp.com\/www.ruche-cantalienne.durdu.fr\/wp-content\/uploads\/2018\/02\/carte-postal-Saint-Etienne-001-1.jpg?ssl=1\" border=\"0\" itemprop=\"url\"> <meta itemprop=\"width\" content=\"306\"> <meta itemprop=\"height\" content=\"197\"> <img decoding=\"async\" class=\"\" data-attachment-id=\"150\" data-orig-file=\"https:\/\/www.ruche-cantalienne.durdu.fr\/wp-content\/uploads\/2018\/02\/carte-postal-Saint-Etienne-001-1.jpg\" data-orig-size=\"1024,657\" data-comments-opened=\"1\" data-image-meta=\"{&quot;aperture&quot;:&quot;0&quot;,&quot;credit&quot;:&quot;&quot;,&quot;camera&quot;:&quot;HP psc1400&quot;,&quot;caption&quot;:&quot;&quot;,&quot;created_timestamp&quot;:&quot;0&quot;,&quot;copyright&quot;:&quot;&quot;,&quot;focal_length&quot;:&quot;0&quot;,&quot;iso&quot;:&quot;0&quot;,&quot;shutter_speed&quot;:&quot;0&quot;,&quot;title&quot;:&quot;&quot;,&quot;orientation&quot;:&quot;1&quot;}\" data-image-title=\"carte postal Saint-Etienne-001\" data-image-description=\"\" data-medium-file=\"https:\/\/i0.wp.com\/www.ruche-cantalienne.durdu.fr\/wp-content\/uploads\/2018\/02\/carte-postal-Saint-Etienne-001-1.jpg?fit=200%2C128&#038;ssl=1\" data-large-file=\"https:\/\/i0.wp.com\/www.ruche-cantalienne.durdu.fr\/wp-content\/uploads\/2018\/02\/carte-postal-Saint-Etienne-001-1.jpg?fit=900%2C577&#038;ssl=1\" src=\"https:\/\/i0.wp.com\/www.ruche-cantalienne.durdu.fr\/wp-content\/uploads\/2018\/02\/carte-postal-Saint-Etienne-001-1.jpg?w=306&#038;h=197&#038;ssl=1\" srcset=\"https:\/\/i0.wp.com\/www.ruche-cantalienne.durdu.fr\/wp-content\/uploads\/2018\/02\/carte-postal-Saint-Etienne-001-1.jpg?w=1024&amp;ssl=1 1024w, https:\/\/i0.wp.com\/www.ruche-cantalienne.durdu.fr\/wp-content\/uploads\/2018\/02\/carte-postal-Saint-Etienne-001-1.jpg?resize=300%2C192&amp;ssl=1 300w, https:\/\/i0.wp.com\/www.ruche-cantalienne.durdu.fr\/wp-content\/uploads\/2018\/02\/carte-postal-Saint-Etienne-001-1.jpg?resize=768%2C493&amp;ssl=1 768w\" width=\"306\" height=\"197\" loading=\"lazy\" data-original-width=\"306\" data-original-height=\"197\" itemprop=\"http:\/\/schema.org\/image\" title=\"carte postal Saint-Etienne-001\" alt=\"\u00c9glise\" style=\"width: 306px; height: 197px;\" \/> <\/a> <div class=\"tiled-gallery-caption\" itemprop=\"caption description\"> \u00c9glise <\/div> <\/div> <\/div> <!-- close group --> <div class=\"gallery-group images-1\" style=\"width: 590px; height: 395px;\" data-original-width=\"590\" data-original-height=\"395\" > <div class=\"tiled-gallery-item tiled-gallery-item-large\" itemprop=\"associatedMedia\" itemscope itemtype=\"http:\/\/schema.org\/ImageObject\"> <a href=\"https:\/\/i0.wp.com\/www.ruche-cantalienne.durdu.fr\/wp-content\/uploads\/2018\/05\/salersbiere.jpg?ssl=1\" border=\"0\" itemprop=\"url\"> <meta itemprop=\"width\" content=\"586\"> <meta itemprop=\"height\" content=\"391\"> <img decoding=\"async\" class=\"\" data-attachment-id=\"428\" data-orig-file=\"https:\/\/www.ruche-cantalienne.durdu.fr\/wp-content\/uploads\/2018\/05\/salersbiere.jpg\" data-orig-size=\"5184,3456\" data-comments-opened=\"1\" data-image-meta=\"{&quot;aperture&quot;:&quot;5&quot;,&quot;credit&quot;:&quot;Mikael DURDU&quot;,&quot;camera&quot;:&quot;Canon EOS 1300D&quot;,&quot;caption&quot;:&quot;&quot;,&quot;created_timestamp&quot;:&quot;1525787309&quot;,&quot;copyright&quot;:&quot;&quot;,&quot;focal_length&quot;:&quot;42&quot;,&quot;iso&quot;:&quot;125&quot;,&quot;shutter_speed&quot;:&quot;0.016666666666667&quot;,&quot;title&quot;:&quot;&quot;,&quot;orientation&quot;:&quot;1&quot;}\" data-image-title=\"salersbiere\" data-image-description=\"\" data-medium-file=\"https:\/\/i0.wp.com\/www.ruche-cantalienne.durdu.fr\/wp-content\/uploads\/2018\/05\/salersbiere.jpg?fit=200%2C133&#038;ssl=1\" data-large-file=\"https:\/\/i0.wp.com\/www.ruche-cantalienne.durdu.fr\/wp-content\/uploads\/2018\/05\/salersbiere.jpg?fit=900%2C600&#038;ssl=1\" src=\"https:\/\/i0.wp.com\/www.ruche-cantalienne.durdu.fr\/wp-content\/uploads\/2018\/05\/salersbiere.jpg?w=586&#038;h=391&#038;ssl=1\" srcset=\"https:\/\/i0.wp.com\/www.ruche-cantalienne.durdu.fr\/wp-content\/uploads\/2018\/05\/salersbiere.jpg?w=5184&amp;ssl=1 5184w, https:\/\/i0.wp.com\/www.ruche-cantalienne.durdu.fr\/wp-content\/uploads\/2018\/05\/salersbiere.jpg?resize=200%2C133&amp;ssl=1 200w, https:\/\/i0.wp.com\/www.ruche-cantalienne.durdu.fr\/wp-content\/uploads\/2018\/05\/salersbiere.jpg?resize=768%2C512&amp;ssl=1 768w, https:\/\/i0.wp.com\/www.ruche-cantalienne.durdu.fr\/wp-content\/uploads\/2018\/05\/salersbiere.jpg?resize=1024%2C683&amp;ssl=1 1024w, https:\/\/i0.wp.com\/www.ruche-cantalienne.durdu.fr\/wp-content\/uploads\/2018\/05\/salersbiere.jpg?w=1800&amp;ssl=1 1800w, https:\/\/i0.wp.com\/www.ruche-cantalienne.durdu.fr\/wp-content\/uploads\/2018\/05\/salersbiere.jpg?w=2700&amp;ssl=1 2700w\" width=\"586\" height=\"391\" loading=\"lazy\" data-original-width=\"586\" data-original-height=\"391\" itemprop=\"http:\/\/schema.org\/image\" title=\"salersbiere\" alt=\"salersbiere\" style=\"width: 586px; height: 391px;\" \/> <\/a> <\/div> <\/div> <!-- close group --> <\/div> <!-- close row --> <div class=\"gallery-row\" style=\"width: 900px; height: 375px;\" data-original-width=\"900\" data-original-height=\"375\" > <div class=\"gallery-group images-1\" style=\"width: 585px; height: 375px;\" data-original-width=\"585\" data-original-height=\"375\" > <div class=\"tiled-gallery-item tiled-gallery-item-large\" itemprop=\"associatedMedia\" itemscope itemtype=\"http:\/\/schema.org\/ImageObject\"> <a href=\"https:\/\/i0.wp.com\/www.ruche-cantalienne.durdu.fr\/wp-content\/uploads\/2018\/02\/la-gare-sec.jpg?ssl=1\" border=\"0\" itemprop=\"url\"> <meta itemprop=\"width\" content=\"581\"> <meta itemprop=\"height\" content=\"371\"> <img decoding=\"async\" class=\"\" data-attachment-id=\"149\" data-orig-file=\"https:\/\/www.ruche-cantalienne.durdu.fr\/wp-content\/uploads\/2018\/02\/la-gare-sec.jpg\" data-orig-size=\"1100,702\" data-comments-opened=\"1\" data-image-meta=\"{&quot;aperture&quot;:&quot;0&quot;,&quot;credit&quot;:&quot;&quot;,&quot;camera&quot;:&quot;&quot;,&quot;caption&quot;:&quot;&quot;,&quot;created_timestamp&quot;:&quot;0&quot;,&quot;copyright&quot;:&quot;&quot;,&quot;focal_length&quot;:&quot;0&quot;,&quot;iso&quot;:&quot;0&quot;,&quot;shutter_speed&quot;:&quot;0&quot;,&quot;title&quot;:&quot;&quot;,&quot;orientation&quot;:&quot;1&quot;}\" data-image-title=\"la gare sec\" data-image-description=\"\" data-medium-file=\"https:\/\/i0.wp.com\/www.ruche-cantalienne.durdu.fr\/wp-content\/uploads\/2018\/02\/la-gare-sec.jpg?fit=200%2C127&#038;ssl=1\" data-large-file=\"https:\/\/i0.wp.com\/www.ruche-cantalienne.durdu.fr\/wp-content\/uploads\/2018\/02\/la-gare-sec.jpg?fit=900%2C574&#038;ssl=1\" src=\"https:\/\/i0.wp.com\/www.ruche-cantalienne.durdu.fr\/wp-content\/uploads\/2018\/02\/la-gare-sec.jpg?w=581&#038;h=371&#038;ssl=1\" srcset=\"https:\/\/i0.wp.com\/www.ruche-cantalienne.durdu.fr\/wp-content\/uploads\/2018\/02\/la-gare-sec.jpg?w=1100&amp;ssl=1 1100w, https:\/\/i0.wp.com\/www.ruche-cantalienne.durdu.fr\/wp-content\/uploads\/2018\/02\/la-gare-sec.jpg?resize=300%2C191&amp;ssl=1 300w, https:\/\/i0.wp.com\/www.ruche-cantalienne.durdu.fr\/wp-content\/uploads\/2018\/02\/la-gare-sec.jpg?resize=768%2C490&amp;ssl=1 768w, https:\/\/i0.wp.com\/www.ruche-cantalienne.durdu.fr\/wp-content\/uploads\/2018\/02\/la-gare-sec.jpg?resize=1024%2C653&amp;ssl=1 1024w\" width=\"581\" height=\"371\" loading=\"lazy\" data-original-width=\"581\" data-original-height=\"371\" itemprop=\"http:\/\/schema.org\/image\" title=\"la gare sec\" alt=\"La Gare\" style=\"width: 581px; height: 371px;\" \/> <\/a> <div class=\"tiled-gallery-caption\" itemprop=\"caption description\"> La Gare <\/div> <\/div> <\/div> <!-- close group --> <div class=\"gallery-group images-2\" style=\"width: 315px; height: 375px;\" data-original-width=\"315\" data-original-height=\"375\" > <div class=\"tiled-gallery-item tiled-gallery-item-large\" itemprop=\"associatedMedia\" itemscope itemtype=\"http:\/\/schema.org\/ImageObject\"> <a href=\"https:\/\/i0.wp.com\/www.ruche-cantalienne.durdu.fr\/wp-content\/uploads\/2018\/05\/chateaudeval.jpg?ssl=1\" border=\"0\" itemprop=\"url\"> <meta itemprop=\"width\" content=\"311\"> <meta itemprop=\"height\" content=\"159\"> <img decoding=\"async\" class=\"\" data-attachment-id=\"426\" data-orig-file=\"https:\/\/www.ruche-cantalienne.durdu.fr\/wp-content\/uploads\/2018\/05\/chateaudeval.jpg\" data-orig-size=\"3425,1753\" data-comments-opened=\"1\" data-image-meta=\"{&quot;aperture&quot;:&quot;8&quot;,&quot;credit&quot;:&quot;Mikael DURDU&quot;,&quot;camera&quot;:&quot;Canon EOS 1300D&quot;,&quot;caption&quot;:&quot;&quot;,&quot;created_timestamp&quot;:&quot;1525618898&quot;,&quot;copyright&quot;:&quot;&quot;,&quot;focal_length&quot;:&quot;18&quot;,&quot;iso&quot;:&quot;100&quot;,&quot;shutter_speed&quot;:&quot;0.003125&quot;,&quot;title&quot;:&quot;&quot;,&quot;orientation&quot;:&quot;1&quot;}\" data-image-title=\"chateaudeval\" data-image-description=\"\" data-medium-file=\"https:\/\/i0.wp.com\/www.ruche-cantalienne.durdu.fr\/wp-content\/uploads\/2018\/05\/chateaudeval.jpg?fit=200%2C102&#038;ssl=1\" data-large-file=\"https:\/\/i0.wp.com\/www.ruche-cantalienne.durdu.fr\/wp-content\/uploads\/2018\/05\/chateaudeval.jpg?fit=900%2C461&#038;ssl=1\" src=\"https:\/\/i0.wp.com\/www.ruche-cantalienne.durdu.fr\/wp-content\/uploads\/2018\/05\/chateaudeval.jpg?w=311&#038;h=159&#038;ssl=1\" srcset=\"https:\/\/i0.wp.com\/www.ruche-cantalienne.durdu.fr\/wp-content\/uploads\/2018\/05\/chateaudeval.jpg?w=3425&amp;ssl=1 3425w, https:\/\/i0.wp.com\/www.ruche-cantalienne.durdu.fr\/wp-content\/uploads\/2018\/05\/chateaudeval.jpg?resize=200%2C102&amp;ssl=1 200w, https:\/\/i0.wp.com\/www.ruche-cantalienne.durdu.fr\/wp-content\/uploads\/2018\/05\/chateaudeval.jpg?resize=768%2C393&amp;ssl=1 768w, https:\/\/i0.wp.com\/www.ruche-cantalienne.durdu.fr\/wp-content\/uploads\/2018\/05\/chateaudeval.jpg?resize=1024%2C524&amp;ssl=1 1024w, https:\/\/i0.wp.com\/www.ruche-cantalienne.durdu.fr\/wp-content\/uploads\/2018\/05\/chateaudeval.jpg?w=1800&amp;ssl=1 1800w, https:\/\/i0.wp.com\/www.ruche-cantalienne.durdu.fr\/wp-content\/uploads\/2018\/05\/chateaudeval.jpg?w=2700&amp;ssl=1 2700w\" width=\"311\" height=\"159\" loading=\"lazy\" data-original-width=\"311\" data-original-height=\"159\" itemprop=\"http:\/\/schema.org\/image\" title=\"chateaudeval\" alt=\"chateaudeval\" style=\"width: 311px; height: 159px;\" \/> <\/a> <\/div> <div class=\"tiled-gallery-item tiled-gallery-item-large\" itemprop=\"associatedMedia\" itemscope itemtype=\"http:\/\/schema.org\/ImageObject\"> <a href=\"https:\/\/i0.wp.com\/www.ruche-cantalienne.durdu.fr\/wp-content\/uploads\/2018\/05\/vache2.jpg?ssl=1\" border=\"0\" itemprop=\"url\"> <meta itemprop=\"width\" content=\"311\"> <meta itemprop=\"height\" content=\"208\"> <img decoding=\"async\" class=\"\" data-attachment-id=\"424\" data-orig-file=\"https:\/\/www.ruche-cantalienne.durdu.fr\/wp-content\/uploads\/2018\/05\/vache2.jpg\" data-orig-size=\"5184,3456\" data-comments-opened=\"1\" data-image-meta=\"{&quot;aperture&quot;:&quot;3.5&quot;,&quot;credit&quot;:&quot;Mikael DURDU&quot;,&quot;camera&quot;:&quot;Canon EOS 1300D&quot;,&quot;caption&quot;:&quot;&quot;,&quot;created_timestamp&quot;:&quot;1525543835&quot;,&quot;copyright&quot;:&quot;&quot;,&quot;focal_length&quot;:&quot;21&quot;,&quot;iso&quot;:&quot;125&quot;,&quot;shutter_speed&quot;:&quot;0.016666666666667&quot;,&quot;title&quot;:&quot;&quot;,&quot;orientation&quot;:&quot;1&quot;}\" data-image-title=\"vache2\" data-image-description=\"\" data-medium-file=\"https:\/\/i0.wp.com\/www.ruche-cantalienne.durdu.fr\/wp-content\/uploads\/2018\/05\/vache2.jpg?fit=200%2C133&#038;ssl=1\" data-large-file=\"https:\/\/i0.wp.com\/www.ruche-cantalienne.durdu.fr\/wp-content\/uploads\/2018\/05\/vache2.jpg?fit=900%2C600&#038;ssl=1\" src=\"https:\/\/i0.wp.com\/www.ruche-cantalienne.durdu.fr\/wp-content\/uploads\/2018\/05\/vache2.jpg?w=311&#038;h=208&#038;ssl=1\" srcset=\"https:\/\/i0.wp.com\/www.ruche-cantalienne.durdu.fr\/wp-content\/uploads\/2018\/05\/vache2.jpg?w=5184&amp;ssl=1 5184w, https:\/\/i0.wp.com\/www.ruche-cantalienne.durdu.fr\/wp-content\/uploads\/2018\/05\/vache2.jpg?resize=200%2C133&amp;ssl=1 200w, https:\/\/i0.wp.com\/www.ruche-cantalienne.durdu.fr\/wp-content\/uploads\/2018\/05\/vache2.jpg?resize=768%2C512&amp;ssl=1 768w, https:\/\/i0.wp.com\/www.ruche-cantalienne.durdu.fr\/wp-content\/uploads\/2018\/05\/vache2.jpg?resize=1024%2C683&amp;ssl=1 1024w, https:\/\/i0.wp.com\/www.ruche-cantalienne.durdu.fr\/wp-content\/uploads\/2018\/05\/vache2.jpg?w=1800&amp;ssl=1 1800w, https:\/\/i0.wp.com\/www.ruche-cantalienne.durdu.fr\/wp-content\/uploads\/2018\/05\/vache2.jpg?w=2700&amp;ssl=1 2700w\" width=\"311\" height=\"208\" loading=\"lazy\" data-original-width=\"311\" data-original-height=\"208\" itemprop=\"http:\/\/schema.org\/image\" title=\"vache2\" alt=\"vache2\" style=\"width: 311px; height: 208px;\" \/> <\/a> <\/div> <\/div> <!-- close group --> <\/div> <!-- close row --> <div class=\"gallery-row\" style=\"width: 900px; height: 298px;\" data-original-width=\"900\" data-original-height=\"298\" > <div class=\"gallery-group images-1\" style=\"width: 455px; height: 298px;\" data-original-width=\"455\" data-original-height=\"298\" > <div class=\"tiled-gallery-item tiled-gallery-item-large\" itemprop=\"associatedMedia\" itemscope itemtype=\"http:\/\/schema.org\/ImageObject\"> <a href=\"https:\/\/i0.wp.com\/www.ruche-cantalienne.durdu.fr\/wp-content\/uploads\/2018\/02\/sec.jpg?ssl=1\" border=\"0\" itemprop=\"url\"> <meta itemprop=\"width\" content=\"451\"> <meta itemprop=\"height\" content=\"294\"> <img decoding=\"async\" class=\"\" data-attachment-id=\"148\" data-orig-file=\"https:\/\/www.ruche-cantalienne.durdu.fr\/wp-content\/uploads\/2018\/02\/sec.jpg\" data-orig-size=\"1100,717\" data-comments-opened=\"1\" data-image-meta=\"{&quot;aperture&quot;:&quot;0&quot;,&quot;credit&quot;:&quot;&quot;,&quot;camera&quot;:&quot;&quot;,&quot;caption&quot;:&quot;&quot;,&quot;created_timestamp&quot;:&quot;0&quot;,&quot;copyright&quot;:&quot;&quot;,&quot;focal_length&quot;:&quot;0&quot;,&quot;iso&quot;:&quot;0&quot;,&quot;shutter_speed&quot;:&quot;0&quot;,&quot;title&quot;:&quot;&quot;,&quot;orientation&quot;:&quot;1&quot;}\" data-image-title=\"sec\" data-image-description=\"\" data-medium-file=\"https:\/\/i0.wp.com\/www.ruche-cantalienne.durdu.fr\/wp-content\/uploads\/2018\/02\/sec.jpg?fit=200%2C131&#038;ssl=1\" data-large-file=\"https:\/\/i0.wp.com\/www.ruche-cantalienne.durdu.fr\/wp-content\/uploads\/2018\/02\/sec.jpg?fit=900%2C586&#038;ssl=1\" src=\"https:\/\/i0.wp.com\/www.ruche-cantalienne.durdu.fr\/wp-content\/uploads\/2018\/02\/sec.jpg?w=451&#038;h=294&#038;ssl=1\" srcset=\"https:\/\/i0.wp.com\/www.ruche-cantalienne.durdu.fr\/wp-content\/uploads\/2018\/02\/sec.jpg?w=1100&amp;ssl=1 1100w, https:\/\/i0.wp.com\/www.ruche-cantalienne.durdu.fr\/wp-content\/uploads\/2018\/02\/sec.jpg?resize=300%2C196&amp;ssl=1 300w, https:\/\/i0.wp.com\/www.ruche-cantalienne.durdu.fr\/wp-content\/uploads\/2018\/02\/sec.jpg?resize=768%2C501&amp;ssl=1 768w, https:\/\/i0.wp.com\/www.ruche-cantalienne.durdu.fr\/wp-content\/uploads\/2018\/02\/sec.jpg?resize=1024%2C667&amp;ssl=1 1024w\" width=\"451\" height=\"294\" loading=\"lazy\" data-original-width=\"451\" data-original-height=\"294\" itemprop=\"http:\/\/schema.org\/image\" title=\"sec\" alt=\"Le Bourg\" style=\"width: 451px; height: 294px;\" \/> <\/a> <div class=\"tiled-gallery-caption\" itemprop=\"caption description\"> Le Bourg <\/div> <\/div> <\/div> <!-- close group --> <div class=\"gallery-group images-1\" style=\"width: 445px; height: 298px;\" data-original-width=\"445\" data-original-height=\"298\" > <div class=\"tiled-gallery-item tiled-gallery-item-large\" itemprop=\"associatedMedia\" itemscope itemtype=\"http:\/\/schema.org\/ImageObject\"> <a href=\"https:\/\/i0.wp.com\/www.ruche-cantalienne.durdu.fr\/wp-content\/uploads\/2018\/05\/cheval.jpg?ssl=1\" border=\"0\" itemprop=\"url\"> <meta itemprop=\"width\" content=\"441\"> <meta itemprop=\"height\" content=\"294\"> <img decoding=\"async\" class=\"\" data-attachment-id=\"425\" data-orig-file=\"https:\/\/www.ruche-cantalienne.durdu.fr\/wp-content\/uploads\/2018\/05\/cheval.jpg\" data-orig-size=\"5184,3456\" data-comments-opened=\"1\" data-image-meta=\"{&quot;aperture&quot;:&quot;5.6&quot;,&quot;credit&quot;:&quot;Mikael DURDU&quot;,&quot;camera&quot;:&quot;Canon EOS 1300D&quot;,&quot;caption&quot;:&quot;&quot;,&quot;created_timestamp&quot;:&quot;1525605176&quot;,&quot;copyright&quot;:&quot;&quot;,&quot;focal_length&quot;:&quot;200&quot;,&quot;iso&quot;:&quot;100&quot;,&quot;shutter_speed&quot;:&quot;0.003125&quot;,&quot;title&quot;:&quot;&quot;,&quot;orientation&quot;:&quot;1&quot;}\" data-image-title=\"cheval\" data-image-description=\"\" data-medium-file=\"https:\/\/i0.wp.com\/www.ruche-cantalienne.durdu.fr\/wp-content\/uploads\/2018\/05\/cheval.jpg?fit=200%2C133&#038;ssl=1\" data-large-file=\"https:\/\/i0.wp.com\/www.ruche-cantalienne.durdu.fr\/wp-content\/uploads\/2018\/05\/cheval.jpg?fit=900%2C600&#038;ssl=1\" src=\"https:\/\/i0.wp.com\/www.ruche-cantalienne.durdu.fr\/wp-content\/uploads\/2018\/05\/cheval.jpg?w=441&#038;h=294&#038;ssl=1\" srcset=\"https:\/\/i0.wp.com\/www.ruche-cantalienne.durdu.fr\/wp-content\/uploads\/2018\/05\/cheval.jpg?w=5184&amp;ssl=1 5184w, https:\/\/i0.wp.com\/www.ruche-cantalienne.durdu.fr\/wp-content\/uploads\/2018\/05\/cheval.jpg?resize=200%2C133&amp;ssl=1 200w, https:\/\/i0.wp.com\/www.ruche-cantalienne.durdu.fr\/wp-content\/uploads\/2018\/05\/cheval.jpg?resize=768%2C512&amp;ssl=1 768w, https:\/\/i0.wp.com\/www.ruche-cantalienne.durdu.fr\/wp-content\/uploads\/2018\/05\/cheval.jpg?resize=1024%2C683&amp;ssl=1 1024w, https:\/\/i0.wp.com\/www.ruche-cantalienne.durdu.fr\/wp-content\/uploads\/2018\/05\/cheval.jpg?w=1800&amp;ssl=1 1800w, https:\/\/i0.wp.com\/www.ruche-cantalienne.durdu.fr\/wp-content\/uploads\/2018\/05\/cheval.jpg?w=2700&amp;ssl=1 2700w\" width=\"441\" height=\"294\" loading=\"lazy\" data-original-width=\"441\" data-original-height=\"294\" itemprop=\"http:\/\/schema.org\/image\" title=\"cheval\" alt=\"cheval\" style=\"width: 441px; height: 294px;\" \/> <\/a> <\/div> <\/div> <!-- close group --> <\/div> <!-- close row --> <div class=\"gallery-row\" style=\"width: 900px; height: 290px;\" data-original-width=\"900\" data-original-height=\"290\" > <div class=\"gallery-group images-1\" style=\"width: 467px; height: 290px;\" data-original-width=\"467\" data-original-height=\"290\" > <div class=\"tiled-gallery-item tiled-gallery-item-large\" itemprop=\"associatedMedia\" itemscope itemtype=\"http:\/\/schema.org\/ImageObject\"> <a href=\"https:\/\/i0.wp.com\/www.ruche-cantalienne.durdu.fr\/wp-content\/uploads\/2018\/02\/Roc-d-urlande.jpg?ssl=1\" border=\"0\" itemprop=\"url\"> <meta itemprop=\"width\" content=\"463\"> <meta itemprop=\"height\" content=\"286\"> <img decoding=\"async\" class=\"\" data-attachment-id=\"147\" data-orig-file=\"https:\/\/www.ruche-cantalienne.durdu.fr\/wp-content\/uploads\/2018\/02\/Roc-d-urlande.jpg\" data-orig-size=\"1100,681\" data-comments-opened=\"1\" data-image-meta=\"{&quot;aperture&quot;:&quot;0&quot;,&quot;credit&quot;:&quot;&quot;,&quot;camera&quot;:&quot;&quot;,&quot;caption&quot;:&quot;&quot;,&quot;created_timestamp&quot;:&quot;0&quot;,&quot;copyright&quot;:&quot;&quot;,&quot;focal_length&quot;:&quot;0&quot;,&quot;iso&quot;:&quot;0&quot;,&quot;shutter_speed&quot;:&quot;0&quot;,&quot;title&quot;:&quot;&quot;,&quot;orientation&quot;:&quot;1&quot;}\" data-image-title=\"Roc d urlande\" data-image-description=\"\" data-medium-file=\"https:\/\/i0.wp.com\/www.ruche-cantalienne.durdu.fr\/wp-content\/uploads\/2018\/02\/Roc-d-urlande.jpg?fit=200%2C124&#038;ssl=1\" data-large-file=\"https:\/\/i0.wp.com\/www.ruche-cantalienne.durdu.fr\/wp-content\/uploads\/2018\/02\/Roc-d-urlande.jpg?fit=900%2C557&#038;ssl=1\" src=\"https:\/\/i0.wp.com\/www.ruche-cantalienne.durdu.fr\/wp-content\/uploads\/2018\/02\/Roc-d-urlande.jpg?w=463&#038;h=286&#038;ssl=1\" srcset=\"https:\/\/i0.wp.com\/www.ruche-cantalienne.durdu.fr\/wp-content\/uploads\/2018\/02\/Roc-d-urlande.jpg?w=1100&amp;ssl=1 1100w, https:\/\/i0.wp.com\/www.ruche-cantalienne.durdu.fr\/wp-content\/uploads\/2018\/02\/Roc-d-urlande.jpg?resize=300%2C186&amp;ssl=1 300w, https:\/\/i0.wp.com\/www.ruche-cantalienne.durdu.fr\/wp-content\/uploads\/2018\/02\/Roc-d-urlande.jpg?resize=768%2C475&amp;ssl=1 768w, https:\/\/i0.wp.com\/www.ruche-cantalienne.durdu.fr\/wp-content\/uploads\/2018\/02\/Roc-d-urlande.jpg?resize=1024%2C634&amp;ssl=1 1024w\" width=\"463\" height=\"286\" loading=\"lazy\" data-original-width=\"463\" data-original-height=\"286\" itemprop=\"http:\/\/schema.org\/image\" title=\"Roc d urlande\" alt=\"Le Roc D&#039;urlande\" style=\"width: 463px; height: 286px;\" \/> <\/a> <div class=\"tiled-gallery-caption\" itemprop=\"caption description\"> Le Roc D&rsquo;urlande <\/div> <\/div> <\/div> <!-- close group --> <div class=\"gallery-group images-1\" style=\"width: 433px; height: 290px;\" data-original-width=\"433\" data-original-height=\"290\" > <div class=\"tiled-gallery-item tiled-gallery-item-large\" itemprop=\"associatedMedia\" itemscope itemtype=\"http:\/\/schema.org\/ImageObject\"> <a href=\"https:\/\/i0.wp.com\/www.ruche-cantalienne.durdu.fr\/wp-content\/uploads\/2018\/05\/laruche.jpg?ssl=1\" border=\"0\" itemprop=\"url\"> <meta itemprop=\"width\" content=\"429\"> <meta itemprop=\"height\" content=\"286\"> <img decoding=\"async\" class=\"\" data-attachment-id=\"423\" data-orig-file=\"https:\/\/www.ruche-cantalienne.durdu.fr\/wp-content\/uploads\/2018\/05\/laruche.jpg\" data-orig-size=\"5184,3456\" data-comments-opened=\"1\" data-image-meta=\"{&quot;aperture&quot;:&quot;16&quot;,&quot;credit&quot;:&quot;Mikael DURDU&quot;,&quot;camera&quot;:&quot;Canon EOS 1300D&quot;,&quot;caption&quot;:&quot;&quot;,&quot;created_timestamp&quot;:&quot;1525542382&quot;,&quot;copyright&quot;:&quot;&quot;,&quot;focal_length&quot;:&quot;18&quot;,&quot;iso&quot;:&quot;800&quot;,&quot;shutter_speed&quot;:&quot;0.005&quot;,&quot;title&quot;:&quot;&quot;,&quot;orientation&quot;:&quot;1&quot;}\" data-image-title=\"laruche\" data-image-description=\"\" data-medium-file=\"https:\/\/i0.wp.com\/www.ruche-cantalienne.durdu.fr\/wp-content\/uploads\/2018\/05\/laruche.jpg?fit=200%2C133&#038;ssl=1\" data-large-file=\"https:\/\/i0.wp.com\/www.ruche-cantalienne.durdu.fr\/wp-content\/uploads\/2018\/05\/laruche.jpg?fit=900%2C600&#038;ssl=1\" src=\"https:\/\/i0.wp.com\/www.ruche-cantalienne.durdu.fr\/wp-content\/uploads\/2018\/05\/laruche.jpg?w=429&#038;h=286&#038;ssl=1\" srcset=\"https:\/\/i0.wp.com\/www.ruche-cantalienne.durdu.fr\/wp-content\/uploads\/2018\/05\/laruche.jpg?w=5184&amp;ssl=1 5184w, https:\/\/i0.wp.com\/www.ruche-cantalienne.durdu.fr\/wp-content\/uploads\/2018\/05\/laruche.jpg?resize=200%2C133&amp;ssl=1 200w, https:\/\/i0.wp.com\/www.ruche-cantalienne.durdu.fr\/wp-content\/uploads\/2018\/05\/laruche.jpg?resize=768%2C512&amp;ssl=1 768w, https:\/\/i0.wp.com\/www.ruche-cantalienne.durdu.fr\/wp-content\/uploads\/2018\/05\/laruche.jpg?resize=1024%2C683&amp;ssl=1 1024w, https:\/\/i0.wp.com\/www.ruche-cantalienne.durdu.fr\/wp-content\/uploads\/2018\/05\/laruche.jpg?w=1800&amp;ssl=1 1800w, https:\/\/i0.wp.com\/www.ruche-cantalienne.durdu.fr\/wp-content\/uploads\/2018\/05\/laruche.jpg?w=2700&amp;ssl=1 2700w\" width=\"429\" height=\"286\" loading=\"lazy\" data-original-width=\"429\" data-original-height=\"286\" itemprop=\"http:\/\/schema.org\/image\" title=\"laruche\" alt=\"laruche\" style=\"width: 429px; height: 286px;\" \/> <\/a> <\/div> <\/div> <!-- close group --> <\/div> <!-- close row --> <div class=\"gallery-row\" style=\"width: 900px; height: 197px;\" data-original-width=\"900\" data-original-height=\"197\" > <div class=\"gallery-group images-1\" style=\"width: 293px; height: 197px;\" data-original-width=\"293\" data-original-height=\"197\" > <div class=\"tiled-gallery-item tiled-gallery-item-large\" itemprop=\"associatedMedia\" itemscope itemtype=\"http:\/\/schema.org\/ImageObject\"> <a href=\"https:\/\/i0.wp.com\/www.ruche-cantalienne.durdu.fr\/wp-content\/uploads\/2018\/05\/Vulcania.jpg?ssl=1\" border=\"0\" itemprop=\"url\"> <meta itemprop=\"width\" content=\"289\"> <meta itemprop=\"height\" content=\"193\"> <img decoding=\"async\" class=\"\" data-attachment-id=\"422\" data-orig-file=\"https:\/\/www.ruche-cantalienne.durdu.fr\/wp-content\/uploads\/2018\/05\/Vulcania.jpg\" data-orig-size=\"5184,3456\" data-comments-opened=\"1\" data-image-meta=\"{&quot;aperture&quot;:&quot;10&quot;,&quot;credit&quot;:&quot;Mikael DURDU&quot;,&quot;camera&quot;:&quot;Canon EOS 1300D&quot;,&quot;caption&quot;:&quot;&quot;,&quot;created_timestamp&quot;:&quot;1525864159&quot;,&quot;copyright&quot;:&quot;&quot;,&quot;focal_length&quot;:&quot;39&quot;,&quot;iso&quot;:&quot;800&quot;,&quot;shutter_speed&quot;:&quot;0.005&quot;,&quot;title&quot;:&quot;&quot;,&quot;orientation&quot;:&quot;1&quot;}\" data-image-title=\"Vulcania\" data-image-description=\"\" data-medium-file=\"https:\/\/i0.wp.com\/www.ruche-cantalienne.durdu.fr\/wp-content\/uploads\/2018\/05\/Vulcania.jpg?fit=200%2C133&#038;ssl=1\" data-large-file=\"https:\/\/i0.wp.com\/www.ruche-cantalienne.durdu.fr\/wp-content\/uploads\/2018\/05\/Vulcania.jpg?fit=900%2C600&#038;ssl=1\" src=\"https:\/\/i0.wp.com\/www.ruche-cantalienne.durdu.fr\/wp-content\/uploads\/2018\/05\/Vulcania.jpg?w=289&#038;h=193&#038;ssl=1\" srcset=\"https:\/\/i0.wp.com\/www.ruche-cantalienne.durdu.fr\/wp-content\/uploads\/2018\/05\/Vulcania.jpg?w=5184&amp;ssl=1 5184w, https:\/\/i0.wp.com\/www.ruche-cantalienne.durdu.fr\/wp-content\/uploads\/2018\/05\/Vulcania.jpg?resize=200%2C133&amp;ssl=1 200w, https:\/\/i0.wp.com\/www.ruche-cantalienne.durdu.fr\/wp-content\/uploads\/2018\/05\/Vulcania.jpg?resize=768%2C512&amp;ssl=1 768w, https:\/\/i0.wp.com\/www.ruche-cantalienne.durdu.fr\/wp-content\/uploads\/2018\/05\/Vulcania.jpg?resize=1024%2C683&amp;ssl=1 1024w, https:\/\/i0.wp.com\/www.ruche-cantalienne.durdu.fr\/wp-content\/uploads\/2018\/05\/Vulcania.jpg?w=1800&amp;ssl=1 1800w, https:\/\/i0.wp.com\/www.ruche-cantalienne.durdu.fr\/wp-content\/uploads\/2018\/05\/Vulcania.jpg?w=2700&amp;ssl=1 2700w\" width=\"289\" height=\"193\" loading=\"lazy\" data-original-width=\"289\" data-original-height=\"193\" itemprop=\"http:\/\/schema.org\/image\" title=\"Vulcania\" alt=\"Vulcania\" style=\"width: 289px; height: 193px;\" \/> <\/a> <\/div> <\/div> <!-- close group --> <div class=\"gallery-group images-1\" style=\"width: 314px; height: 197px;\" data-original-width=\"314\" data-original-height=\"197\" > <div class=\"tiled-gallery-item tiled-gallery-item-large\" itemprop=\"associatedMedia\" itemscope itemtype=\"http:\/\/schema.org\/ImageObject\"> <a href=\"https:\/\/i0.wp.com\/www.ruche-cantalienne.durdu.fr\/wp-content\/uploads\/2018\/02\/lac-mont-de-belier.jpg?ssl=1\" border=\"0\" itemprop=\"url\"> <meta itemprop=\"width\" content=\"310\"> <meta itemprop=\"height\" content=\"193\"> <img decoding=\"async\" class=\"\" data-attachment-id=\"145\" data-orig-file=\"https:\/\/www.ruche-cantalienne.durdu.fr\/wp-content\/uploads\/2018\/02\/lac-mont-de-belier.jpg\" data-orig-size=\"1100,682\" data-comments-opened=\"1\" data-image-meta=\"{&quot;aperture&quot;:&quot;0&quot;,&quot;credit&quot;:&quot;&quot;,&quot;camera&quot;:&quot;&quot;,&quot;caption&quot;:&quot;&quot;,&quot;created_timestamp&quot;:&quot;0&quot;,&quot;copyright&quot;:&quot;&quot;,&quot;focal_length&quot;:&quot;0&quot;,&quot;iso&quot;:&quot;0&quot;,&quot;shutter_speed&quot;:&quot;0&quot;,&quot;title&quot;:&quot;&quot;,&quot;orientation&quot;:&quot;1&quot;}\" data-image-title=\"Galerie Photographies Anciennes\" data-image-description=\"\" data-medium-file=\"https:\/\/i0.wp.com\/www.ruche-cantalienne.durdu.fr\/wp-content\/uploads\/2018\/02\/lac-mont-de-belier.jpg?fit=200%2C124&#038;ssl=1\" data-large-file=\"https:\/\/i0.wp.com\/www.ruche-cantalienne.durdu.fr\/wp-content\/uploads\/2018\/02\/lac-mont-de-belier.jpg?fit=900%2C558&#038;ssl=1\" src=\"https:\/\/i0.wp.com\/www.ruche-cantalienne.durdu.fr\/wp-content\/uploads\/2018\/02\/lac-mont-de-belier.jpg?w=310&#038;h=193&#038;ssl=1\" srcset=\"https:\/\/i0.wp.com\/www.ruche-cantalienne.durdu.fr\/wp-content\/uploads\/2018\/02\/lac-mont-de-belier.jpg?w=1100&amp;ssl=1 1100w, https:\/\/i0.wp.com\/www.ruche-cantalienne.durdu.fr\/wp-content\/uploads\/2018\/02\/lac-mont-de-belier.jpg?resize=300%2C186&amp;ssl=1 300w, https:\/\/i0.wp.com\/www.ruche-cantalienne.durdu.fr\/wp-content\/uploads\/2018\/02\/lac-mont-de-belier.jpg?resize=768%2C476&amp;ssl=1 768w, https:\/\/i0.wp.com\/www.ruche-cantalienne.durdu.fr\/wp-content\/uploads\/2018\/02\/lac-mont-de-belier.jpg?resize=1024%2C635&amp;ssl=1 1024w\" width=\"310\" height=\"193\" loading=\"lazy\" data-original-width=\"310\" data-original-height=\"193\" itemprop=\"http:\/\/schema.org\/image\" title=\"Galerie Photographies Anciennes\" alt=\"Le Lac\" style=\"width: 310px; height: 193px;\" \/> <\/a> <div class=\"tiled-gallery-caption\" itemprop=\"caption description\"> Le Lac <\/div> <\/div> <\/div> <!-- close group --> <div class=\"gallery-group images-1\" style=\"width: 293px; height: 197px;\" data-original-width=\"293\" data-original-height=\"197\" > <div class=\"tiled-gallery-item tiled-gallery-item-large\" itemprop=\"associatedMedia\" itemscope itemtype=\"http:\/\/schema.org\/ImageObject\"> <a href=\"https:\/\/i0.wp.com\/www.ruche-cantalienne.durdu.fr\/wp-content\/uploads\/2018\/05\/vache.jpg?ssl=1\" border=\"0\" itemprop=\"url\"> <meta itemprop=\"width\" content=\"289\"> <meta itemprop=\"height\" content=\"193\"> <img decoding=\"async\" class=\"\" data-attachment-id=\"427\" data-orig-file=\"https:\/\/www.ruche-cantalienne.durdu.fr\/wp-content\/uploads\/2018\/05\/vache.jpg\" data-orig-size=\"5184,3456\" data-comments-opened=\"1\" data-image-meta=\"{&quot;aperture&quot;:&quot;5.6&quot;,&quot;credit&quot;:&quot;Mikael DURDU&quot;,&quot;camera&quot;:&quot;Canon EOS 1300D&quot;,&quot;caption&quot;:&quot;&quot;,&quot;created_timestamp&quot;:&quot;1525792919&quot;,&quot;copyright&quot;:&quot;&quot;,&quot;focal_length&quot;:&quot;45&quot;,&quot;iso&quot;:&quot;800&quot;,&quot;shutter_speed&quot;:&quot;0.005&quot;,&quot;title&quot;:&quot;&quot;,&quot;orientation&quot;:&quot;1&quot;}\" data-image-title=\"vache\" data-image-description=\"\" data-medium-file=\"https:\/\/i0.wp.com\/www.ruche-cantalienne.durdu.fr\/wp-content\/uploads\/2018\/05\/vache.jpg?fit=200%2C133&#038;ssl=1\" data-large-file=\"https:\/\/i0.wp.com\/www.ruche-cantalienne.durdu.fr\/wp-content\/uploads\/2018\/05\/vache.jpg?fit=900%2C600&#038;ssl=1\" src=\"https:\/\/i0.wp.com\/www.ruche-cantalienne.durdu.fr\/wp-content\/uploads\/2018\/05\/vache.jpg?w=289&#038;h=193&#038;ssl=1\" srcset=\"https:\/\/i0.wp.com\/www.ruche-cantalienne.durdu.fr\/wp-content\/uploads\/2018\/05\/vache.jpg?w=5184&amp;ssl=1 5184w, https:\/\/i0.wp.com\/www.ruche-cantalienne.durdu.fr\/wp-content\/uploads\/2018\/05\/vache.jpg?resize=200%2C133&amp;ssl=1 200w, https:\/\/i0.wp.com\/www.ruche-cantalienne.durdu.fr\/wp-content\/uploads\/2018\/05\/vache.jpg?resize=768%2C512&amp;ssl=1 768w, https:\/\/i0.wp.com\/www.ruche-cantalienne.durdu.fr\/wp-content\/uploads\/2018\/05\/vache.jpg?resize=1024%2C683&amp;ssl=1 1024w, https:\/\/i0.wp.com\/www.ruche-cantalienne.durdu.fr\/wp-content\/uploads\/2018\/05\/vache.jpg?w=1800&amp;ssl=1 1800w, https:\/\/i0.wp.com\/www.ruche-cantalienne.durdu.fr\/wp-content\/uploads\/2018\/05\/vache.jpg?w=2700&amp;ssl=1 2700w\" width=\"289\" height=\"193\" loading=\"lazy\" data-original-width=\"289\" data-original-height=\"193\" itemprop=\"http:\/\/schema.org\/image\" title=\"vache\" alt=\"vache\" style=\"width: 289px; height: 193px;\" \/> <\/a> <\/div> <\/div> <!-- close group --> <\/div> <!-- close row --> <\/div>\n<\/p>\n\n\n<figure class=\"wp-block-gallery has-nested-images columns-default is-cropped wp-block-gallery-1 is-layout-flex wp-block-gallery-is-layout-flex\">\n<figure class=\"wp-block-image\"><img data-recalc-dims=\"1\" loading=\"lazy\" decoding=\"async\" width=\"900\" height=\"675\" data-attachment-id=\"893\" data-permalink=\"https:\/\/www.ruche-cantalienne.durdu.fr\/index.php\/photographie-saint-etienne-de-chomeil\/img_20190215_163139\/\" data-orig-file=\"https:\/\/i0.wp.com\/www.ruche-cantalienne.durdu.fr\/wp-content\/uploads\/2019\/02\/IMG_20190215_163139-1.jpg?fit=3968%2C2976&amp;ssl=1\" data-orig-size=\"3968,2976\" data-comments-opened=\"0\" data-image-meta=\"{&quot;aperture&quot;:&quot;1.6&quot;,&quot;credit&quot;:&quot;&quot;,&quot;camera&quot;:&quot;BLA-L29&quot;,&quot;caption&quot;:&quot;oznor_vivid&quot;,&quot;created_timestamp&quot;:&quot;1550248300&quot;,&quot;copyright&quot;:&quot;&quot;,&quot;focal_length&quot;:&quot;3.95&quot;,&quot;iso&quot;:&quot;50&quot;,&quot;shutter_speed&quot;:&quot;0.000678&quot;,&quot;title&quot;:&quot;oznor_vivid&quot;,&quot;orientation&quot;:&quot;0&quot;}\" data-image-title=\"IMG_20190215_163139\" data-image-description=\"\" data-image-caption=\"&lt;p&gt;oznor_vivid&lt;\/p&gt;\n\" data-large-file=\"https:\/\/i0.wp.com\/www.ruche-cantalienne.durdu.fr\/wp-content\/uploads\/2019\/02\/IMG_20190215_163139-1.jpg?fit=900%2C675&amp;ssl=1\" data-id=\"893\" src=\"https:\/\/i0.wp.com\/www.ruche-cantalienne.durdu.fr\/wp-content\/uploads\/2019\/02\/IMG_20190215_163139-1.jpg?resize=900%2C675&#038;ssl=1\" alt=\"\" class=\"wp-image-893\" srcset=\"https:\/\/i0.wp.com\/www.ruche-cantalienne.durdu.fr\/wp-content\/uploads\/2019\/02\/IMG_20190215_163139-1.jpg?resize=1024%2C768&amp;ssl=1 1024w, https:\/\/i0.wp.com\/www.ruche-cantalienne.durdu.fr\/wp-content\/uploads\/2019\/02\/IMG_20190215_163139-1.jpg?resize=200%2C150&amp;ssl=1 200w, https:\/\/i0.wp.com\/www.ruche-cantalienne.durdu.fr\/wp-content\/uploads\/2019\/02\/IMG_20190215_163139-1.jpg?resize=768%2C576&amp;ssl=1 768w, https:\/\/i0.wp.com\/www.ruche-cantalienne.durdu.fr\/wp-content\/uploads\/2019\/02\/IMG_20190215_163139-1.jpg?resize=1320%2C990&amp;ssl=1 1320w, https:\/\/i0.wp.com\/www.ruche-cantalienne.durdu.fr\/wp-content\/uploads\/2019\/02\/IMG_20190215_163139-1.jpg?w=1800&amp;ssl=1 1800w, https:\/\/i0.wp.com\/www.ruche-cantalienne.durdu.fr\/wp-content\/uploads\/2019\/02\/IMG_20190215_163139-1.jpg?w=2700&amp;ssl=1 2700w\" sizes=\"auto, (max-width: 900px) 100vw, 900px\" \/><figcaption class=\"wp-element-caption\">oznor_vivid<\/figcaption><\/figure>\n\n\n\n<figure class=\"wp-block-image\"><img data-recalc-dims=\"1\" loading=\"lazy\" decoding=\"async\" width=\"900\" height=\"675\" data-attachment-id=\"894\" data-permalink=\"https:\/\/www.ruche-cantalienne.durdu.fr\/index.php\/photographie-saint-etienne-de-chomeil\/img_20190215_163114\/\" data-orig-file=\"https:\/\/i0.wp.com\/www.ruche-cantalienne.durdu.fr\/wp-content\/uploads\/2019\/02\/IMG_20190215_163114-1.jpg?fit=3968%2C2976&amp;ssl=1\" data-orig-size=\"3968,2976\" data-comments-opened=\"0\" data-image-meta=\"{&quot;aperture&quot;:&quot;1.6&quot;,&quot;credit&quot;:&quot;&quot;,&quot;camera&quot;:&quot;BLA-L29&quot;,&quot;caption&quot;:&quot;sdr_vivid&quot;,&quot;created_timestamp&quot;:&quot;1550248275&quot;,&quot;copyright&quot;:&quot;&quot;,&quot;focal_length&quot;:&quot;3.95&quot;,&quot;iso&quot;:&quot;50&quot;,&quot;shutter_speed&quot;:&quot;0.000561&quot;,&quot;title&quot;:&quot;sdr_vivid&quot;,&quot;orientation&quot;:&quot;0&quot;}\" data-image-title=\"IMG_20190215_163114\" data-image-description=\"\" data-image-caption=\"&lt;p&gt;sdr_vivid&lt;\/p&gt;\n\" data-large-file=\"https:\/\/i0.wp.com\/www.ruche-cantalienne.durdu.fr\/wp-content\/uploads\/2019\/02\/IMG_20190215_163114-1.jpg?fit=900%2C675&amp;ssl=1\" data-id=\"894\" src=\"https:\/\/i0.wp.com\/www.ruche-cantalienne.durdu.fr\/wp-content\/uploads\/2019\/02\/IMG_20190215_163114-1.jpg?resize=900%2C675&#038;ssl=1\" alt=\"\" class=\"wp-image-894\" srcset=\"https:\/\/i0.wp.com\/www.ruche-cantalienne.durdu.fr\/wp-content\/uploads\/2019\/02\/IMG_20190215_163114-1.jpg?resize=1024%2C768&amp;ssl=1 1024w, https:\/\/i0.wp.com\/www.ruche-cantalienne.durdu.fr\/wp-content\/uploads\/2019\/02\/IMG_20190215_163114-1.jpg?resize=200%2C150&amp;ssl=1 200w, https:\/\/i0.wp.com\/www.ruche-cantalienne.durdu.fr\/wp-content\/uploads\/2019\/02\/IMG_20190215_163114-1.jpg?resize=768%2C576&amp;ssl=1 768w, https:\/\/i0.wp.com\/www.ruche-cantalienne.durdu.fr\/wp-content\/uploads\/2019\/02\/IMG_20190215_163114-1.jpg?resize=1320%2C990&amp;ssl=1 1320w, https:\/\/i0.wp.com\/www.ruche-cantalienne.durdu.fr\/wp-content\/uploads\/2019\/02\/IMG_20190215_163114-1.jpg?w=1800&amp;ssl=1 1800w, https:\/\/i0.wp.com\/www.ruche-cantalienne.durdu.fr\/wp-content\/uploads\/2019\/02\/IMG_20190215_163114-1.jpg?w=2700&amp;ssl=1 2700w\" sizes=\"auto, (max-width: 900px) 100vw, 900px\" \/><figcaption class=\"wp-element-caption\">sdr_vivid<\/figcaption><\/figure>\n\n\n\n<figure class=\"wp-block-image\"><img data-recalc-dims=\"1\" loading=\"lazy\" decoding=\"async\" width=\"900\" height=\"675\" data-attachment-id=\"895\" data-permalink=\"https:\/\/www.ruche-cantalienne.durdu.fr\/index.php\/photographie-saint-etienne-de-chomeil\/img_20190215_162850\/\" data-orig-file=\"https:\/\/i0.wp.com\/www.ruche-cantalienne.durdu.fr\/wp-content\/uploads\/2019\/02\/IMG_20190215_162850.jpg?fit=3968%2C2976&amp;ssl=1\" data-orig-size=\"3968,2976\" data-comments-opened=\"0\" data-image-meta=\"{&quot;aperture&quot;:&quot;1.6&quot;,&quot;credit&quot;:&quot;&quot;,&quot;camera&quot;:&quot;BLA-L29&quot;,&quot;caption&quot;:&quot;oznor_vivid&quot;,&quot;created_timestamp&quot;:&quot;1550248131&quot;,&quot;copyright&quot;:&quot;&quot;,&quot;focal_length&quot;:&quot;3.95&quot;,&quot;iso&quot;:&quot;50&quot;,&quot;shutter_speed&quot;:&quot;0.000819&quot;,&quot;title&quot;:&quot;oznor_vivid&quot;,&quot;orientation&quot;:&quot;0&quot;}\" data-image-title=\"IMG_20190215_162850\" data-image-description=\"\" data-image-caption=\"&lt;p&gt;oznor_vivid&lt;\/p&gt;\n\" data-large-file=\"https:\/\/i0.wp.com\/www.ruche-cantalienne.durdu.fr\/wp-content\/uploads\/2019\/02\/IMG_20190215_162850.jpg?fit=900%2C675&amp;ssl=1\" data-id=\"895\" src=\"https:\/\/i0.wp.com\/www.ruche-cantalienne.durdu.fr\/wp-content\/uploads\/2019\/02\/IMG_20190215_162850.jpg?resize=900%2C675&#038;ssl=1\" alt=\"\" class=\"wp-image-895\" srcset=\"https:\/\/i0.wp.com\/www.ruche-cantalienne.durdu.fr\/wp-content\/uploads\/2019\/02\/IMG_20190215_162850.jpg?resize=1024%2C768&amp;ssl=1 1024w, https:\/\/i0.wp.com\/www.ruche-cantalienne.durdu.fr\/wp-content\/uploads\/2019\/02\/IMG_20190215_162850.jpg?resize=200%2C150&amp;ssl=1 200w, https:\/\/i0.wp.com\/www.ruche-cantalienne.durdu.fr\/wp-content\/uploads\/2019\/02\/IMG_20190215_162850.jpg?resize=768%2C576&amp;ssl=1 768w, https:\/\/i0.wp.com\/www.ruche-cantalienne.durdu.fr\/wp-content\/uploads\/2019\/02\/IMG_20190215_162850.jpg?resize=1320%2C990&amp;ssl=1 1320w, https:\/\/i0.wp.com\/www.ruche-cantalienne.durdu.fr\/wp-content\/uploads\/2019\/02\/IMG_20190215_162850.jpg?w=1800&amp;ssl=1 1800w, https:\/\/i0.wp.com\/www.ruche-cantalienne.durdu.fr\/wp-content\/uploads\/2019\/02\/IMG_20190215_162850.jpg?w=2700&amp;ssl=1 2700w\" sizes=\"auto, (max-width: 900px) 100vw, 900px\" \/><figcaption class=\"wp-element-caption\">oznor_vivid<\/figcaption><\/figure>\n\n\n\n<figure class=\"wp-block-image\"><img data-recalc-dims=\"1\" loading=\"lazy\" decoding=\"async\" width=\"900\" height=\"675\" data-attachment-id=\"896\" data-permalink=\"https:\/\/www.ruche-cantalienne.durdu.fr\/index.php\/photographie-saint-etienne-de-chomeil\/img_20190215_162421\/\" data-orig-file=\"https:\/\/i0.wp.com\/www.ruche-cantalienne.durdu.fr\/wp-content\/uploads\/2019\/02\/IMG_20190215_162421.jpg?fit=3968%2C2976&amp;ssl=1\" data-orig-size=\"3968,2976\" data-comments-opened=\"0\" data-image-meta=\"{&quot;aperture&quot;:&quot;1.6&quot;,&quot;credit&quot;:&quot;&quot;,&quot;camera&quot;:&quot;BLA-L29&quot;,&quot;caption&quot;:&quot;oznor_vivid&quot;,&quot;created_timestamp&quot;:&quot;1550247863&quot;,&quot;copyright&quot;:&quot;&quot;,&quot;focal_length&quot;:&quot;3.95&quot;,&quot;iso&quot;:&quot;50&quot;,&quot;shutter_speed&quot;:&quot;0.00042&quot;,&quot;title&quot;:&quot;oznor_vivid&quot;,&quot;orientation&quot;:&quot;0&quot;}\" data-image-title=\"IMG_20190215_162421\" data-image-description=\"\" data-image-caption=\"&lt;p&gt;oznor_vivid&lt;\/p&gt;\n\" data-large-file=\"https:\/\/i0.wp.com\/www.ruche-cantalienne.durdu.fr\/wp-content\/uploads\/2019\/02\/IMG_20190215_162421.jpg?fit=900%2C675&amp;ssl=1\" data-id=\"896\" src=\"https:\/\/i0.wp.com\/www.ruche-cantalienne.durdu.fr\/wp-content\/uploads\/2019\/02\/IMG_20190215_162421.jpg?resize=900%2C675&#038;ssl=1\" alt=\"\" class=\"wp-image-896\" srcset=\"https:\/\/i0.wp.com\/www.ruche-cantalienne.durdu.fr\/wp-content\/uploads\/2019\/02\/IMG_20190215_162421.jpg?resize=1024%2C768&amp;ssl=1 1024w, https:\/\/i0.wp.com\/www.ruche-cantalienne.durdu.fr\/wp-content\/uploads\/2019\/02\/IMG_20190215_162421.jpg?resize=200%2C150&amp;ssl=1 200w, https:\/\/i0.wp.com\/www.ruche-cantalienne.durdu.fr\/wp-content\/uploads\/2019\/02\/IMG_20190215_162421.jpg?resize=768%2C576&amp;ssl=1 768w, https:\/\/i0.wp.com\/www.ruche-cantalienne.durdu.fr\/wp-content\/uploads\/2019\/02\/IMG_20190215_162421.jpg?resize=1320%2C990&amp;ssl=1 1320w, https:\/\/i0.wp.com\/www.ruche-cantalienne.durdu.fr\/wp-content\/uploads\/2019\/02\/IMG_20190215_162421.jpg?w=1800&amp;ssl=1 1800w, https:\/\/i0.wp.com\/www.ruche-cantalienne.durdu.fr\/wp-content\/uploads\/2019\/02\/IMG_20190215_162421.jpg?w=2700&amp;ssl=1 2700w\" sizes=\"auto, (max-width: 900px) 100vw, 900px\" \/><figcaption class=\"wp-element-caption\">oznor_vivid<\/figcaption><\/figure>\n\n\n\n<figure class=\"wp-block-image\"><img data-recalc-dims=\"1\" loading=\"lazy\" decoding=\"async\" width=\"900\" height=\"675\" data-attachment-id=\"897\" data-permalink=\"https:\/\/www.ruche-cantalienne.durdu.fr\/index.php\/photographie-saint-etienne-de-chomeil\/img_20190215_162418\/\" data-orig-file=\"https:\/\/i0.wp.com\/www.ruche-cantalienne.durdu.fr\/wp-content\/uploads\/2019\/02\/IMG_20190215_162418.jpg?fit=3968%2C2976&amp;ssl=1\" data-orig-size=\"3968,2976\" data-comments-opened=\"0\" data-image-meta=\"{&quot;aperture&quot;:&quot;1.6&quot;,&quot;credit&quot;:&quot;&quot;,&quot;camera&quot;:&quot;BLA-L29&quot;,&quot;caption&quot;:&quot;oznor_vivid&quot;,&quot;created_timestamp&quot;:&quot;1550247859&quot;,&quot;copyright&quot;:&quot;&quot;,&quot;focal_length&quot;:&quot;3.95&quot;,&quot;iso&quot;:&quot;50&quot;,&quot;shutter_speed&quot;:&quot;0.000452&quot;,&quot;title&quot;:&quot;oznor_vivid&quot;,&quot;orientation&quot;:&quot;0&quot;}\" data-image-title=\"IMG_20190215_162418\" data-image-description=\"\" data-image-caption=\"&lt;p&gt;oznor_vivid&lt;\/p&gt;\n\" data-large-file=\"https:\/\/i0.wp.com\/www.ruche-cantalienne.durdu.fr\/wp-content\/uploads\/2019\/02\/IMG_20190215_162418.jpg?fit=900%2C675&amp;ssl=1\" data-id=\"897\" src=\"https:\/\/i0.wp.com\/www.ruche-cantalienne.durdu.fr\/wp-content\/uploads\/2019\/02\/IMG_20190215_162418.jpg?resize=900%2C675&#038;ssl=1\" alt=\"\" class=\"wp-image-897\" srcset=\"https:\/\/i0.wp.com\/www.ruche-cantalienne.durdu.fr\/wp-content\/uploads\/2019\/02\/IMG_20190215_162418.jpg?resize=1024%2C768&amp;ssl=1 1024w, https:\/\/i0.wp.com\/www.ruche-cantalienne.durdu.fr\/wp-content\/uploads\/2019\/02\/IMG_20190215_162418.jpg?resize=200%2C150&amp;ssl=1 200w, https:\/\/i0.wp.com\/www.ruche-cantalienne.durdu.fr\/wp-content\/uploads\/2019\/02\/IMG_20190215_162418.jpg?resize=768%2C576&amp;ssl=1 768w, https:\/\/i0.wp.com\/www.ruche-cantalienne.durdu.fr\/wp-content\/uploads\/2019\/02\/IMG_20190215_162418.jpg?resize=1320%2C990&amp;ssl=1 1320w, https:\/\/i0.wp.com\/www.ruche-cantalienne.durdu.fr\/wp-content\/uploads\/2019\/02\/IMG_20190215_162418.jpg?w=1800&amp;ssl=1 1800w, https:\/\/i0.wp.com\/www.ruche-cantalienne.durdu.fr\/wp-content\/uploads\/2019\/02\/IMG_20190215_162418.jpg?w=2700&amp;ssl=1 2700w\" sizes=\"auto, (max-width: 900px) 100vw, 900px\" \/><figcaption class=\"wp-element-caption\">oznor_vivid<\/figcaption><\/figure>\n\n\n\n<figure class=\"wp-block-image\"><img data-recalc-dims=\"1\" loading=\"lazy\" decoding=\"async\" width=\"900\" height=\"675\" data-attachment-id=\"898\" data-permalink=\"https:\/\/www.ruche-cantalienne.durdu.fr\/index.php\/photographie-saint-etienne-de-chomeil\/img_20190215_162411\/\" data-orig-file=\"https:\/\/i0.wp.com\/www.ruche-cantalienne.durdu.fr\/wp-content\/uploads\/2019\/02\/IMG_20190215_162411.jpg?fit=3968%2C2976&amp;ssl=1\" data-orig-size=\"3968,2976\" data-comments-opened=\"0\" data-image-meta=\"{&quot;aperture&quot;:&quot;1.6&quot;,&quot;credit&quot;:&quot;&quot;,&quot;camera&quot;:&quot;BLA-L29&quot;,&quot;caption&quot;:&quot;dav_vivid&quot;,&quot;created_timestamp&quot;:&quot;1550247851&quot;,&quot;copyright&quot;:&quot;&quot;,&quot;focal_length&quot;:&quot;3.95&quot;,&quot;iso&quot;:&quot;50&quot;,&quot;shutter_speed&quot;:&quot;0.00054&quot;,&quot;title&quot;:&quot;dav_vivid&quot;,&quot;orientation&quot;:&quot;0&quot;}\" data-image-title=\"IMG_20190215_162411\" data-image-description=\"\" data-image-caption=\"&lt;p&gt;dav_vivid&lt;\/p&gt;\n\" data-large-file=\"https:\/\/i0.wp.com\/www.ruche-cantalienne.durdu.fr\/wp-content\/uploads\/2019\/02\/IMG_20190215_162411.jpg?fit=900%2C675&amp;ssl=1\" data-id=\"898\" src=\"https:\/\/i0.wp.com\/www.ruche-cantalienne.durdu.fr\/wp-content\/uploads\/2019\/02\/IMG_20190215_162411.jpg?resize=900%2C675&#038;ssl=1\" alt=\"\" class=\"wp-image-898\" srcset=\"https:\/\/i0.wp.com\/www.ruche-cantalienne.durdu.fr\/wp-content\/uploads\/2019\/02\/IMG_20190215_162411.jpg?resize=1024%2C768&amp;ssl=1 1024w, https:\/\/i0.wp.com\/www.ruche-cantalienne.durdu.fr\/wp-content\/uploads\/2019\/02\/IMG_20190215_162411.jpg?resize=200%2C150&amp;ssl=1 200w, https:\/\/i0.wp.com\/www.ruche-cantalienne.durdu.fr\/wp-content\/uploads\/2019\/02\/IMG_20190215_162411.jpg?resize=768%2C576&amp;ssl=1 768w, https:\/\/i0.wp.com\/www.ruche-cantalienne.durdu.fr\/wp-content\/uploads\/2019\/02\/IMG_20190215_162411.jpg?resize=1320%2C990&amp;ssl=1 1320w, https:\/\/i0.wp.com\/www.ruche-cantalienne.durdu.fr\/wp-content\/uploads\/2019\/02\/IMG_20190215_162411.jpg?w=1800&amp;ssl=1 1800w, https:\/\/i0.wp.com\/www.ruche-cantalienne.durdu.fr\/wp-content\/uploads\/2019\/02\/IMG_20190215_162411.jpg?w=2700&amp;ssl=1 2700w\" sizes=\"auto, (max-width: 900px) 100vw, 900px\" \/><figcaption class=\"wp-element-caption\">dav_vivid<\/figcaption><\/figure>\n\n\n\n<figure class=\"wp-block-image\"><img data-recalc-dims=\"1\" loading=\"lazy\" decoding=\"async\" width=\"900\" height=\"675\" data-attachment-id=\"899\" data-permalink=\"https:\/\/www.ruche-cantalienne.durdu.fr\/index.php\/photographie-saint-etienne-de-chomeil\/img_20190215_160818\/\" data-orig-file=\"https:\/\/i0.wp.com\/www.ruche-cantalienne.durdu.fr\/wp-content\/uploads\/2019\/02\/IMG_20190215_160818.jpg?fit=3968%2C2976&amp;ssl=1\" data-orig-size=\"3968,2976\" data-comments-opened=\"0\" data-image-meta=\"{&quot;aperture&quot;:&quot;1.6&quot;,&quot;credit&quot;:&quot;&quot;,&quot;camera&quot;:&quot;BLA-L29&quot;,&quot;caption&quot;:&quot;ptroz&quot;,&quot;created_timestamp&quot;:&quot;1550246898&quot;,&quot;copyright&quot;:&quot;&quot;,&quot;focal_length&quot;:&quot;3.95&quot;,&quot;iso&quot;:&quot;50&quot;,&quot;shutter_speed&quot;:&quot;0.00037&quot;,&quot;title&quot;:&quot;ptroz&quot;,&quot;orientation&quot;:&quot;0&quot;}\" data-image-title=\"IMG_20190215_160818\" data-image-description=\"\" data-image-caption=\"&lt;p&gt;ptroz&lt;\/p&gt;\n\" data-large-file=\"https:\/\/i0.wp.com\/www.ruche-cantalienne.durdu.fr\/wp-content\/uploads\/2019\/02\/IMG_20190215_160818.jpg?fit=900%2C675&amp;ssl=1\" data-id=\"899\" src=\"https:\/\/i0.wp.com\/www.ruche-cantalienne.durdu.fr\/wp-content\/uploads\/2019\/02\/IMG_20190215_160818.jpg?resize=900%2C675&#038;ssl=1\" alt=\"\" class=\"wp-image-899\" srcset=\"https:\/\/i0.wp.com\/www.ruche-cantalienne.durdu.fr\/wp-content\/uploads\/2019\/02\/IMG_20190215_160818.jpg?resize=1024%2C768&amp;ssl=1 1024w, https:\/\/i0.wp.com\/www.ruche-cantalienne.durdu.fr\/wp-content\/uploads\/2019\/02\/IMG_20190215_160818.jpg?resize=200%2C150&amp;ssl=1 200w, https:\/\/i0.wp.com\/www.ruche-cantalienne.durdu.fr\/wp-content\/uploads\/2019\/02\/IMG_20190215_160818.jpg?resize=768%2C576&amp;ssl=1 768w, https:\/\/i0.wp.com\/www.ruche-cantalienne.durdu.fr\/wp-content\/uploads\/2019\/02\/IMG_20190215_160818.jpg?resize=1320%2C990&amp;ssl=1 1320w, https:\/\/i0.wp.com\/www.ruche-cantalienne.durdu.fr\/wp-content\/uploads\/2019\/02\/IMG_20190215_160818.jpg?w=1800&amp;ssl=1 1800w, https:\/\/i0.wp.com\/www.ruche-cantalienne.durdu.fr\/wp-content\/uploads\/2019\/02\/IMG_20190215_160818.jpg?w=2700&amp;ssl=1 2700w\" sizes=\"auto, (max-width: 900px) 100vw, 900px\" \/><figcaption class=\"wp-element-caption\">ptroz<\/figcaption><\/figure>\n\n\n\n<figure class=\"wp-block-image\"><img data-recalc-dims=\"1\" loading=\"lazy\" decoding=\"async\" width=\"900\" height=\"675\" data-attachment-id=\"900\" data-permalink=\"https:\/\/www.ruche-cantalienne.durdu.fr\/index.php\/photographie-saint-etienne-de-chomeil\/img_20190215_160812\/\" data-orig-file=\"https:\/\/i0.wp.com\/www.ruche-cantalienne.durdu.fr\/wp-content\/uploads\/2019\/02\/IMG_20190215_160812.jpg?fit=3968%2C2976&amp;ssl=1\" data-orig-size=\"3968,2976\" data-comments-opened=\"0\" data-image-meta=\"{&quot;aperture&quot;:&quot;1.6&quot;,&quot;credit&quot;:&quot;&quot;,&quot;camera&quot;:&quot;BLA-L29&quot;,&quot;caption&quot;:&quot;ptr&quot;,&quot;created_timestamp&quot;:&quot;1550246892&quot;,&quot;copyright&quot;:&quot;&quot;,&quot;focal_length&quot;:&quot;3.95&quot;,&quot;iso&quot;:&quot;50&quot;,&quot;shutter_speed&quot;:&quot;0.000378&quot;,&quot;title&quot;:&quot;ptr&quot;,&quot;orientation&quot;:&quot;0&quot;}\" data-image-title=\"IMG_20190215_160812\" data-image-description=\"\" data-image-caption=\"&lt;p&gt;ptr&lt;\/p&gt;\n\" data-large-file=\"https:\/\/i0.wp.com\/www.ruche-cantalienne.durdu.fr\/wp-content\/uploads\/2019\/02\/IMG_20190215_160812.jpg?fit=900%2C675&amp;ssl=1\" data-id=\"900\" src=\"https:\/\/i0.wp.com\/www.ruche-cantalienne.durdu.fr\/wp-content\/uploads\/2019\/02\/IMG_20190215_160812.jpg?resize=900%2C675&#038;ssl=1\" alt=\"\" class=\"wp-image-900\" srcset=\"https:\/\/i0.wp.com\/www.ruche-cantalienne.durdu.fr\/wp-content\/uploads\/2019\/02\/IMG_20190215_160812.jpg?resize=1024%2C768&amp;ssl=1 1024w, https:\/\/i0.wp.com\/www.ruche-cantalienne.durdu.fr\/wp-content\/uploads\/2019\/02\/IMG_20190215_160812.jpg?resize=200%2C150&amp;ssl=1 200w, https:\/\/i0.wp.com\/www.ruche-cantalienne.durdu.fr\/wp-content\/uploads\/2019\/02\/IMG_20190215_160812.jpg?resize=768%2C576&amp;ssl=1 768w, https:\/\/i0.wp.com\/www.ruche-cantalienne.durdu.fr\/wp-content\/uploads\/2019\/02\/IMG_20190215_160812.jpg?resize=1320%2C990&amp;ssl=1 1320w, https:\/\/i0.wp.com\/www.ruche-cantalienne.durdu.fr\/wp-content\/uploads\/2019\/02\/IMG_20190215_160812.jpg?w=1800&amp;ssl=1 1800w, https:\/\/i0.wp.com\/www.ruche-cantalienne.durdu.fr\/wp-content\/uploads\/2019\/02\/IMG_20190215_160812.jpg?w=2700&amp;ssl=1 2700w\" sizes=\"auto, (max-width: 900px) 100vw, 900px\" \/><figcaption class=\"wp-element-caption\">ptr<\/figcaption><\/figure>\n\n\n\n<figure class=\"wp-block-image\"><img data-recalc-dims=\"1\" loading=\"lazy\" decoding=\"async\" width=\"900\" height=\"675\" data-attachment-id=\"901\" data-permalink=\"https:\/\/www.ruche-cantalienne.durdu.fr\/index.php\/photographie-saint-etienne-de-chomeil\/img_20190215_160644\/\" data-orig-file=\"https:\/\/i0.wp.com\/www.ruche-cantalienne.durdu.fr\/wp-content\/uploads\/2019\/02\/IMG_20190215_160644.jpg?fit=3968%2C2976&amp;ssl=1\" data-orig-size=\"3968,2976\" data-comments-opened=\"0\" data-image-meta=\"{&quot;aperture&quot;:&quot;1.6&quot;,&quot;credit&quot;:&quot;&quot;,&quot;camera&quot;:&quot;BLA-L29&quot;,&quot;caption&quot;:&quot;sdr_vivid&quot;,&quot;created_timestamp&quot;:&quot;1550246805&quot;,&quot;copyright&quot;:&quot;&quot;,&quot;focal_length&quot;:&quot;3.95&quot;,&quot;iso&quot;:&quot;50&quot;,&quot;shutter_speed&quot;:&quot;0.000265&quot;,&quot;title&quot;:&quot;sdr_vivid&quot;,&quot;orientation&quot;:&quot;0&quot;}\" data-image-title=\"IMG_20190215_160644\" data-image-description=\"\" data-image-caption=\"&lt;p&gt;sdr_vivid&lt;\/p&gt;\n\" data-large-file=\"https:\/\/i0.wp.com\/www.ruche-cantalienne.durdu.fr\/wp-content\/uploads\/2019\/02\/IMG_20190215_160644.jpg?fit=900%2C675&amp;ssl=1\" data-id=\"901\" src=\"https:\/\/i0.wp.com\/www.ruche-cantalienne.durdu.fr\/wp-content\/uploads\/2019\/02\/IMG_20190215_160644.jpg?resize=900%2C675&#038;ssl=1\" alt=\"\" class=\"wp-image-901\" srcset=\"https:\/\/i0.wp.com\/www.ruche-cantalienne.durdu.fr\/wp-content\/uploads\/2019\/02\/IMG_20190215_160644.jpg?resize=1024%2C768&amp;ssl=1 1024w, https:\/\/i0.wp.com\/www.ruche-cantalienne.durdu.fr\/wp-content\/uploads\/2019\/02\/IMG_20190215_160644.jpg?resize=200%2C150&amp;ssl=1 200w, https:\/\/i0.wp.com\/www.ruche-cantalienne.durdu.fr\/wp-content\/uploads\/2019\/02\/IMG_20190215_160644.jpg?resize=768%2C576&amp;ssl=1 768w, https:\/\/i0.wp.com\/www.ruche-cantalienne.durdu.fr\/wp-content\/uploads\/2019\/02\/IMG_20190215_160644.jpg?resize=1320%2C990&amp;ssl=1 1320w, https:\/\/i0.wp.com\/www.ruche-cantalienne.durdu.fr\/wp-content\/uploads\/2019\/02\/IMG_20190215_160644.jpg?w=1800&amp;ssl=1 1800w, https:\/\/i0.wp.com\/www.ruche-cantalienne.durdu.fr\/wp-content\/uploads\/2019\/02\/IMG_20190215_160644.jpg?w=2700&amp;ssl=1 2700w\" sizes=\"auto, (max-width: 900px) 100vw, 900px\" \/><figcaption class=\"wp-element-caption\">sdr_vivid<\/figcaption><\/figure>\n\n\n\n<figure class=\"wp-block-image\"><img data-recalc-dims=\"1\" loading=\"lazy\" decoding=\"async\" width=\"768\" height=\"1024\" data-attachment-id=\"902\" data-permalink=\"https:\/\/www.ruche-cantalienne.durdu.fr\/index.php\/photographie-saint-etienne-de-chomeil\/img_20190215_160418\/\" data-orig-file=\"https:\/\/i0.wp.com\/www.ruche-cantalienne.durdu.fr\/wp-content\/uploads\/2019\/02\/IMG_20190215_160418.jpg?fit=2976%2C3968&amp;ssl=1\" data-orig-size=\"2976,3968\" data-comments-opened=\"0\" data-image-meta=\"{&quot;aperture&quot;:&quot;1.6&quot;,&quot;credit&quot;:&quot;&quot;,&quot;camera&quot;:&quot;BLA-L29&quot;,&quot;caption&quot;:&quot;dav_vivid&quot;,&quot;created_timestamp&quot;:&quot;1550246658&quot;,&quot;copyright&quot;:&quot;&quot;,&quot;focal_length&quot;:&quot;3.95&quot;,&quot;iso&quot;:&quot;50&quot;,&quot;shutter_speed&quot;:&quot;0.000621&quot;,&quot;title&quot;:&quot;dav_vivid&quot;,&quot;orientation&quot;:&quot;0&quot;}\" data-image-title=\"IMG_20190215_160418\" data-image-description=\"\" data-image-caption=\"&lt;p&gt;dav_vivid&lt;\/p&gt;\n\" data-large-file=\"https:\/\/i0.wp.com\/www.ruche-cantalienne.durdu.fr\/wp-content\/uploads\/2019\/02\/IMG_20190215_160418.jpg?fit=768%2C1024&amp;ssl=1\" data-id=\"902\" src=\"https:\/\/i0.wp.com\/www.ruche-cantalienne.durdu.fr\/wp-content\/uploads\/2019\/02\/IMG_20190215_160418.jpg?resize=768%2C1024&#038;ssl=1\" alt=\"\" class=\"wp-image-902\" srcset=\"https:\/\/i0.wp.com\/www.ruche-cantalienne.durdu.fr\/wp-content\/uploads\/2019\/02\/IMG_20190215_160418.jpg?resize=768%2C1024&amp;ssl=1 768w, https:\/\/i0.wp.com\/www.ruche-cantalienne.durdu.fr\/wp-content\/uploads\/2019\/02\/IMG_20190215_160418.jpg?resize=150%2C200&amp;ssl=1 150w, https:\/\/i0.wp.com\/www.ruche-cantalienne.durdu.fr\/wp-content\/uploads\/2019\/02\/IMG_20190215_160418.jpg?resize=1320%2C1760&amp;ssl=1 1320w, https:\/\/i0.wp.com\/www.ruche-cantalienne.durdu.fr\/wp-content\/uploads\/2019\/02\/IMG_20190215_160418.jpg?w=1800&amp;ssl=1 1800w, https:\/\/i0.wp.com\/www.ruche-cantalienne.durdu.fr\/wp-content\/uploads\/2019\/02\/IMG_20190215_160418.jpg?w=2700&amp;ssl=1 2700w\" sizes=\"auto, (max-width: 768px) 100vw, 768px\" \/><figcaption class=\"wp-element-caption\">dav_vivid<\/figcaption><\/figure>\n\n\n\n<figure class=\"wp-block-image\"><img data-recalc-dims=\"1\" loading=\"lazy\" decoding=\"async\" width=\"768\" height=\"1024\" data-attachment-id=\"903\" data-permalink=\"https:\/\/www.ruche-cantalienne.durdu.fr\/index.php\/photographie-saint-etienne-de-chomeil\/img_20190215_160308\/\" data-orig-file=\"https:\/\/i0.wp.com\/www.ruche-cantalienne.durdu.fr\/wp-content\/uploads\/2019\/02\/IMG_20190215_160308.jpg?fit=2976%2C3968&amp;ssl=1\" data-orig-size=\"2976,3968\" data-comments-opened=\"0\" data-image-meta=\"{&quot;aperture&quot;:&quot;1.6&quot;,&quot;credit&quot;:&quot;&quot;,&quot;camera&quot;:&quot;BLA-L29&quot;,&quot;caption&quot;:&quot;dav_vivid&quot;,&quot;created_timestamp&quot;:&quot;1550246588&quot;,&quot;copyright&quot;:&quot;&quot;,&quot;focal_length&quot;:&quot;3.95&quot;,&quot;iso&quot;:&quot;50&quot;,&quot;shutter_speed&quot;:&quot;0.00047&quot;,&quot;title&quot;:&quot;dav_vivid&quot;,&quot;orientation&quot;:&quot;0&quot;}\" data-image-title=\"IMG_20190215_160308\" data-image-description=\"\" data-image-caption=\"&lt;p&gt;dav_vivid&lt;\/p&gt;\n\" data-large-file=\"https:\/\/i0.wp.com\/www.ruche-cantalienne.durdu.fr\/wp-content\/uploads\/2019\/02\/IMG_20190215_160308.jpg?fit=768%2C1024&amp;ssl=1\" data-id=\"903\" src=\"https:\/\/i0.wp.com\/www.ruche-cantalienne.durdu.fr\/wp-content\/uploads\/2019\/02\/IMG_20190215_160308.jpg?resize=768%2C1024&#038;ssl=1\" alt=\"\" class=\"wp-image-903\" srcset=\"https:\/\/i0.wp.com\/www.ruche-cantalienne.durdu.fr\/wp-content\/uploads\/2019\/02\/IMG_20190215_160308.jpg?resize=768%2C1024&amp;ssl=1 768w, https:\/\/i0.wp.com\/www.ruche-cantalienne.durdu.fr\/wp-content\/uploads\/2019\/02\/IMG_20190215_160308.jpg?resize=150%2C200&amp;ssl=1 150w, https:\/\/i0.wp.com\/www.ruche-cantalienne.durdu.fr\/wp-content\/uploads\/2019\/02\/IMG_20190215_160308.jpg?resize=1320%2C1760&amp;ssl=1 1320w, https:\/\/i0.wp.com\/www.ruche-cantalienne.durdu.fr\/wp-content\/uploads\/2019\/02\/IMG_20190215_160308.jpg?w=1800&amp;ssl=1 1800w, https:\/\/i0.wp.com\/www.ruche-cantalienne.durdu.fr\/wp-content\/uploads\/2019\/02\/IMG_20190215_160308.jpg?w=2700&amp;ssl=1 2700w\" sizes=\"auto, (max-width: 768px) 100vw, 768px\" \/><figcaption class=\"wp-element-caption\">dav_vivid<\/figcaption><\/figure>\n\n\n\n<figure class=\"wp-block-image\"><img data-recalc-dims=\"1\" loading=\"lazy\" decoding=\"async\" width=\"900\" height=\"675\" data-attachment-id=\"904\" data-permalink=\"https:\/\/www.ruche-cantalienne.durdu.fr\/index.php\/photographie-saint-etienne-de-chomeil\/img_20190215_155800\/\" data-orig-file=\"https:\/\/i0.wp.com\/www.ruche-cantalienne.durdu.fr\/wp-content\/uploads\/2019\/02\/IMG_20190215_155800-1.jpg?fit=3968%2C2976&amp;ssl=1\" data-orig-size=\"3968,2976\" data-comments-opened=\"0\" data-image-meta=\"{&quot;aperture&quot;:&quot;1.6&quot;,&quot;credit&quot;:&quot;&quot;,&quot;camera&quot;:&quot;BLA-L29&quot;,&quot;caption&quot;:&quot;ptr&quot;,&quot;created_timestamp&quot;:&quot;1550246281&quot;,&quot;copyright&quot;:&quot;&quot;,&quot;focal_length&quot;:&quot;3.95&quot;,&quot;iso&quot;:&quot;50&quot;,&quot;shutter_speed&quot;:&quot;0.000423&quot;,&quot;title&quot;:&quot;ptr&quot;,&quot;orientation&quot;:&quot;0&quot;}\" data-image-title=\"IMG_20190215_155800\" data-image-description=\"\" data-image-caption=\"&lt;p&gt;ptr&lt;\/p&gt;\n\" data-large-file=\"https:\/\/i0.wp.com\/www.ruche-cantalienne.durdu.fr\/wp-content\/uploads\/2019\/02\/IMG_20190215_155800-1.jpg?fit=900%2C675&amp;ssl=1\" data-id=\"904\" src=\"https:\/\/i0.wp.com\/www.ruche-cantalienne.durdu.fr\/wp-content\/uploads\/2019\/02\/IMG_20190215_155800-1.jpg?resize=900%2C675&#038;ssl=1\" alt=\"\" class=\"wp-image-904\" srcset=\"https:\/\/i0.wp.com\/www.ruche-cantalienne.durdu.fr\/wp-content\/uploads\/2019\/02\/IMG_20190215_155800-1.jpg?resize=1024%2C768&amp;ssl=1 1024w, https:\/\/i0.wp.com\/www.ruche-cantalienne.durdu.fr\/wp-content\/uploads\/2019\/02\/IMG_20190215_155800-1.jpg?resize=200%2C150&amp;ssl=1 200w, https:\/\/i0.wp.com\/www.ruche-cantalienne.durdu.fr\/wp-content\/uploads\/2019\/02\/IMG_20190215_155800-1.jpg?resize=768%2C576&amp;ssl=1 768w, https:\/\/i0.wp.com\/www.ruche-cantalienne.durdu.fr\/wp-content\/uploads\/2019\/02\/IMG_20190215_155800-1.jpg?resize=1320%2C990&amp;ssl=1 1320w, https:\/\/i0.wp.com\/www.ruche-cantalienne.durdu.fr\/wp-content\/uploads\/2019\/02\/IMG_20190215_155800-1.jpg?w=1800&amp;ssl=1 1800w, https:\/\/i0.wp.com\/www.ruche-cantalienne.durdu.fr\/wp-content\/uploads\/2019\/02\/IMG_20190215_155800-1.jpg?w=2700&amp;ssl=1 2700w\" sizes=\"auto, (max-width: 900px) 100vw, 900px\" \/><figcaption class=\"wp-element-caption\">ptr<\/figcaption><\/figure>\n\n\n\n<figure class=\"wp-block-image\"><img data-recalc-dims=\"1\" loading=\"lazy\" decoding=\"async\" width=\"900\" height=\"675\" data-attachment-id=\"905\" data-permalink=\"https:\/\/www.ruche-cantalienne.durdu.fr\/index.php\/photographie-saint-etienne-de-chomeil\/img_20190215_154109\/\" data-orig-file=\"https:\/\/i0.wp.com\/www.ruche-cantalienne.durdu.fr\/wp-content\/uploads\/2019\/02\/IMG_20190215_154109.jpg?fit=3968%2C2976&amp;ssl=1\" data-orig-size=\"3968,2976\" data-comments-opened=\"0\" data-image-meta=\"{&quot;aperture&quot;:&quot;1.6&quot;,&quot;credit&quot;:&quot;&quot;,&quot;camera&quot;:&quot;BLA-L29&quot;,&quot;caption&quot;:&quot;jhdr_vivid&quot;,&quot;created_timestamp&quot;:&quot;1550245270&quot;,&quot;copyright&quot;:&quot;&quot;,&quot;focal_length&quot;:&quot;3.95&quot;,&quot;iso&quot;:&quot;50&quot;,&quot;shutter_speed&quot;:&quot;0.000253&quot;,&quot;title&quot;:&quot;jhdr_vivid&quot;,&quot;orientation&quot;:&quot;0&quot;}\" data-image-title=\"IMG_20190215_154109\" data-image-description=\"\" data-image-caption=\"&lt;p&gt;jhdr_vivid&lt;\/p&gt;\n\" data-large-file=\"https:\/\/i0.wp.com\/www.ruche-cantalienne.durdu.fr\/wp-content\/uploads\/2019\/02\/IMG_20190215_154109.jpg?fit=900%2C675&amp;ssl=1\" data-id=\"905\" src=\"https:\/\/i0.wp.com\/www.ruche-cantalienne.durdu.fr\/wp-content\/uploads\/2019\/02\/IMG_20190215_154109.jpg?resize=900%2C675&#038;ssl=1\" alt=\"\" class=\"wp-image-905\" srcset=\"https:\/\/i0.wp.com\/www.ruche-cantalienne.durdu.fr\/wp-content\/uploads\/2019\/02\/IMG_20190215_154109.jpg?resize=1024%2C768&amp;ssl=1 1024w, https:\/\/i0.wp.com\/www.ruche-cantalienne.durdu.fr\/wp-content\/uploads\/2019\/02\/IMG_20190215_154109.jpg?resize=200%2C150&amp;ssl=1 200w, https:\/\/i0.wp.com\/www.ruche-cantalienne.durdu.fr\/wp-content\/uploads\/2019\/02\/IMG_20190215_154109.jpg?resize=768%2C576&amp;ssl=1 768w, https:\/\/i0.wp.com\/www.ruche-cantalienne.durdu.fr\/wp-content\/uploads\/2019\/02\/IMG_20190215_154109.jpg?resize=1320%2C990&amp;ssl=1 1320w, https:\/\/i0.wp.com\/www.ruche-cantalienne.durdu.fr\/wp-content\/uploads\/2019\/02\/IMG_20190215_154109.jpg?w=1800&amp;ssl=1 1800w, https:\/\/i0.wp.com\/www.ruche-cantalienne.durdu.fr\/wp-content\/uploads\/2019\/02\/IMG_20190215_154109.jpg?w=2700&amp;ssl=1 2700w\" sizes=\"auto, (max-width: 900px) 100vw, 900px\" \/><figcaption class=\"wp-element-caption\">jhdr_vivid<\/figcaption><\/figure>\n<\/figure>\n\n\n\n<figure class=\"wp-block-gallery has-nested-images columns-default is-cropped wp-block-gallery-2 is-layout-flex wp-block-gallery-is-layout-flex\"><\/figure>\n","protected":false},"excerpt":{"rendered":"<p>Photographies de Saint \u00c9tienne de Chomeil\u00a0<\/p>\n","protected":false},"author":2,"featured_media":0,"parent":0,"menu_order":0,"comment_status":"closed","ping_status":"closed","template":"","meta":{"_exactmetrics_skip_tracking":false,"_exactmetrics_sitenote_active":false,"_exactmetrics_sitenote_note":"","_exactmetrics_sitenote_category":0,"_uf_show_specific_survey":0,"_uf_disable_surveys":false,"jetpack_post_was_ever_published":false,"footnotes":""},"class_list":["post-144","page","type-page","status-publish","hentry"],"yoast_head":"<!-- This site is optimized with the Yoast SEO plugin v27.5 - https:\/\/yoast.com\/product\/yoast-seo-wordpress\/ -->\n<title>Photographies de Saint \u00c9tienne de Chomeil - La Ruche Cantalienne<\/title>\n<meta name=\"robots\" content=\"index, follow, max-snippet:-1, max-image-preview:large, max-video-preview:-1\" \/>\n<link rel=\"canonical\" href=\"https:\/\/www.ruche-cantalienne.durdu.fr\/index.php\/photographie-saint-etienne-de-chomeil\/\" \/>\n<meta property=\"og:locale\" content=\"fr_FR\" \/>\n<meta property=\"og:type\" content=\"article\" \/>\n<meta property=\"og:title\" content=\"Photographies de Saint \u00c9tienne de Chomeil - La Ruche Cantalienne\" \/>\n<meta property=\"og:description\" content=\"Photographies de Saint \u00c9tienne de Chomeil\u00a0\" \/>\n<meta property=\"og:url\" content=\"https:\/\/www.ruche-cantalienne.durdu.fr\/index.php\/photographie-saint-etienne-de-chomeil\/\" \/>\n<meta property=\"og:site_name\" content=\"La Ruche Cantalienne\" \/>\n<meta property=\"article:publisher\" content=\"https:\/\/www.facebook.com\/RucheCantalienne15400?locale=fr_FR\" \/>\n<meta property=\"article:modified_time\" content=\"2023-11-09T16:13:44+00:00\" \/>\n<meta property=\"og:image\" content=\"https:\/\/i0.wp.com\/www.ruche-cantalienne.durdu.fr\/wp-content\/uploads\/2018\/07\/IMG_1935.jpg?w=597&#038;h=398&#038;ssl=1\" \/>\n<meta name=\"twitter:card\" content=\"summary_large_image\" \/>\n<script type=\"application\/ld+json\" class=\"yoast-schema-graph\">{\"@context\":\"https:\\\/\\\/schema.org\",\"@graph\":[{\"@type\":\"WebPage\",\"@id\":\"https:\\\/\\\/www.ruche-cantalienne.durdu.fr\\\/index.php\\\/photographie-saint-etienne-de-chomeil\\\/\",\"url\":\"https:\\\/\\\/www.ruche-cantalienne.durdu.fr\\\/index.php\\\/photographie-saint-etienne-de-chomeil\\\/\",\"name\":\"Photographies de Saint \u00c9tienne de Chomeil - La Ruche Cantalienne\",\"isPartOf\":{\"@id\":\"https:\\\/\\\/www.ruche-cantalienne.durdu.fr\\\/#website\"},\"primaryImageOfPage\":{\"@id\":\"https:\\\/\\\/www.ruche-cantalienne.durdu.fr\\\/index.php\\\/photographie-saint-etienne-de-chomeil\\\/#primaryimage\"},\"image\":{\"@id\":\"https:\\\/\\\/www.ruche-cantalienne.durdu.fr\\\/index.php\\\/photographie-saint-etienne-de-chomeil\\\/#primaryimage\"},\"thumbnailUrl\":\"https:\\\/\\\/www.ruche-cantalienne.durdu.fr\\\/wp-content\\\/uploads\\\/2019\\\/02\\\/IMG_20190215_163139-1-1024x768.jpg\",\"datePublished\":\"2018-02-25T22:11:27+00:00\",\"dateModified\":\"2023-11-09T16:13:44+00:00\",\"breadcrumb\":{\"@id\":\"https:\\\/\\\/www.ruche-cantalienne.durdu.fr\\\/index.php\\\/photographie-saint-etienne-de-chomeil\\\/#breadcrumb\"},\"inLanguage\":\"fr-FR\",\"potentialAction\":[{\"@type\":\"ReadAction\",\"target\":[\"https:\\\/\\\/www.ruche-cantalienne.durdu.fr\\\/index.php\\\/photographie-saint-etienne-de-chomeil\\\/\"]}]},{\"@type\":\"ImageObject\",\"inLanguage\":\"fr-FR\",\"@id\":\"https:\\\/\\\/www.ruche-cantalienne.durdu.fr\\\/index.php\\\/photographie-saint-etienne-de-chomeil\\\/#primaryimage\",\"url\":\"https:\\\/\\\/i0.wp.com\\\/www.ruche-cantalienne.durdu.fr\\\/wp-content\\\/uploads\\\/2019\\\/02\\\/IMG_20190215_163139-1.jpg?fit=3968%2C2976&ssl=1\",\"contentUrl\":\"https:\\\/\\\/i0.wp.com\\\/www.ruche-cantalienne.durdu.fr\\\/wp-content\\\/uploads\\\/2019\\\/02\\\/IMG_20190215_163139-1.jpg?fit=3968%2C2976&ssl=1\",\"width\":3968,\"height\":2976,\"caption\":\"oznor_vivid\"},{\"@type\":\"BreadcrumbList\",\"@id\":\"https:\\\/\\\/www.ruche-cantalienne.durdu.fr\\\/index.php\\\/photographie-saint-etienne-de-chomeil\\\/#breadcrumb\",\"itemListElement\":[{\"@type\":\"ListItem\",\"position\":1,\"name\":\"Accueil\",\"item\":\"https:\\\/\\\/www.ruche-cantalienne.durdu.fr\\\/\"},{\"@type\":\"ListItem\",\"position\":2,\"name\":\"Photographies de Saint \u00c9tienne de Chomeil\"}]},{\"@type\":\"WebSite\",\"@id\":\"https:\\\/\\\/www.ruche-cantalienne.durdu.fr\\\/#website\",\"url\":\"https:\\\/\\\/www.ruche-cantalienne.durdu.fr\\\/\",\"name\":\"La Ruche Cantalienne Chambres d'hotes des volcans d'Auvergne Cantal\",\"description\":\"Chambres D&#039;Hotes &quot;Cantal, Volcans d&#039;Auvergne&quot;\",\"publisher\":{\"@id\":\"https:\\\/\\\/www.ruche-cantalienne.durdu.fr\\\/#organization\"},\"potentialAction\":[{\"@type\":\"SearchAction\",\"target\":{\"@type\":\"EntryPoint\",\"urlTemplate\":\"https:\\\/\\\/www.ruche-cantalienne.durdu.fr\\\/?s={search_term_string}\"},\"query-input\":{\"@type\":\"PropertyValueSpecification\",\"valueRequired\":true,\"valueName\":\"search_term_string\"}}],\"inLanguage\":\"fr-FR\"},{\"@type\":\"Organization\",\"@id\":\"https:\\\/\\\/www.ruche-cantalienne.durdu.fr\\\/#organization\",\"name\":\"La Ruche Cantalienne\",\"url\":\"https:\\\/\\\/www.ruche-cantalienne.durdu.fr\\\/\",\"logo\":{\"@type\":\"ImageObject\",\"inLanguage\":\"fr-FR\",\"@id\":\"https:\\\/\\\/www.ruche-cantalienne.durdu.fr\\\/#\\\/schema\\\/logo\\\/image\\\/\",\"url\":\"https:\\\/\\\/i0.wp.com\\\/www.ruche-cantalienne.durdu.fr\\\/wp-content\\\/uploads\\\/2021\\\/04\\\/cropped-IMG_20210424_163146-scaled-e1619296500126.jpg?fit=1044%2C977&ssl=1\",\"contentUrl\":\"https:\\\/\\\/i0.wp.com\\\/www.ruche-cantalienne.durdu.fr\\\/wp-content\\\/uploads\\\/2021\\\/04\\\/cropped-IMG_20210424_163146-scaled-e1619296500126.jpg?fit=1044%2C977&ssl=1\",\"width\":1044,\"height\":977,\"caption\":\"La Ruche Cantalienne\"},\"image\":{\"@id\":\"https:\\\/\\\/www.ruche-cantalienne.durdu.fr\\\/#\\\/schema\\\/logo\\\/image\\\/\"},\"sameAs\":[\"https:\\\/\\\/www.facebook.com\\\/RucheCantalienne15400?locale=fr_FR\"]}]}<\/script>\n<!-- \/ Yoast SEO plugin. -->","yoast_head_json":{"title":"Photographies de Saint \u00c9tienne de Chomeil - La Ruche Cantalienne","robots":{"index":"index","follow":"follow","max-snippet":"max-snippet:-1","max-image-preview":"max-image-preview:large","max-video-preview":"max-video-preview:-1"},"canonical":"https:\/\/www.ruche-cantalienne.durdu.fr\/index.php\/photographie-saint-etienne-de-chomeil\/","og_locale":"fr_FR","og_type":"article","og_title":"Photographies de Saint \u00c9tienne de Chomeil - La Ruche Cantalienne","og_description":"Photographies de Saint \u00c9tienne de Chomeil\u00a0","og_url":"https:\/\/www.ruche-cantalienne.durdu.fr\/index.php\/photographie-saint-etienne-de-chomeil\/","og_site_name":"La Ruche Cantalienne","article_publisher":"https:\/\/www.facebook.com\/RucheCantalienne15400?locale=fr_FR","article_modified_time":"2023-11-09T16:13:44+00:00","og_image":[{"url":"https:\/\/i0.wp.com\/www.ruche-cantalienne.durdu.fr\/wp-content\/uploads\/2018\/07\/IMG_1935.jpg?w=597&#038;h=398&#038;ssl=1","type":"","width":"","height":""}],"twitter_card":"summary_large_image","schema":{"@context":"https:\/\/schema.org","@graph":[{"@type":"WebPage","@id":"https:\/\/www.ruche-cantalienne.durdu.fr\/index.php\/photographie-saint-etienne-de-chomeil\/","url":"https:\/\/www.ruche-cantalienne.durdu.fr\/index.php\/photographie-saint-etienne-de-chomeil\/","name":"Photographies de Saint \u00c9tienne de Chomeil - La Ruche Cantalienne","isPartOf":{"@id":"https:\/\/www.ruche-cantalienne.durdu.fr\/#website"},"primaryImageOfPage":{"@id":"https:\/\/www.ruche-cantalienne.durdu.fr\/index.php\/photographie-saint-etienne-de-chomeil\/#primaryimage"},"image":{"@id":"https:\/\/www.ruche-cantalienne.durdu.fr\/index.php\/photographie-saint-etienne-de-chomeil\/#primaryimage"},"thumbnailUrl":"https:\/\/www.ruche-cantalienne.durdu.fr\/wp-content\/uploads\/2019\/02\/IMG_20190215_163139-1-1024x768.jpg","datePublished":"2018-02-25T22:11:27+00:00","dateModified":"2023-11-09T16:13:44+00:00","breadcrumb":{"@id":"https:\/\/www.ruche-cantalienne.durdu.fr\/index.php\/photographie-saint-etienne-de-chomeil\/#breadcrumb"},"inLanguage":"fr-FR","potentialAction":[{"@type":"ReadAction","target":["https:\/\/www.ruche-cantalienne.durdu.fr\/index.php\/photographie-saint-etienne-de-chomeil\/"]}]},{"@type":"ImageObject","inLanguage":"fr-FR","@id":"https:\/\/www.ruche-cantalienne.durdu.fr\/index.php\/photographie-saint-etienne-de-chomeil\/#primaryimage","url":"https:\/\/i0.wp.com\/www.ruche-cantalienne.durdu.fr\/wp-content\/uploads\/2019\/02\/IMG_20190215_163139-1.jpg?fit=3968%2C2976&ssl=1","contentUrl":"https:\/\/i0.wp.com\/www.ruche-cantalienne.durdu.fr\/wp-content\/uploads\/2019\/02\/IMG_20190215_163139-1.jpg?fit=3968%2C2976&ssl=1","width":3968,"height":2976,"caption":"oznor_vivid"},{"@type":"BreadcrumbList","@id":"https:\/\/www.ruche-cantalienne.durdu.fr\/index.php\/photographie-saint-etienne-de-chomeil\/#breadcrumb","itemListElement":[{"@type":"ListItem","position":1,"name":"Accueil","item":"https:\/\/www.ruche-cantalienne.durdu.fr\/"},{"@type":"ListItem","position":2,"name":"Photographies de Saint \u00c9tienne de Chomeil"}]},{"@type":"WebSite","@id":"https:\/\/www.ruche-cantalienne.durdu.fr\/#website","url":"https:\/\/www.ruche-cantalienne.durdu.fr\/","name":"La Ruche Cantalienne Chambres d'hotes des volcans d'Auvergne Cantal","description":"Chambres D&#039;Hotes &quot;Cantal, Volcans d&#039;Auvergne&quot;","publisher":{"@id":"https:\/\/www.ruche-cantalienne.durdu.fr\/#organization"},"potentialAction":[{"@type":"SearchAction","target":{"@type":"EntryPoint","urlTemplate":"https:\/\/www.ruche-cantalienne.durdu.fr\/?s={search_term_string}"},"query-input":{"@type":"PropertyValueSpecification","valueRequired":true,"valueName":"search_term_string"}}],"inLanguage":"fr-FR"},{"@type":"Organization","@id":"https:\/\/www.ruche-cantalienne.durdu.fr\/#organization","name":"La Ruche Cantalienne","url":"https:\/\/www.ruche-cantalienne.durdu.fr\/","logo":{"@type":"ImageObject","inLanguage":"fr-FR","@id":"https:\/\/www.ruche-cantalienne.durdu.fr\/#\/schema\/logo\/image\/","url":"https:\/\/i0.wp.com\/www.ruche-cantalienne.durdu.fr\/wp-content\/uploads\/2021\/04\/cropped-IMG_20210424_163146-scaled-e1619296500126.jpg?fit=1044%2C977&ssl=1","contentUrl":"https:\/\/i0.wp.com\/www.ruche-cantalienne.durdu.fr\/wp-content\/uploads\/2021\/04\/cropped-IMG_20210424_163146-scaled-e1619296500126.jpg?fit=1044%2C977&ssl=1","width":1044,"height":977,"caption":"La Ruche Cantalienne"},"image":{"@id":"https:\/\/www.ruche-cantalienne.durdu.fr\/#\/schema\/logo\/image\/"},"sameAs":["https:\/\/www.facebook.com\/RucheCantalienne15400?locale=fr_FR"]}]}},"jetpack_shortlink":"https:\/\/wp.me\/P9Haz1-2k","jetpack-related-posts":[{"id":1495,"url":"https:\/\/www.ruche-cantalienne.durdu.fr\/","url_meta":{"origin":144,"position":0},"title":"Renseignements,Contactez Sandrine au 06 95\u2026","author":"Mikael Durdu","date":"20 mars 2022","format":false,"excerpt":"Renseignements,Contactez Sandrine au 06 95 23 69 16 \u00a0 Vous trouvez chez nous, Deux belles chambres\u00a0que nous avons am\u00e9nag\u00e9 pour votre confort. Le village appartient au Parc naturel r\u00e9gional des Volcans d\u2019Auvergne. \u00a0 \u00a0 Sandrine et Mika\u00ebl vous accueillent \u00e0 la Ruche Cantalienne,\u00a0\u00a0dans le village de Saint-\u00c9tienne-de-Chomeil qui se situe\u2026","rel":"","context":"Article similaire","block_context":{"text":"Article similaire","link":""},"img":{"alt_text":"H\u00e9bergement en chambres d'h\u00f4te \" Chambre Girly\" \u00e0 Saint \u00c9tienne de Chomeil dans le Cantal","src":"https:\/\/i0.wp.com\/www.ruche-cantalienne.durdu.fr\/wp-content\/uploads\/2022\/03\/girly.jpg?resize=350%2C200&ssl=1","width":350,"height":200},"classes":[]},{"id":1815,"url":"https:\/\/www.ruche-cantalienne.durdu.fr\/index.php\/livret-accueil\/","url_meta":{"origin":144,"position":1},"title":"livret accueil","author":"Mikael Durdu","date":"18 octobre 2023","format":false,"excerpt":"Sandrine Code WiFi Code Porte Ext Petit D\u00e9jeuner H\u00e9bergement St \u00c9tienne Chomeil Sandrine 06 95 23 69 16 Durdu-Wifi-Pro MP: Hotes15400 Code Porte Entr\u00e9e 1540* \"Nous vous recommandons\", Pensez \u00e0 dire que vous s\u00e9journez \u00e0 la Ruche Cantalienne !!!! Saint\u00c9tiennedeChomeilGAEC LES FLEURS BIOViande - Cantal - Cantalbert- SalersLe Bavet,06 66\u2026","rel":"","context":"Article similaire","block_context":{"text":"Article similaire","link":""},"img":{"alt_text":"","src":"https:\/\/i0.wp.com\/www.ruche-cantalienne.durdu.fr\/wp-content\/uploads\/2018\/12\/IMG_2337.jpg?resize=350%2C200","width":350,"height":200,"srcset":"https:\/\/i0.wp.com\/www.ruche-cantalienne.durdu.fr\/wp-content\/uploads\/2018\/12\/IMG_2337.jpg?resize=350%2C200 1x, https:\/\/i0.wp.com\/www.ruche-cantalienne.durdu.fr\/wp-content\/uploads\/2018\/12\/IMG_2337.jpg?resize=525%2C300 1.5x, https:\/\/i0.wp.com\/www.ruche-cantalienne.durdu.fr\/wp-content\/uploads\/2018\/12\/IMG_2337.jpg?resize=700%2C400 2x, https:\/\/i0.wp.com\/www.ruche-cantalienne.durdu.fr\/wp-content\/uploads\/2018\/12\/IMG_2337.jpg?resize=1050%2C600 3x, https:\/\/i0.wp.com\/www.ruche-cantalienne.durdu.fr\/wp-content\/uploads\/2018\/12\/IMG_2337.jpg?resize=1400%2C800 4x"},"classes":[]}],"jetpack_sharing_enabled":true,"_links":{"self":[{"href":"https:\/\/www.ruche-cantalienne.durdu.fr\/index.php\/wp-json\/wp\/v2\/pages\/144","targetHints":{"allow":["GET"]}}],"collection":[{"href":"https:\/\/www.ruche-cantalienne.durdu.fr\/index.php\/wp-json\/wp\/v2\/pages"}],"about":[{"href":"https:\/\/www.ruche-cantalienne.durdu.fr\/index.php\/wp-json\/wp\/v2\/types\/page"}],"author":[{"embeddable":true,"href":"https:\/\/www.ruche-cantalienne.durdu.fr\/index.php\/wp-json\/wp\/v2\/users\/2"}],"replies":[{"embeddable":true,"href":"https:\/\/www.ruche-cantalienne.durdu.fr\/index.php\/wp-json\/wp\/v2\/comments?post=144"}],"version-history":[{"count":14,"href":"https:\/\/www.ruche-cantalienne.durdu.fr\/index.php\/wp-json\/wp\/v2\/pages\/144\/revisions"}],"predecessor-version":[{"id":2375,"href":"https:\/\/www.ruche-cantalienne.durdu.fr\/index.php\/wp-json\/wp\/v2\/pages\/144\/revisions\/2375"}],"wp:attachment":[{"href":"https:\/\/www.ruche-cantalienne.durdu.fr\/index.php\/wp-json\/wp\/v2\/media?parent=144"}],"curies":[{"name":"wp","href":"https:\/\/api.w.org\/{rel}","templated":true}]}}