{"id":1342,"date":"2021-10-02T21:14:47","date_gmt":"2021-10-02T19:14:47","guid":{"rendered":"https:\/\/www.ruche-cantalienne.durdu.fr\/?page_id=1342"},"modified":"2021-10-02T21:14:48","modified_gmt":"2021-10-02T19:14:48","slug":"politique-de-confidentialite","status":"publish","type":"page","link":"https:\/\/www.ruche-cantalienne.durdu.fr\/index.php\/politique-de-confidentialite\/","title":{"rendered":"Politique de confidentialit\u00e9"},"content":{"rendered":"\n<p><\/p>\n<h2 class=\"wp-block-heading\">Commentaires<\/h2>\n<p> <\/p>\n<p>Quand vous laissez un commentaire sur notre site, les donn\u00e9es inscrites dans le formulaire de commentaire, mais aussi votre adresse IP et l\u2019agent utilisateur de votre navigateur sont collect\u00e9s pour nous aider \u00e0 la d\u00e9tection des commentaires ind\u00e9sirables.<\/p>\n<p> <\/p>\n<p>Une cha\u00eene anonymis\u00e9e cr\u00e9\u00e9e \u00e0 partir de votre adresse e-mail (\u00e9galement appel\u00e9e hash) peut \u00eatre envoy\u00e9e au service Gravatar pour v\u00e9rifier si vous utilisez ce dernier. Les clauses de confidentialit\u00e9 du service Gravatar sont disponibles ici\u00a0: https:\/\/automattic.com\/privacy\/. Apr\u00e8s validation de votre commentaire, votre photo de profil sera visible publiquement \u00e0 cot\u00e9 de votre commentaire.<\/p>\n<p> <\/p>\n<h2 class=\"wp-block-heading\">M\u00e9dias<\/h2>\n<p> <\/p>\n<p>Si vous t\u00e9l\u00e9versez des images sur le site, nous vous conseillons d\u2019\u00e9viter de t\u00e9l\u00e9verser des images contenant des donn\u00e9es EXIF de coordonn\u00e9es GPS. Les personnes visitant votre site peuvent t\u00e9l\u00e9charger et extraire des donn\u00e9es de localisation depuis ces images.<\/p>\n<p> <\/p>\n<h2 class=\"wp-block-heading\">Cookies<\/h2>\n<p> <\/p>\n<p>Si vous d\u00e9posez un commentaire sur notre site, il vous sera propos\u00e9 d\u2019enregistrer votre nom, adresse e-mail et site dans des cookies. C\u2019est uniquement pour votre confort afin de ne pas avoir \u00e0 saisir ces informations si vous d\u00e9posez un autre commentaire plus tard. Ces cookies expirent au bout d\u2019un an.<\/p>\n<p> <\/p>\n<p>Si vous vous rendez sur la page de connexion, un cookie temporaire sera cr\u00e9\u00e9 afin de d\u00e9terminer si votre navigateur accepte les cookies. Il ne contient pas de donn\u00e9es personnelles et sera supprim\u00e9 automatiquement \u00e0 la fermeture de votre navigateur.<\/p>\n<p> <\/p>\n<p>Lorsque vous vous connecterez, nous mettrons en place un certain nombre de cookies pour enregistrer vos informations de connexion et vos pr\u00e9f\u00e9rences d\u2019\u00e9cran. La dur\u00e9e de vie d\u2019un cookie de connexion est de deux jours, celle d\u2019un cookie d\u2019option d\u2019\u00e9cran est d\u2019un an. Si vous cochez \u00ab\u00a0Se souvenir de moi\u00a0\u00bb, votre cookie de connexion sera conserv\u00e9 pendant deux semaines. Si vous vous d\u00e9connectez de votre compte, le cookie de connexion sera effac\u00e9.<\/p>\n<p> <\/p>\n<p>En modifiant ou en publiant une publication, un cookie suppl\u00e9mentaire sera enregistr\u00e9 dans votre navigateur. Ce cookie ne comprend aucune donn\u00e9e personnelle. Il indique simplement l\u2019ID de la publication que vous venez de modifier. Il expire au bout d\u2019un jour.<\/p>\n<p> <\/p>\n<h2 class=\"wp-block-heading\">Contenu embarqu\u00e9 depuis d\u2019autres sites<\/h2>\n<p> <\/p>\n<p>Les articles de ce site peuvent inclure des contenus int\u00e9gr\u00e9s (par exemple des vid\u00e9os, images, articles\u2026). Le contenu int\u00e9gr\u00e9 depuis d\u2019autres sites se comporte de la m\u00eame mani\u00e8re que si le visiteur se rendait sur cet autre site.<\/p>\n<p> <\/p>\n<p>Ces sites web pourraient collecter des donn\u00e9es sur vous, utiliser des cookies, embarquer des outils de suivis tiers, suivre vos interactions avec ces contenus embarqu\u00e9s si vous disposez d\u2019un compte connect\u00e9 sur leur site web.<\/p>\n<p> <\/p>\n<h2 class=\"wp-block-heading\">Utilisation et transmission de vos donn\u00e9es personnelles<\/h2>\n<p> <\/p>\n<p>Si vous demandez une r\u00e9initialisation de votre mot de passe, votre adresse IP sera incluse dans l\u2019e-mail de r\u00e9initialisation.<\/p>\n<p> <\/p>\n<h2 class=\"wp-block-heading\">Dur\u00e9es de stockage de vos donn\u00e9es<\/h2>\n<p> <\/p>\n<p>Si vous laissez un commentaire, le commentaire et ses m\u00e9tadonn\u00e9es sont conserv\u00e9s ind\u00e9finiment. Cela permet de reconna\u00eetre et approuver automatiquement les commentaires suivants au lieu de les laisser dans la file de mod\u00e9ration.<\/p>\n<p> <\/p>\n<p>Pour les comptes qui s\u2019inscrivent sur notre site (le cas \u00e9ch\u00e9ant), nous stockons \u00e9galement les donn\u00e9es personnelles indiqu\u00e9es dans leur profil. Tous les comptes peuvent voir, modifier ou supprimer leurs informations personnelles \u00e0 tout moment (\u00e0 l\u2019exception de leur identifiant). Les gestionnaires du site peuvent aussi voir et modifier ces informations.<\/p>\n<p> <\/p>\n<h2 class=\"wp-block-heading\">Les droits que vous avez sur vos donn\u00e9es<\/h2>\n<p> <\/p>\n<p>Si vous avez un compte ou si vous avez laiss\u00e9 des commentaires sur le site, vous pouvez demander \u00e0 recevoir un fichier contenant toutes les donn\u00e9es personnelles que nous poss\u00e9dons \u00e0 votre sujet, incluant celles que vous nous avez fournies. Vous pouvez \u00e9galement demander la suppression des donn\u00e9es personnelles vous concernant. Cela ne prend pas en compte les donn\u00e9es stock\u00e9es \u00e0 des fins administratives, l\u00e9gales ou pour des raisons de s\u00e9curit\u00e9.<\/p>\n<p> <\/p>\n<h2 class=\"wp-block-heading\">Transmission de vos donn\u00e9es personnelles<\/h2>\n<p> <\/p>\n<p>Les commentaires des visiteurs peuvent \u00eatre v\u00e9rifi\u00e9s \u00e0 l\u2019aide d\u2019un service automatis\u00e9 de d\u00e9tection des commentaires ind\u00e9sirables.<\/p>\n<p><\/p>\n","protected":false},"excerpt":{"rendered":"","protected":false},"author":2,"featured_media":0,"parent":0,"menu_order":0,"comment_status":"closed","ping_status":"closed","template":"","meta":{"_exactmetrics_skip_tracking":false,"_exactmetrics_sitenote_active":false,"_exactmetrics_sitenote_note":"","_exactmetrics_sitenote_category":0,"_uf_show_specific_survey":0,"_uf_disable_surveys":false,"jetpack_post_was_ever_published":false,"footnotes":""},"class_list":["post-1342","page","type-page","status-publish","hentry"],"yoast_head":"<!-- This site is optimized with the Yoast SEO plugin v27.5 - https:\/\/yoast.com\/product\/yoast-seo-wordpress\/ -->\n<title>Politique de confidentialit\u00e9 - La Ruche Cantalienne<\/title>\n<meta name=\"robots\" content=\"index, follow, max-snippet:-1, max-image-preview:large, max-video-preview:-1\" \/>\n<link rel=\"canonical\" href=\"https:\/\/www.ruche-cantalienne.durdu.fr\/index.php\/politique-de-confidentialite\/\" \/>\n<meta property=\"og:locale\" content=\"fr_FR\" \/>\n<meta property=\"og:type\" content=\"article\" \/>\n<meta property=\"og:title\" content=\"Politique de confidentialit\u00e9 - La Ruche Cantalienne\" \/>\n<meta property=\"og:url\" content=\"https:\/\/www.ruche-cantalienne.durdu.fr\/index.php\/politique-de-confidentialite\/\" \/>\n<meta property=\"og:site_name\" content=\"La Ruche Cantalienne\" \/>\n<meta property=\"article:publisher\" content=\"https:\/\/www.facebook.com\/RucheCantalienne15400?locale=fr_FR\" \/>\n<meta property=\"article:modified_time\" content=\"2021-10-02T19:14:48+00:00\" \/>\n<meta name=\"twitter:card\" content=\"summary_large_image\" \/>\n<meta name=\"twitter:label1\" content=\"Dur\u00e9e de lecture estim\u00e9e\" \/>\n\t<meta name=\"twitter:data1\" content=\"4 minutes\" \/>\n<script type=\"application\/ld+json\" class=\"yoast-schema-graph\">{\"@context\":\"https:\\\/\\\/schema.org\",\"@graph\":[{\"@type\":\"WebPage\",\"@id\":\"https:\\\/\\\/www.ruche-cantalienne.durdu.fr\\\/index.php\\\/politique-de-confidentialite\\\/\",\"url\":\"https:\\\/\\\/www.ruche-cantalienne.durdu.fr\\\/index.php\\\/politique-de-confidentialite\\\/\",\"name\":\"Politique de confidentialit\u00e9 - La Ruche Cantalienne\",\"isPartOf\":{\"@id\":\"https:\\\/\\\/www.ruche-cantalienne.durdu.fr\\\/#website\"},\"datePublished\":\"2021-10-02T19:14:47+00:00\",\"dateModified\":\"2021-10-02T19:14:48+00:00\",\"breadcrumb\":{\"@id\":\"https:\\\/\\\/www.ruche-cantalienne.durdu.fr\\\/index.php\\\/politique-de-confidentialite\\\/#breadcrumb\"},\"inLanguage\":\"fr-FR\",\"potentialAction\":[{\"@type\":\"ReadAction\",\"target\":[\"https:\\\/\\\/www.ruche-cantalienne.durdu.fr\\\/index.php\\\/politique-de-confidentialite\\\/\"]}]},{\"@type\":\"BreadcrumbList\",\"@id\":\"https:\\\/\\\/www.ruche-cantalienne.durdu.fr\\\/index.php\\\/politique-de-confidentialite\\\/#breadcrumb\",\"itemListElement\":[{\"@type\":\"ListItem\",\"position\":1,\"name\":\"Accueil\",\"item\":\"https:\\\/\\\/www.ruche-cantalienne.durdu.fr\\\/\"},{\"@type\":\"ListItem\",\"position\":2,\"name\":\"Politique de confidentialit\u00e9\"}]},{\"@type\":\"WebSite\",\"@id\":\"https:\\\/\\\/www.ruche-cantalienne.durdu.fr\\\/#website\",\"url\":\"https:\\\/\\\/www.ruche-cantalienne.durdu.fr\\\/\",\"name\":\"La Ruche Cantalienne Chambres d'hotes des volcans d'Auvergne Cantal\",\"description\":\"Chambres D&#039;Hotes &quot;Cantal, Volcans d&#039;Auvergne&quot;\",\"publisher\":{\"@id\":\"https:\\\/\\\/www.ruche-cantalienne.durdu.fr\\\/#organization\"},\"potentialAction\":[{\"@type\":\"SearchAction\",\"target\":{\"@type\":\"EntryPoint\",\"urlTemplate\":\"https:\\\/\\\/www.ruche-cantalienne.durdu.fr\\\/?s={search_term_string}\"},\"query-input\":{\"@type\":\"PropertyValueSpecification\",\"valueRequired\":true,\"valueName\":\"search_term_string\"}}],\"inLanguage\":\"fr-FR\"},{\"@type\":\"Organization\",\"@id\":\"https:\\\/\\\/www.ruche-cantalienne.durdu.fr\\\/#organization\",\"name\":\"La Ruche Cantalienne\",\"url\":\"https:\\\/\\\/www.ruche-cantalienne.durdu.fr\\\/\",\"logo\":{\"@type\":\"ImageObject\",\"inLanguage\":\"fr-FR\",\"@id\":\"https:\\\/\\\/www.ruche-cantalienne.durdu.fr\\\/#\\\/schema\\\/logo\\\/image\\\/\",\"url\":\"https:\\\/\\\/i0.wp.com\\\/www.ruche-cantalienne.durdu.fr\\\/wp-content\\\/uploads\\\/2021\\\/04\\\/cropped-IMG_20210424_163146-scaled-e1619296500126.jpg?fit=1044%2C977&ssl=1\",\"contentUrl\":\"https:\\\/\\\/i0.wp.com\\\/www.ruche-cantalienne.durdu.fr\\\/wp-content\\\/uploads\\\/2021\\\/04\\\/cropped-IMG_20210424_163146-scaled-e1619296500126.jpg?fit=1044%2C977&ssl=1\",\"width\":1044,\"height\":977,\"caption\":\"La Ruche Cantalienne\"},\"image\":{\"@id\":\"https:\\\/\\\/www.ruche-cantalienne.durdu.fr\\\/#\\\/schema\\\/logo\\\/image\\\/\"},\"sameAs\":[\"https:\\\/\\\/www.facebook.com\\\/RucheCantalienne15400?locale=fr_FR\"]}]}<\/script>\n<!-- \/ Yoast SEO plugin. -->","yoast_head_json":{"title":"Politique de confidentialit\u00e9 - La Ruche Cantalienne","robots":{"index":"index","follow":"follow","max-snippet":"max-snippet:-1","max-image-preview":"max-image-preview:large","max-video-preview":"max-video-preview:-1"},"canonical":"https:\/\/www.ruche-cantalienne.durdu.fr\/index.php\/politique-de-confidentialite\/","og_locale":"fr_FR","og_type":"article","og_title":"Politique de confidentialit\u00e9 - La Ruche Cantalienne","og_url":"https:\/\/www.ruche-cantalienne.durdu.fr\/index.php\/politique-de-confidentialite\/","og_site_name":"La Ruche Cantalienne","article_publisher":"https:\/\/www.facebook.com\/RucheCantalienne15400?locale=fr_FR","article_modified_time":"2021-10-02T19:14:48+00:00","twitter_card":"summary_large_image","twitter_misc":{"Dur\u00e9e de lecture estim\u00e9e":"4 minutes"},"schema":{"@context":"https:\/\/schema.org","@graph":[{"@type":"WebPage","@id":"https:\/\/www.ruche-cantalienne.durdu.fr\/index.php\/politique-de-confidentialite\/","url":"https:\/\/www.ruche-cantalienne.durdu.fr\/index.php\/politique-de-confidentialite\/","name":"Politique de confidentialit\u00e9 - La Ruche Cantalienne","isPartOf":{"@id":"https:\/\/www.ruche-cantalienne.durdu.fr\/#website"},"datePublished":"2021-10-02T19:14:47+00:00","dateModified":"2021-10-02T19:14:48+00:00","breadcrumb":{"@id":"https:\/\/www.ruche-cantalienne.durdu.fr\/index.php\/politique-de-confidentialite\/#breadcrumb"},"inLanguage":"fr-FR","potentialAction":[{"@type":"ReadAction","target":["https:\/\/www.ruche-cantalienne.durdu.fr\/index.php\/politique-de-confidentialite\/"]}]},{"@type":"BreadcrumbList","@id":"https:\/\/www.ruche-cantalienne.durdu.fr\/index.php\/politique-de-confidentialite\/#breadcrumb","itemListElement":[{"@type":"ListItem","position":1,"name":"Accueil","item":"https:\/\/www.ruche-cantalienne.durdu.fr\/"},{"@type":"ListItem","position":2,"name":"Politique de confidentialit\u00e9"}]},{"@type":"WebSite","@id":"https:\/\/www.ruche-cantalienne.durdu.fr\/#website","url":"https:\/\/www.ruche-cantalienne.durdu.fr\/","name":"La Ruche Cantalienne Chambres d'hotes des volcans d'Auvergne Cantal","description":"Chambres D&#039;Hotes &quot;Cantal, Volcans d&#039;Auvergne&quot;","publisher":{"@id":"https:\/\/www.ruche-cantalienne.durdu.fr\/#organization"},"potentialAction":[{"@type":"SearchAction","target":{"@type":"EntryPoint","urlTemplate":"https:\/\/www.ruche-cantalienne.durdu.fr\/?s={search_term_string}"},"query-input":{"@type":"PropertyValueSpecification","valueRequired":true,"valueName":"search_term_string"}}],"inLanguage":"fr-FR"},{"@type":"Organization","@id":"https:\/\/www.ruche-cantalienne.durdu.fr\/#organization","name":"La Ruche Cantalienne","url":"https:\/\/www.ruche-cantalienne.durdu.fr\/","logo":{"@type":"ImageObject","inLanguage":"fr-FR","@id":"https:\/\/www.ruche-cantalienne.durdu.fr\/#\/schema\/logo\/image\/","url":"https:\/\/i0.wp.com\/www.ruche-cantalienne.durdu.fr\/wp-content\/uploads\/2021\/04\/cropped-IMG_20210424_163146-scaled-e1619296500126.jpg?fit=1044%2C977&ssl=1","contentUrl":"https:\/\/i0.wp.com\/www.ruche-cantalienne.durdu.fr\/wp-content\/uploads\/2021\/04\/cropped-IMG_20210424_163146-scaled-e1619296500126.jpg?fit=1044%2C977&ssl=1","width":1044,"height":977,"caption":"La Ruche Cantalienne"},"image":{"@id":"https:\/\/www.ruche-cantalienne.durdu.fr\/#\/schema\/logo\/image\/"},"sameAs":["https:\/\/www.facebook.com\/RucheCantalienne15400?locale=fr_FR"]}]}},"jetpack_shortlink":"https:\/\/wp.me\/P9Haz1-lE","jetpack-related-posts":[{"id":295,"url":"https:\/\/www.ruche-cantalienne.durdu.fr\/index.php\/page-du-livre-dor-pour-mettre-un-petit-commentaire-de-votre-sejour-chez-nous\/","url_meta":{"origin":1342,"position":0},"title":"Livre D&rsquo;or","author":"Mikael Durdu","date":"18 mars 2018","format":false,"excerpt":"","rel":"","context":"Article similaire","block_context":{"text":"Article similaire","link":""},"img":{"alt_text":"","src":"","width":0,"height":0},"classes":[]},{"id":1495,"url":"https:\/\/www.ruche-cantalienne.durdu.fr\/","url_meta":{"origin":1342,"position":1},"title":"Renseignements,Contactez Sandrine au 06 95\u2026","author":"Mikael Durdu","date":"20 mars 2022","format":false,"excerpt":"Renseignements,Contactez Sandrine au 06 95 23 69 16 \u00a0 Vous trouvez chez nous, Deux belles chambres\u00a0que nous avons am\u00e9nag\u00e9 pour votre confort. Le village appartient au Parc naturel r\u00e9gional des Volcans d\u2019Auvergne. \u00a0 \u00a0 Sandrine et Mika\u00ebl vous accueillent \u00e0 la Ruche Cantalienne,\u00a0\u00a0dans le village de Saint-\u00c9tienne-de-Chomeil qui se situe\u2026","rel":"","context":"Article similaire","block_context":{"text":"Article similaire","link":""},"img":{"alt_text":"H\u00e9bergement en chambres d'h\u00f4te \" Chambre Girly\" \u00e0 Saint \u00c9tienne de Chomeil dans le Cantal","src":"https:\/\/i0.wp.com\/www.ruche-cantalienne.durdu.fr\/wp-content\/uploads\/2022\/03\/girly.jpg?resize=350%2C200&ssl=1","width":350,"height":200},"classes":[]},{"id":1815,"url":"https:\/\/www.ruche-cantalienne.durdu.fr\/index.php\/livret-accueil\/","url_meta":{"origin":1342,"position":2},"title":"livret accueil","author":"Mikael Durdu","date":"18 octobre 2023","format":false,"excerpt":"Sandrine Code WiFi Code Porte Ext Petit D\u00e9jeuner H\u00e9bergement St \u00c9tienne Chomeil Sandrine 06 95 23 69 16 Durdu-Wifi-Pro MP: Hotes15400 Code Porte Entr\u00e9e 1540* \"Nous vous recommandons\", Pensez \u00e0 dire que vous s\u00e9journez \u00e0 la Ruche Cantalienne !!!! Saint\u00c9tiennedeChomeilGAEC LES FLEURS BIOViande - Cantal - Cantalbert- SalersLe Bavet,06 66\u2026","rel":"","context":"Article similaire","block_context":{"text":"Article similaire","link":""},"img":{"alt_text":"","src":"https:\/\/i0.wp.com\/www.ruche-cantalienne.durdu.fr\/wp-content\/uploads\/2018\/12\/IMG_2337.jpg?resize=350%2C200","width":350,"height":200,"srcset":"https:\/\/i0.wp.com\/www.ruche-cantalienne.durdu.fr\/wp-content\/uploads\/2018\/12\/IMG_2337.jpg?resize=350%2C200 1x, https:\/\/i0.wp.com\/www.ruche-cantalienne.durdu.fr\/wp-content\/uploads\/2018\/12\/IMG_2337.jpg?resize=525%2C300 1.5x, https:\/\/i0.wp.com\/www.ruche-cantalienne.durdu.fr\/wp-content\/uploads\/2018\/12\/IMG_2337.jpg?resize=700%2C400 2x, https:\/\/i0.wp.com\/www.ruche-cantalienne.durdu.fr\/wp-content\/uploads\/2018\/12\/IMG_2337.jpg?resize=1050%2C600 3x, https:\/\/i0.wp.com\/www.ruche-cantalienne.durdu.fr\/wp-content\/uploads\/2018\/12\/IMG_2337.jpg?resize=1400%2C800 4x"},"classes":[]},{"id":335,"url":"https:\/\/www.ruche-cantalienne.durdu.fr\/index.php\/visite-virtuelle\/chambre-miledy\/","url_meta":{"origin":1342,"position":3},"title":"Chambre Miledy","author":"Mikael Durdu","date":"18 mars 2018","format":false,"excerpt":"La chambre Miledy est disponible \u00e0 partir de 100 \u20ac. Vous trouverez dans cette chambre : Un plateau courtoisie qui vous permettra de savourer un bon th\u00e9, un caf\u00e9 ou une infusion, d\u00e8s que vous en aurez envie. Un lit pour deux personnes de 180 x 200 cm avec une\u2026","rel":"","context":"Article similaire","block_context":{"text":"Article similaire","link":""},"img":{"alt_text":"","src":"https:\/\/i0.wp.com\/www.ruche-cantalienne.durdu.fr\/wp-content\/uploads\/2018\/12\/IMG_2337.jpg?resize=350%2C200","width":350,"height":200,"srcset":"https:\/\/i0.wp.com\/www.ruche-cantalienne.durdu.fr\/wp-content\/uploads\/2018\/12\/IMG_2337.jpg?resize=350%2C200 1x, https:\/\/i0.wp.com\/www.ruche-cantalienne.durdu.fr\/wp-content\/uploads\/2018\/12\/IMG_2337.jpg?resize=525%2C300 1.5x, https:\/\/i0.wp.com\/www.ruche-cantalienne.durdu.fr\/wp-content\/uploads\/2018\/12\/IMG_2337.jpg?resize=700%2C400 2x, https:\/\/i0.wp.com\/www.ruche-cantalienne.durdu.fr\/wp-content\/uploads\/2018\/12\/IMG_2337.jpg?resize=1050%2C600 3x, https:\/\/i0.wp.com\/www.ruche-cantalienne.durdu.fr\/wp-content\/uploads\/2018\/12\/IMG_2337.jpg?resize=1400%2C800 4x"},"classes":[]},{"id":490,"url":"https:\/\/www.ruche-cantalienne.durdu.fr\/index.php\/petit-dejeuner\/","url_meta":{"origin":1342,"position":4},"title":"Petit-d\u00e9jeuner","author":"Sandrine Durdu","date":"4 juin 2018","format":false,"excerpt":"Nous vous servirons un petit d\u00e9jeuner copieux rempli de gourmandises comme des confitures maison,\u00a0 du miel de notre producteur local, des yaourts et fromage blanc du producteur du village,\u00a0 du pain frais, brioche maison,\u00a0 jus d'orange frais,\u00a0 mais aussi des boissons comme du lait, du caf\u00e9, du th\u00e9, du chocolat\u2026","rel":"","context":"Article similaire","block_context":{"text":"Article similaire","link":""},"img":{"alt_text":"","src":"https:\/\/i0.wp.com\/www.ruche-cantalienne.durdu.fr\/wp-content\/uploads\/2018\/12\/DSC_0530.jpg?resize=350%2C200&ssl=1","width":350,"height":200,"srcset":"https:\/\/i0.wp.com\/www.ruche-cantalienne.durdu.fr\/wp-content\/uploads\/2018\/12\/DSC_0530.jpg?resize=350%2C200&ssl=1 1x, https:\/\/i0.wp.com\/www.ruche-cantalienne.durdu.fr\/wp-content\/uploads\/2018\/12\/DSC_0530.jpg?resize=525%2C300&ssl=1 1.5x, https:\/\/i0.wp.com\/www.ruche-cantalienne.durdu.fr\/wp-content\/uploads\/2018\/12\/DSC_0530.jpg?resize=700%2C400&ssl=1 2x, https:\/\/i0.wp.com\/www.ruche-cantalienne.durdu.fr\/wp-content\/uploads\/2018\/12\/DSC_0530.jpg?resize=1050%2C600&ssl=1 3x, https:\/\/i0.wp.com\/www.ruche-cantalienne.durdu.fr\/wp-content\/uploads\/2018\/12\/DSC_0530.jpg?resize=1400%2C800&ssl=1 4x"},"classes":[]},{"id":337,"url":"https:\/\/www.ruche-cantalienne.durdu.fr\/index.php\/visite-virtuelle\/chambre-girly-chambre-dhotes-cantal-15-la-ruche-cantalienne\/","url_meta":{"origin":1342,"position":5},"title":"Chambre Girly \u2013 Chambre d&rsquo;h\u00f4tes Cantal (15) | La Ruche Cantalienne","author":"Mikael Durdu","date":"18 mars 2018","format":false,"excerpt":"La chambre GIRLY est disponible \u00e0 partir de 100 \u20ac. Vous trouverez dans cette chambre :\u00a0 Un lit pour deux personnes de 180 x 200 cm avec une literie de tr\u00e8s bonne qualit\u00e9 Un canap\u00e9 convertible de 130 x 180 cm avec\u00a0une literie de tr\u00e8s bonne qualit\u00e9. La salle d'eau\u2026","rel":"","context":"Article similaire","block_context":{"text":"Article similaire","link":""},"img":{"alt_text":"","src":"https:\/\/i0.wp.com\/www.ruche-cantalienne.durdu.fr\/wp-content\/uploads\/2018\/06\/IMG_1603.jpg?resize=350%2C200","width":350,"height":200,"srcset":"https:\/\/i0.wp.com\/www.ruche-cantalienne.durdu.fr\/wp-content\/uploads\/2018\/06\/IMG_1603.jpg?resize=350%2C200 1x, https:\/\/i0.wp.com\/www.ruche-cantalienne.durdu.fr\/wp-content\/uploads\/2018\/06\/IMG_1603.jpg?resize=525%2C300 1.5x, https:\/\/i0.wp.com\/www.ruche-cantalienne.durdu.fr\/wp-content\/uploads\/2018\/06\/IMG_1603.jpg?resize=700%2C400 2x, https:\/\/i0.wp.com\/www.ruche-cantalienne.durdu.fr\/wp-content\/uploads\/2018\/06\/IMG_1603.jpg?resize=1050%2C600 3x, https:\/\/i0.wp.com\/www.ruche-cantalienne.durdu.fr\/wp-content\/uploads\/2018\/06\/IMG_1603.jpg?resize=1400%2C800 4x"},"classes":[]}],"jetpack_sharing_enabled":true,"_links":{"self":[{"href":"https:\/\/www.ruche-cantalienne.durdu.fr\/index.php\/wp-json\/wp\/v2\/pages\/1342","targetHints":{"allow":["GET"]}}],"collection":[{"href":"https:\/\/www.ruche-cantalienne.durdu.fr\/index.php\/wp-json\/wp\/v2\/pages"}],"about":[{"href":"https:\/\/www.ruche-cantalienne.durdu.fr\/index.php\/wp-json\/wp\/v2\/types\/page"}],"author":[{"embeddable":true,"href":"https:\/\/www.ruche-cantalienne.durdu.fr\/index.php\/wp-json\/wp\/v2\/users\/2"}],"replies":[{"embeddable":true,"href":"https:\/\/www.ruche-cantalienne.durdu.fr\/index.php\/wp-json\/wp\/v2\/comments?post=1342"}],"version-history":[{"count":1,"href":"https:\/\/www.ruche-cantalienne.durdu.fr\/index.php\/wp-json\/wp\/v2\/pages\/1342\/revisions"}],"predecessor-version":[{"id":1343,"href":"https:\/\/www.ruche-cantalienne.durdu.fr\/index.php\/wp-json\/wp\/v2\/pages\/1342\/revisions\/1343"}],"wp:attachment":[{"href":"https:\/\/www.ruche-cantalienne.durdu.fr\/index.php\/wp-json\/wp\/v2\/media?parent=1342"}],"curies":[{"name":"wp","href":"https:\/\/api.w.org\/{rel}","templated":true}]}}