{"id":105,"date":"2018-02-25T19:11:59","date_gmt":"2018-02-25T18:11:59","guid":{"rendered":"http:\/\/www.ruche-cantalienne.durdu.fr\/?page_id=105"},"modified":"2018-07-09T11:43:38","modified_gmt":"2018-07-09T09:43:38","slug":"visite-virtuelle","status":"publish","type":"page","link":"https:\/\/www.ruche-cantalienne.durdu.fr\/index.php\/visite-virtuelle\/","title":{"rendered":"Visite en video"},"content":{"rendered":"<p><iframe loading=\"lazy\" src=\"\/\/www.youtube.com\/embed\/dmSBtZniGqE\" width=\"560\" height=\"314\" allowfullscreen=\"allowfullscreen\"><\/iframe><\/p>\n","protected":false},"excerpt":{"rendered":"","protected":false},"author":2,"featured_media":0,"parent":0,"menu_order":0,"comment_status":"closed","ping_status":"closed","template":"","meta":{"_exactmetrics_skip_tracking":false,"_exactmetrics_sitenote_active":false,"_exactmetrics_sitenote_note":"","_exactmetrics_sitenote_category":0,"_uf_show_specific_survey":0,"_uf_disable_surveys":false,"jetpack_post_was_ever_published":false,"footnotes":""},"class_list":["post-105","page","type-page","status-publish","hentry"],"yoast_head":"<!-- This site is optimized with the Yoast SEO plugin v27.5 - https:\/\/yoast.com\/product\/yoast-seo-wordpress\/ -->\n<title>Visite en video - La Ruche Cantalienne<\/title>\n<meta name=\"robots\" content=\"index, follow, max-snippet:-1, max-image-preview:large, max-video-preview:-1\" \/>\n<link rel=\"canonical\" href=\"https:\/\/www.ruche-cantalienne.durdu.fr\/index.php\/visite-virtuelle\/\" \/>\n<meta property=\"og:locale\" content=\"fr_FR\" \/>\n<meta property=\"og:type\" content=\"article\" \/>\n<meta property=\"og:title\" content=\"Visite en video - La Ruche Cantalienne\" \/>\n<meta property=\"og:url\" content=\"https:\/\/www.ruche-cantalienne.durdu.fr\/index.php\/visite-virtuelle\/\" \/>\n<meta property=\"og:site_name\" content=\"La Ruche Cantalienne\" \/>\n<meta property=\"article:publisher\" content=\"https:\/\/www.facebook.com\/RucheCantalienne15400?locale=fr_FR\" \/>\n<meta property=\"article:modified_time\" content=\"2018-07-09T09:43:38+00:00\" \/>\n<meta name=\"twitter:card\" content=\"summary_large_image\" \/>\n<script type=\"application\/ld+json\" class=\"yoast-schema-graph\">{\"@context\":\"https:\\\/\\\/schema.org\",\"@graph\":[{\"@type\":\"WebPage\",\"@id\":\"https:\\\/\\\/www.ruche-cantalienne.durdu.fr\\\/index.php\\\/visite-virtuelle\\\/\",\"url\":\"https:\\\/\\\/www.ruche-cantalienne.durdu.fr\\\/index.php\\\/visite-virtuelle\\\/\",\"name\":\"Visite en video - La Ruche Cantalienne\",\"isPartOf\":{\"@id\":\"https:\\\/\\\/www.ruche-cantalienne.durdu.fr\\\/#website\"},\"datePublished\":\"2018-02-25T18:11:59+00:00\",\"dateModified\":\"2018-07-09T09:43:38+00:00\",\"breadcrumb\":{\"@id\":\"https:\\\/\\\/www.ruche-cantalienne.durdu.fr\\\/index.php\\\/visite-virtuelle\\\/#breadcrumb\"},\"inLanguage\":\"fr-FR\",\"potentialAction\":[{\"@type\":\"ReadAction\",\"target\":[\"https:\\\/\\\/www.ruche-cantalienne.durdu.fr\\\/index.php\\\/visite-virtuelle\\\/\"]}]},{\"@type\":\"BreadcrumbList\",\"@id\":\"https:\\\/\\\/www.ruche-cantalienne.durdu.fr\\\/index.php\\\/visite-virtuelle\\\/#breadcrumb\",\"itemListElement\":[{\"@type\":\"ListItem\",\"position\":1,\"name\":\"Accueil\",\"item\":\"https:\\\/\\\/www.ruche-cantalienne.durdu.fr\\\/\"},{\"@type\":\"ListItem\",\"position\":2,\"name\":\"Visite en video\"}]},{\"@type\":\"WebSite\",\"@id\":\"https:\\\/\\\/www.ruche-cantalienne.durdu.fr\\\/#website\",\"url\":\"https:\\\/\\\/www.ruche-cantalienne.durdu.fr\\\/\",\"name\":\"La Ruche Cantalienne Chambres d'hotes des volcans d'Auvergne Cantal\",\"description\":\"Chambres D&#039;Hotes &quot;Cantal, Volcans d&#039;Auvergne&quot;\",\"publisher\":{\"@id\":\"https:\\\/\\\/www.ruche-cantalienne.durdu.fr\\\/#organization\"},\"potentialAction\":[{\"@type\":\"SearchAction\",\"target\":{\"@type\":\"EntryPoint\",\"urlTemplate\":\"https:\\\/\\\/www.ruche-cantalienne.durdu.fr\\\/?s={search_term_string}\"},\"query-input\":{\"@type\":\"PropertyValueSpecification\",\"valueRequired\":true,\"valueName\":\"search_term_string\"}}],\"inLanguage\":\"fr-FR\"},{\"@type\":\"Organization\",\"@id\":\"https:\\\/\\\/www.ruche-cantalienne.durdu.fr\\\/#organization\",\"name\":\"La Ruche Cantalienne\",\"url\":\"https:\\\/\\\/www.ruche-cantalienne.durdu.fr\\\/\",\"logo\":{\"@type\":\"ImageObject\",\"inLanguage\":\"fr-FR\",\"@id\":\"https:\\\/\\\/www.ruche-cantalienne.durdu.fr\\\/#\\\/schema\\\/logo\\\/image\\\/\",\"url\":\"https:\\\/\\\/i0.wp.com\\\/www.ruche-cantalienne.durdu.fr\\\/wp-content\\\/uploads\\\/2021\\\/04\\\/cropped-IMG_20210424_163146-scaled-e1619296500126.jpg?fit=1044%2C977&ssl=1\",\"contentUrl\":\"https:\\\/\\\/i0.wp.com\\\/www.ruche-cantalienne.durdu.fr\\\/wp-content\\\/uploads\\\/2021\\\/04\\\/cropped-IMG_20210424_163146-scaled-e1619296500126.jpg?fit=1044%2C977&ssl=1\",\"width\":1044,\"height\":977,\"caption\":\"La Ruche Cantalienne\"},\"image\":{\"@id\":\"https:\\\/\\\/www.ruche-cantalienne.durdu.fr\\\/#\\\/schema\\\/logo\\\/image\\\/\"},\"sameAs\":[\"https:\\\/\\\/www.facebook.com\\\/RucheCantalienne15400?locale=fr_FR\"]}]}<\/script>\n<!-- \/ Yoast SEO plugin. -->","yoast_head_json":{"title":"Visite en video - La Ruche Cantalienne","robots":{"index":"index","follow":"follow","max-snippet":"max-snippet:-1","max-image-preview":"max-image-preview:large","max-video-preview":"max-video-preview:-1"},"canonical":"https:\/\/www.ruche-cantalienne.durdu.fr\/index.php\/visite-virtuelle\/","og_locale":"fr_FR","og_type":"article","og_title":"Visite en video - La Ruche Cantalienne","og_url":"https:\/\/www.ruche-cantalienne.durdu.fr\/index.php\/visite-virtuelle\/","og_site_name":"La Ruche Cantalienne","article_publisher":"https:\/\/www.facebook.com\/RucheCantalienne15400?locale=fr_FR","article_modified_time":"2018-07-09T09:43:38+00:00","twitter_card":"summary_large_image","schema":{"@context":"https:\/\/schema.org","@graph":[{"@type":"WebPage","@id":"https:\/\/www.ruche-cantalienne.durdu.fr\/index.php\/visite-virtuelle\/","url":"https:\/\/www.ruche-cantalienne.durdu.fr\/index.php\/visite-virtuelle\/","name":"Visite en video - La Ruche Cantalienne","isPartOf":{"@id":"https:\/\/www.ruche-cantalienne.durdu.fr\/#website"},"datePublished":"2018-02-25T18:11:59+00:00","dateModified":"2018-07-09T09:43:38+00:00","breadcrumb":{"@id":"https:\/\/www.ruche-cantalienne.durdu.fr\/index.php\/visite-virtuelle\/#breadcrumb"},"inLanguage":"fr-FR","potentialAction":[{"@type":"ReadAction","target":["https:\/\/www.ruche-cantalienne.durdu.fr\/index.php\/visite-virtuelle\/"]}]},{"@type":"BreadcrumbList","@id":"https:\/\/www.ruche-cantalienne.durdu.fr\/index.php\/visite-virtuelle\/#breadcrumb","itemListElement":[{"@type":"ListItem","position":1,"name":"Accueil","item":"https:\/\/www.ruche-cantalienne.durdu.fr\/"},{"@type":"ListItem","position":2,"name":"Visite en video"}]},{"@type":"WebSite","@id":"https:\/\/www.ruche-cantalienne.durdu.fr\/#website","url":"https:\/\/www.ruche-cantalienne.durdu.fr\/","name":"La Ruche Cantalienne Chambres d'hotes des volcans d'Auvergne Cantal","description":"Chambres D&#039;Hotes &quot;Cantal, Volcans d&#039;Auvergne&quot;","publisher":{"@id":"https:\/\/www.ruche-cantalienne.durdu.fr\/#organization"},"potentialAction":[{"@type":"SearchAction","target":{"@type":"EntryPoint","urlTemplate":"https:\/\/www.ruche-cantalienne.durdu.fr\/?s={search_term_string}"},"query-input":{"@type":"PropertyValueSpecification","valueRequired":true,"valueName":"search_term_string"}}],"inLanguage":"fr-FR"},{"@type":"Organization","@id":"https:\/\/www.ruche-cantalienne.durdu.fr\/#organization","name":"La Ruche Cantalienne","url":"https:\/\/www.ruche-cantalienne.durdu.fr\/","logo":{"@type":"ImageObject","inLanguage":"fr-FR","@id":"https:\/\/www.ruche-cantalienne.durdu.fr\/#\/schema\/logo\/image\/","url":"https:\/\/i0.wp.com\/www.ruche-cantalienne.durdu.fr\/wp-content\/uploads\/2021\/04\/cropped-IMG_20210424_163146-scaled-e1619296500126.jpg?fit=1044%2C977&ssl=1","contentUrl":"https:\/\/i0.wp.com\/www.ruche-cantalienne.durdu.fr\/wp-content\/uploads\/2021\/04\/cropped-IMG_20210424_163146-scaled-e1619296500126.jpg?fit=1044%2C977&ssl=1","width":1044,"height":977,"caption":"La Ruche Cantalienne"},"image":{"@id":"https:\/\/www.ruche-cantalienne.durdu.fr\/#\/schema\/logo\/image\/"},"sameAs":["https:\/\/www.facebook.com\/RucheCantalienne15400?locale=fr_FR"]}]}},"jetpack_shortlink":"https:\/\/wp.me\/P9Haz1-1H","jetpack-related-posts":[{"id":335,"url":"https:\/\/www.ruche-cantalienne.durdu.fr\/index.php\/visite-virtuelle\/chambre-miledy\/","url_meta":{"origin":105,"position":0},"title":"Chambre Miledy","author":"Mikael Durdu","date":"18 mars 2018","format":false,"excerpt":"La chambre Miledy est disponible \u00e0 partir de 100 \u20ac. Vous trouverez dans cette chambre : Un plateau courtoisie qui vous permettra de savourer un bon th\u00e9, un caf\u00e9 ou une infusion, d\u00e8s que vous en aurez envie. Un lit pour deux personnes de 180 x 200 cm avec une\u2026","rel":"","context":"Article similaire","block_context":{"text":"Article similaire","link":""},"img":{"alt_text":"","src":"https:\/\/i0.wp.com\/www.ruche-cantalienne.durdu.fr\/wp-content\/uploads\/2018\/12\/IMG_2337.jpg?resize=350%2C200","width":350,"height":200,"srcset":"https:\/\/i0.wp.com\/www.ruche-cantalienne.durdu.fr\/wp-content\/uploads\/2018\/12\/IMG_2337.jpg?resize=350%2C200 1x, https:\/\/i0.wp.com\/www.ruche-cantalienne.durdu.fr\/wp-content\/uploads\/2018\/12\/IMG_2337.jpg?resize=525%2C300 1.5x, https:\/\/i0.wp.com\/www.ruche-cantalienne.durdu.fr\/wp-content\/uploads\/2018\/12\/IMG_2337.jpg?resize=700%2C400 2x, https:\/\/i0.wp.com\/www.ruche-cantalienne.durdu.fr\/wp-content\/uploads\/2018\/12\/IMG_2337.jpg?resize=1050%2C600 3x, https:\/\/i0.wp.com\/www.ruche-cantalienne.durdu.fr\/wp-content\/uploads\/2018\/12\/IMG_2337.jpg?resize=1400%2C800 4x"},"classes":[]},{"id":339,"url":"https:\/\/www.ruche-cantalienne.durdu.fr\/index.php\/visite-virtuelle\/chambre-babyblue\/","url_meta":{"origin":105,"position":1},"title":"Appartement Babyblue","author":"Mikael Durdu","date":"18 mars 2018","format":false,"excerpt":"R\u00e9servation par t\u00e9l\u00e9phone uniquement Sandrine au 06 95 23 69 16","rel":"","context":"Article similaire","block_context":{"text":"Article similaire","link":""},"img":{"alt_text":"Chambre Appartement","src":"https:\/\/i0.wp.com\/www.ruche-cantalienne.durdu.fr\/wp-content\/uploads\/2022\/03\/appartement4.jpg?resize=350%2C200&ssl=1","width":350,"height":200,"srcset":"https:\/\/i0.wp.com\/www.ruche-cantalienne.durdu.fr\/wp-content\/uploads\/2022\/03\/appartement4.jpg?resize=350%2C200&ssl=1 1x, https:\/\/i0.wp.com\/www.ruche-cantalienne.durdu.fr\/wp-content\/uploads\/2022\/03\/appartement4.jpg?resize=525%2C300&ssl=1 1.5x"},"classes":[]},{"id":337,"url":"https:\/\/www.ruche-cantalienne.durdu.fr\/index.php\/visite-virtuelle\/chambre-girly-chambre-dhotes-cantal-15-la-ruche-cantalienne\/","url_meta":{"origin":105,"position":2},"title":"Chambre Girly \u2013 Chambre d&rsquo;h\u00f4tes Cantal (15) | La Ruche Cantalienne","author":"Mikael Durdu","date":"18 mars 2018","format":false,"excerpt":"La chambre GIRLY est disponible \u00e0 partir de 100 \u20ac. Vous trouverez dans cette chambre :\u00a0 Un lit pour deux personnes de 180 x 200 cm avec une literie de tr\u00e8s bonne qualit\u00e9 Un canap\u00e9 convertible de 130 x 180 cm avec\u00a0une literie de tr\u00e8s bonne qualit\u00e9. La salle d'eau\u2026","rel":"","context":"Article similaire","block_context":{"text":"Article similaire","link":""},"img":{"alt_text":"","src":"https:\/\/i0.wp.com\/www.ruche-cantalienne.durdu.fr\/wp-content\/uploads\/2018\/06\/IMG_1603.jpg?resize=350%2C200","width":350,"height":200,"srcset":"https:\/\/i0.wp.com\/www.ruche-cantalienne.durdu.fr\/wp-content\/uploads\/2018\/06\/IMG_1603.jpg?resize=350%2C200 1x, https:\/\/i0.wp.com\/www.ruche-cantalienne.durdu.fr\/wp-content\/uploads\/2018\/06\/IMG_1603.jpg?resize=525%2C300 1.5x, https:\/\/i0.wp.com\/www.ruche-cantalienne.durdu.fr\/wp-content\/uploads\/2018\/06\/IMG_1603.jpg?resize=700%2C400 2x, https:\/\/i0.wp.com\/www.ruche-cantalienne.durdu.fr\/wp-content\/uploads\/2018\/06\/IMG_1603.jpg?resize=1050%2C600 3x, https:\/\/i0.wp.com\/www.ruche-cantalienne.durdu.fr\/wp-content\/uploads\/2018\/06\/IMG_1603.jpg?resize=1400%2C800 4x"},"classes":[]},{"id":1495,"url":"https:\/\/www.ruche-cantalienne.durdu.fr\/","url_meta":{"origin":105,"position":3},"title":"Renseignements,Contactez Sandrine au 06 95\u2026","author":"Mikael Durdu","date":"20 mars 2022","format":false,"excerpt":"Renseignements,Contactez Sandrine au 06 95 23 69 16 \u00a0 Vous trouvez chez nous, Deux belles chambres\u00a0que nous avons am\u00e9nag\u00e9 pour votre confort. Le village appartient au Parc naturel r\u00e9gional des Volcans d\u2019Auvergne. \u00a0 \u00a0 Sandrine et Mika\u00ebl vous accueillent \u00e0 la Ruche Cantalienne,\u00a0\u00a0dans le village de Saint-\u00c9tienne-de-Chomeil qui se situe\u2026","rel":"","context":"Article similaire","block_context":{"text":"Article similaire","link":""},"img":{"alt_text":"H\u00e9bergement en chambres d'h\u00f4te \" Chambre Girly\" \u00e0 Saint \u00c9tienne de Chomeil dans le Cantal","src":"https:\/\/i0.wp.com\/www.ruche-cantalienne.durdu.fr\/wp-content\/uploads\/2022\/03\/girly.jpg?resize=350%2C200&ssl=1","width":350,"height":200},"classes":[]},{"id":1342,"url":"https:\/\/www.ruche-cantalienne.durdu.fr\/index.php\/politique-de-confidentialite\/","url_meta":{"origin":105,"position":4},"title":"Politique de confidentialit\u00e9","author":"Mikael Durdu","date":"2 octobre 2021","format":false,"excerpt":"Commentaires Quand vous laissez un commentaire sur notre site, les donn\u00e9es inscrites dans le formulaire de commentaire, mais aussi votre adresse IP et l\u2019agent utilisateur de votre navigateur sont collect\u00e9s pour nous aider \u00e0 la d\u00e9tection des commentaires ind\u00e9sirables. Une cha\u00eene anonymis\u00e9e cr\u00e9\u00e9e \u00e0 partir de votre adresse e-mail (\u00e9galement\u2026","rel":"","context":"Article similaire","block_context":{"text":"Article similaire","link":""},"img":{"alt_text":"","src":"","width":0,"height":0},"classes":[]},{"id":490,"url":"https:\/\/www.ruche-cantalienne.durdu.fr\/index.php\/petit-dejeuner\/","url_meta":{"origin":105,"position":5},"title":"Petit-d\u00e9jeuner","author":"Sandrine Durdu","date":"4 juin 2018","format":false,"excerpt":"Nous vous servirons un petit d\u00e9jeuner copieux rempli de gourmandises comme des confitures maison,\u00a0 du miel de notre producteur local, des yaourts et fromage blanc du producteur du village,\u00a0 du pain frais, brioche maison,\u00a0 jus d'orange frais,\u00a0 mais aussi des boissons comme du lait, du caf\u00e9, du th\u00e9, du chocolat\u2026","rel":"","context":"Article similaire","block_context":{"text":"Article similaire","link":""},"img":{"alt_text":"","src":"https:\/\/i0.wp.com\/www.ruche-cantalienne.durdu.fr\/wp-content\/uploads\/2018\/12\/DSC_0530.jpg?resize=350%2C200&ssl=1","width":350,"height":200,"srcset":"https:\/\/i0.wp.com\/www.ruche-cantalienne.durdu.fr\/wp-content\/uploads\/2018\/12\/DSC_0530.jpg?resize=350%2C200&ssl=1 1x, https:\/\/i0.wp.com\/www.ruche-cantalienne.durdu.fr\/wp-content\/uploads\/2018\/12\/DSC_0530.jpg?resize=525%2C300&ssl=1 1.5x, https:\/\/i0.wp.com\/www.ruche-cantalienne.durdu.fr\/wp-content\/uploads\/2018\/12\/DSC_0530.jpg?resize=700%2C400&ssl=1 2x, https:\/\/i0.wp.com\/www.ruche-cantalienne.durdu.fr\/wp-content\/uploads\/2018\/12\/DSC_0530.jpg?resize=1050%2C600&ssl=1 3x, https:\/\/i0.wp.com\/www.ruche-cantalienne.durdu.fr\/wp-content\/uploads\/2018\/12\/DSC_0530.jpg?resize=1400%2C800&ssl=1 4x"},"classes":[]}],"jetpack_sharing_enabled":true,"_links":{"self":[{"href":"https:\/\/www.ruche-cantalienne.durdu.fr\/index.php\/wp-json\/wp\/v2\/pages\/105","targetHints":{"allow":["GET"]}}],"collection":[{"href":"https:\/\/www.ruche-cantalienne.durdu.fr\/index.php\/wp-json\/wp\/v2\/pages"}],"about":[{"href":"https:\/\/www.ruche-cantalienne.durdu.fr\/index.php\/wp-json\/wp\/v2\/types\/page"}],"author":[{"embeddable":true,"href":"https:\/\/www.ruche-cantalienne.durdu.fr\/index.php\/wp-json\/wp\/v2\/users\/2"}],"replies":[{"embeddable":true,"href":"https:\/\/www.ruche-cantalienne.durdu.fr\/index.php\/wp-json\/wp\/v2\/comments?post=105"}],"version-history":[{"count":2,"href":"https:\/\/www.ruche-cantalienne.durdu.fr\/index.php\/wp-json\/wp\/v2\/pages\/105\/revisions"}],"predecessor-version":[{"id":627,"href":"https:\/\/www.ruche-cantalienne.durdu.fr\/index.php\/wp-json\/wp\/v2\/pages\/105\/revisions\/627"}],"wp:attachment":[{"href":"https:\/\/www.ruche-cantalienne.durdu.fr\/index.php\/wp-json\/wp\/v2\/media?parent=105"}],"curies":[{"name":"wp","href":"https:\/\/api.w.org\/{rel}","templated":true}]}}